{"id":4992,"date":"2023-02-10T09:17:22","date_gmt":"2023-02-10T09:17:22","guid":{"rendered":"https:\/\/monachilsierranevadaturismo.es\/en\/?page_id=4992"},"modified":"2023-02-10T09:30:44","modified_gmt":"2023-02-10T09:30:44","slug":"andres-urena-renowned-national-and-international-nature-photographer","status":"publish","type":"page","link":"https:\/\/monachilsierranevadaturismo.es\/en\/andres-urena-renowned-national-and-international-nature-photographer\/","title":{"rendered":"Andr\u00e9s Ure\u00f1a"},"content":{"rendered":"\t\t<div data-elementor-type=\"wp-page\" data-elementor-id=\"4992\" class=\"elementor elementor-4992\" data-elementor-post-type=\"page\">\n\t\t\t\t\t\t<section class=\"elementor-section elementor-top-section elementor-element elementor-element-5d19d65 elementor-section-boxed elementor-section-height-default elementor-section-height-default\" data-id=\"5d19d65\" data-element_type=\"section\">\n\t\t\t\t\t\t<div class=\"elementor-container elementor-column-gap-default\">\n\t\t\t\t\t<div class=\"elementor-column elementor-col-100 elementor-top-column elementor-element elementor-element-4868a5aa\" data-id=\"4868a5aa\" data-element_type=\"column\">\n\t\t\t<div class=\"elementor-widget-wrap elementor-element-populated\">\n\t\t\t\t\t\t<div class=\"elementor-element elementor-element-c4c27fa elementor-widget elementor-widget-heading\" data-id=\"c4c27fa\" data-element_type=\"widget\" data-widget_type=\"heading.default\">\n\t\t\t\t<div class=\"elementor-widget-container\">\n\t\t\t\t\t<h1 class=\"elementor-heading-title elementor-size-default\">Andr\u00e9s Ure\u00f1a<\/h1>\t\t\t\t<\/div>\n\t\t\t\t<\/div>\n\t\t\t\t<div class=\"elementor-element elementor-element-5a64f3ad elementor-widget elementor-widget-text-editor\" data-id=\"5a64f3ad\" data-element_type=\"widget\" data-widget_type=\"text-editor.default\">\n\t\t\t\t<div class=\"elementor-widget-container\">\n\t\t\t\t\t\t\t\t\t<p>We are fortunate to have a neighbor as the renowned photographer Andr\u00e9s Ure\u00f1a. Passionate about photography and mountain climbing, he travels our lands taking wonderfull snapshots that allow us to visualize and transmit what nature really teaches us. His photographs are exhibited in provincial, national and international exhibitions.<\/p>\t\t\t\t\t\t\t\t<\/div>\n\t\t\t\t<\/div>\n\t\t\t\t\t<\/div>\n\t\t<\/div>\n\t\t\t\t\t<\/div>\n\t\t<\/section>\n\t\t\t\t<section class=\"elementor-section elementor-top-section elementor-element elementor-element-25f4dc3f elementor-section-boxed elementor-section-height-default elementor-section-height-default\" data-id=\"25f4dc3f\" data-element_type=\"section\">\n\t\t\t\t\t\t<div class=\"elementor-container elementor-column-gap-default\">\n\t\t\t\t\t<div class=\"elementor-column elementor-col-33 elementor-top-column elementor-element elementor-element-44509cf6\" data-id=\"44509cf6\" data-element_type=\"column\">\n\t\t\t<div class=\"elementor-widget-wrap elementor-element-populated\">\n\t\t\t\t\t\t<div class=\"elementor-element elementor-element-794fb095 elementor-widget elementor-widget-image\" data-id=\"794fb095\" data-element_type=\"widget\" data-widget_type=\"image.default\">\n\t\t\t\t<div class=\"elementor-widget-container\">\n\t\t\t\t\t\t\t\t\t\t\t\t\t\t\t\t<a href=\"http:\/\/monachilsierranevadaturismo.es\/en\/wp-content\/uploads\/2023\/02\/trevenq-nevado-scaled-1.jpg\" data-elementor-open-lightbox=\"yes\" data-elementor-lightbox-title=\"trevenq-nevado-scaled.jpg\" data-e-action-hash=\"#elementor-action%3Aaction%3Dlightbox%26settings%3DeyJpZCI6IjQ5OTUiLCJ1cmwiOiJodHRwczpcL1wvbW9uYWNoaWxzaWVycmFuZXZhZGF0dXJpc21vLmVzXC9lblwvd3AtY29udGVudFwvdXBsb2Fkc1wvMjAyM1wvMDJcL3RyZXZlbnEtbmV2YWRvLXNjYWxlZC0xLmpwZyJ9\">\n\t\t\t\t\t\t\t<img fetchpriority=\"high\" decoding=\"async\" width=\"750\" height=\"501\" src=\"https:\/\/monachilsierranevadaturismo.es\/en\/wp-content\/uploads\/2023\/02\/trevenq-nevado-scaled-1-768x513.jpg\" class=\"attachment-medium_large size-medium_large wp-image-4995\" alt=\"\" srcset=\"https:\/\/monachilsierranevadaturismo.es\/en\/wp-content\/uploads\/2023\/02\/trevenq-nevado-scaled-1-768x513.jpg 768w, https:\/\/monachilsierranevadaturismo.es\/en\/wp-content\/uploads\/2023\/02\/trevenq-nevado-scaled-1-300x200.jpg 300w, https:\/\/monachilsierranevadaturismo.es\/en\/wp-content\/uploads\/2023\/02\/trevenq-nevado-scaled-1-1024x684.jpg 1024w, https:\/\/monachilsierranevadaturismo.es\/en\/wp-content\/uploads\/2023\/02\/trevenq-nevado-scaled-1-1536x1025.jpg 1536w, https:\/\/monachilsierranevadaturismo.es\/en\/wp-content\/uploads\/2023\/02\/trevenq-nevado-scaled-1-2048x1367.jpg 2048w, https:\/\/monachilsierranevadaturismo.es\/en\/wp-content\/uploads\/2023\/02\/trevenq-nevado-scaled-1-1568x1047.jpg 1568w\" sizes=\"(max-width: 750px) 100vw, 750px\" style=\"width:100%;height:66.76%;max-width:2560px\" \/>\t\t\t\t\t\t\t\t<\/a>\n\t\t\t\t\t\t\t\t\t\t\t\t\t\t\t<\/div>\n\t\t\t\t<\/div>\n\t\t\t\t\t<\/div>\n\t\t<\/div>\n\t\t\t\t<div class=\"elementor-column elementor-col-33 elementor-top-column elementor-element elementor-element-1a1337bb\" data-id=\"1a1337bb\" data-element_type=\"column\">\n\t\t\t<div class=\"elementor-widget-wrap elementor-element-populated\">\n\t\t\t\t\t\t<div class=\"elementor-element elementor-element-766ee99f elementor-widget elementor-widget-image\" data-id=\"766ee99f\" data-element_type=\"widget\" data-widget_type=\"image.default\">\n\t\t\t\t<div class=\"elementor-widget-container\">\n\t\t\t\t\t\t\t\t\t\t\t\t\t\t\t\t<a href=\"http:\/\/monachilsierranevadaturismo.es\/en\/wp-content\/uploads\/2023\/02\/puente2-scaled-1.jpg\" data-elementor-open-lightbox=\"yes\" data-elementor-lightbox-title=\"puente2-scaled.jpg\" data-e-action-hash=\"#elementor-action%3Aaction%3Dlightbox%26settings%3DeyJpZCI6IjQ5OTYiLCJ1cmwiOiJodHRwczpcL1wvbW9uYWNoaWxzaWVycmFuZXZhZGF0dXJpc21vLmVzXC9lblwvd3AtY29udGVudFwvdXBsb2Fkc1wvMjAyM1wvMDJcL3B1ZW50ZTItc2NhbGVkLTEuanBnIn0%3D\">\n\t\t\t\t\t\t\t<img decoding=\"async\" width=\"750\" height=\"502\" src=\"https:\/\/monachilsierranevadaturismo.es\/en\/wp-content\/uploads\/2023\/02\/puente2-scaled-1-768x514.jpg\" class=\"attachment-medium_large size-medium_large wp-image-4996\" alt=\"\" srcset=\"https:\/\/monachilsierranevadaturismo.es\/en\/wp-content\/uploads\/2023\/02\/puente2-scaled-1-768x514.jpg 768w, https:\/\/monachilsierranevadaturismo.es\/en\/wp-content\/uploads\/2023\/02\/puente2-scaled-1-300x201.jpg 300w, https:\/\/monachilsierranevadaturismo.es\/en\/wp-content\/uploads\/2023\/02\/puente2-scaled-1-1024x686.jpg 1024w, https:\/\/monachilsierranevadaturismo.es\/en\/wp-content\/uploads\/2023\/02\/puente2-scaled-1-1536x1028.jpg 1536w, https:\/\/monachilsierranevadaturismo.es\/en\/wp-content\/uploads\/2023\/02\/puente2-scaled-1-2048x1371.jpg 2048w, https:\/\/monachilsierranevadaturismo.es\/en\/wp-content\/uploads\/2023\/02\/puente2-scaled-1-1568x1050.jpg 1568w\" sizes=\"(max-width: 750px) 100vw, 750px\" style=\"width:100%;height:66.95%;max-width:2560px\" \/>\t\t\t\t\t\t\t\t<\/a>\n\t\t\t\t\t\t\t\t\t\t\t\t\t\t\t<\/div>\n\t\t\t\t<\/div>\n\t\t\t\t\t<\/div>\n\t\t<\/div>\n\t\t\t\t<div class=\"elementor-column elementor-col-33 elementor-top-column elementor-element elementor-element-1f5e442b\" data-id=\"1f5e442b\" data-element_type=\"column\">\n\t\t\t<div class=\"elementor-widget-wrap elementor-element-populated\">\n\t\t\t\t\t\t<div class=\"elementor-element elementor-element-3a99928e elementor-widget elementor-widget-image\" data-id=\"3a99928e\" data-element_type=\"widget\" data-widget_type=\"image.default\">\n\t\t\t\t<div class=\"elementor-widget-container\">\n\t\t\t\t\t\t\t\t\t\t\t\t\t\t\t\t<a href=\"http:\/\/monachilsierranevadaturismo.es\/en\/wp-content\/uploads\/2023\/02\/veleta3-scaled-1.jpg\" data-elementor-open-lightbox=\"yes\" data-elementor-lightbox-title=\"veleta3-scaled.jpg\" data-e-action-hash=\"#elementor-action%3Aaction%3Dlightbox%26settings%3DeyJpZCI6IjQ5OTciLCJ1cmwiOiJodHRwczpcL1wvbW9uYWNoaWxzaWVycmFuZXZhZGF0dXJpc21vLmVzXC9lblwvd3AtY29udGVudFwvdXBsb2Fkc1wvMjAyM1wvMDJcL3ZlbGV0YTMtc2NhbGVkLTEuanBnIn0%3D\">\n\t\t\t\t\t\t\t<img decoding=\"async\" width=\"750\" height=\"502\" src=\"https:\/\/monachilsierranevadaturismo.es\/en\/wp-content\/uploads\/2023\/02\/veleta3-scaled-1-768x514.jpg\" class=\"attachment-medium_large size-medium_large wp-image-4997\" alt=\"\" srcset=\"https:\/\/monachilsierranevadaturismo.es\/en\/wp-content\/uploads\/2023\/02\/veleta3-scaled-1-768x514.jpg 768w, https:\/\/monachilsierranevadaturismo.es\/en\/wp-content\/uploads\/2023\/02\/veleta3-scaled-1-300x201.jpg 300w, https:\/\/monachilsierranevadaturismo.es\/en\/wp-content\/uploads\/2023\/02\/veleta3-scaled-1-1024x686.jpg 1024w, https:\/\/monachilsierranevadaturismo.es\/en\/wp-content\/uploads\/2023\/02\/veleta3-scaled-1-1536x1028.jpg 1536w, https:\/\/monachilsierranevadaturismo.es\/en\/wp-content\/uploads\/2023\/02\/veleta3-scaled-1-2048x1371.jpg 2048w, https:\/\/monachilsierranevadaturismo.es\/en\/wp-content\/uploads\/2023\/02\/veleta3-scaled-1-1568x1050.jpg 1568w\" sizes=\"(max-width: 750px) 100vw, 750px\" style=\"width:100%;height:66.95%;max-width:2560px\" \/>\t\t\t\t\t\t\t\t<\/a>\n\t\t\t\t\t\t\t\t\t\t\t\t\t\t\t<\/div>\n\t\t\t\t<\/div>\n\t\t\t\t\t<\/div>\n\t\t<\/div>\n\t\t\t\t\t<\/div>\n\t\t<\/section>\n\t\t\t\t<section class=\"elementor-section elementor-top-section elementor-element elementor-element-9177a07 elementor-section-boxed elementor-section-height-default elementor-section-height-default\" data-id=\"9177a07\" data-element_type=\"section\">\n\t\t\t\t\t\t<div class=\"elementor-container elementor-column-gap-default\">\n\t\t\t\t\t<div class=\"elementor-column elementor-col-33 elementor-top-column elementor-element elementor-element-348060f2\" data-id=\"348060f2\" data-element_type=\"column\">\n\t\t\t<div class=\"elementor-widget-wrap elementor-element-populated\">\n\t\t\t\t\t\t<div class=\"elementor-element elementor-element-9f733f0 elementor-widget elementor-widget-image\" data-id=\"9f733f0\" data-element_type=\"widget\" data-widget_type=\"image.default\">\n\t\t\t\t<div class=\"elementor-widget-container\">\n\t\t\t\t\t\t\t\t\t\t\t\t\t\t\t\t<a href=\"http:\/\/monachilsierranevadaturismo.es\/en\/wp-content\/uploads\/2023\/02\/treven7-scaled-1.jpg\" data-elementor-open-lightbox=\"yes\" data-elementor-lightbox-title=\"treven7-scaled.jpg\" data-e-action-hash=\"#elementor-action%3Aaction%3Dlightbox%26settings%3DeyJpZCI6IjQ5OTgiLCJ1cmwiOiJodHRwczpcL1wvbW9uYWNoaWxzaWVycmFuZXZhZGF0dXJpc21vLmVzXC9lblwvd3AtY29udGVudFwvdXBsb2Fkc1wvMjAyM1wvMDJcL3RyZXZlbjctc2NhbGVkLTEuanBnIn0%3D\">\n\t\t\t\t\t\t\t<img loading=\"lazy\" decoding=\"async\" width=\"750\" height=\"422\" src=\"https:\/\/monachilsierranevadaturismo.es\/en\/wp-content\/uploads\/2023\/02\/treven7-scaled-1-768x432.jpg\" class=\"attachment-medium_large size-medium_large wp-image-4998\" alt=\"\" srcset=\"https:\/\/monachilsierranevadaturismo.es\/en\/wp-content\/uploads\/2023\/02\/treven7-scaled-1-768x432.jpg 768w, https:\/\/monachilsierranevadaturismo.es\/en\/wp-content\/uploads\/2023\/02\/treven7-scaled-1-300x169.jpg 300w, https:\/\/monachilsierranevadaturismo.es\/en\/wp-content\/uploads\/2023\/02\/treven7-scaled-1-1024x576.jpg 1024w, https:\/\/monachilsierranevadaturismo.es\/en\/wp-content\/uploads\/2023\/02\/treven7-scaled-1-1536x864.jpg 1536w, https:\/\/monachilsierranevadaturismo.es\/en\/wp-content\/uploads\/2023\/02\/treven7-scaled-1-2048x1152.jpg 2048w, https:\/\/monachilsierranevadaturismo.es\/en\/wp-content\/uploads\/2023\/02\/treven7-scaled-1-1568x882.jpg 1568w\" sizes=\"(max-width: 750px) 100vw, 750px\" style=\"width:100%;height:56.25%;max-width:2560px\" \/>\t\t\t\t\t\t\t\t<\/a>\n\t\t\t\t\t\t\t\t\t\t\t\t\t\t\t<\/div>\n\t\t\t\t<\/div>\n\t\t\t\t\t<\/div>\n\t\t<\/div>\n\t\t\t\t<div class=\"elementor-column elementor-col-33 elementor-top-column elementor-element elementor-element-57eaa12b\" data-id=\"57eaa12b\" data-element_type=\"column\">\n\t\t\t<div class=\"elementor-widget-wrap elementor-element-populated\">\n\t\t\t\t\t\t<div class=\"elementor-element elementor-element-7c47a4f2 elementor-widget elementor-widget-image\" data-id=\"7c47a4f2\" data-element_type=\"widget\" data-widget_type=\"image.default\">\n\t\t\t\t<div class=\"elementor-widget-container\">\n\t\t\t\t\t\t\t\t\t\t\t\t\t\t\t\t<a href=\"http:\/\/monachilsierranevadaturismo.es\/en\/wp-content\/uploads\/2023\/02\/cabras-scaled-1.jpg\" data-elementor-open-lightbox=\"yes\" data-elementor-lightbox-title=\"cabras-scaled.jpg\" data-e-action-hash=\"#elementor-action%3Aaction%3Dlightbox%26settings%3DeyJpZCI6IjQ5OTkiLCJ1cmwiOiJodHRwczpcL1wvbW9uYWNoaWxzaWVycmFuZXZhZGF0dXJpc21vLmVzXC9lblwvd3AtY29udGVudFwvdXBsb2Fkc1wvMjAyM1wvMDJcL2NhYnJhcy1zY2FsZWQtMS5qcGcifQ%3D%3D\">\n\t\t\t\t\t\t\t<img loading=\"lazy\" decoding=\"async\" width=\"750\" height=\"501\" src=\"https:\/\/monachilsierranevadaturismo.es\/en\/wp-content\/uploads\/2023\/02\/cabras-scaled-1-768x513.jpg\" class=\"attachment-medium_large size-medium_large wp-image-4999\" alt=\"\" srcset=\"https:\/\/monachilsierranevadaturismo.es\/en\/wp-content\/uploads\/2023\/02\/cabras-scaled-1-768x513.jpg 768w, https:\/\/monachilsierranevadaturismo.es\/en\/wp-content\/uploads\/2023\/02\/cabras-scaled-1-300x200.jpg 300w, https:\/\/monachilsierranevadaturismo.es\/en\/wp-content\/uploads\/2023\/02\/cabras-scaled-1-1024x684.jpg 1024w, https:\/\/monachilsierranevadaturismo.es\/en\/wp-content\/uploads\/2023\/02\/cabras-scaled-1-1536x1025.jpg 1536w, https:\/\/monachilsierranevadaturismo.es\/en\/wp-content\/uploads\/2023\/02\/cabras-scaled-1-2048x1367.jpg 2048w, https:\/\/monachilsierranevadaturismo.es\/en\/wp-content\/uploads\/2023\/02\/cabras-scaled-1-1568x1047.jpg 1568w\" sizes=\"(max-width: 750px) 100vw, 750px\" style=\"width:100%;height:66.76%;max-width:2560px\" \/>\t\t\t\t\t\t\t\t<\/a>\n\t\t\t\t\t\t\t\t\t\t\t\t\t\t\t<\/div>\n\t\t\t\t<\/div>\n\t\t\t\t\t<\/div>\n\t\t<\/div>\n\t\t\t\t<div class=\"elementor-column elementor-col-33 elementor-top-column elementor-element elementor-element-11cfe840\" data-id=\"11cfe840\" data-element_type=\"column\">\n\t\t\t<div class=\"elementor-widget-wrap elementor-element-populated\">\n\t\t\t\t\t\t<div class=\"elementor-element elementor-element-7712659b elementor-widget elementor-widget-image\" data-id=\"7712659b\" data-element_type=\"widget\" data-widget_type=\"image.default\">\n\t\t\t\t<div class=\"elementor-widget-container\">\n\t\t\t\t\t\t\t\t\t\t\t\t\t\t\t\t<a href=\"http:\/\/monachilsierranevadaturismo.es\/en\/wp-content\/uploads\/2023\/02\/cueva2.jpg\" data-elementor-open-lightbox=\"yes\" data-elementor-lightbox-title=\"cueva2.jpg\" data-e-action-hash=\"#elementor-action%3Aaction%3Dlightbox%26settings%3DeyJpZCI6IjUwMDAiLCJ1cmwiOiJodHRwczpcL1wvbW9uYWNoaWxzaWVycmFuZXZhZGF0dXJpc21vLmVzXC9lblwvd3AtY29udGVudFwvdXBsb2Fkc1wvMjAyM1wvMDJcL2N1ZXZhMi5qcGcifQ%3D%3D\">\n\t\t\t\t\t\t\t<img loading=\"lazy\" decoding=\"async\" width=\"750\" height=\"501\" src=\"https:\/\/monachilsierranevadaturismo.es\/en\/wp-content\/uploads\/2023\/02\/cueva2-768x513.jpg\" class=\"attachment-medium_large size-medium_large wp-image-5000\" alt=\"\" srcset=\"https:\/\/monachilsierranevadaturismo.es\/en\/wp-content\/uploads\/2023\/02\/cueva2-768x513.jpg 768w, https:\/\/monachilsierranevadaturismo.es\/en\/wp-content\/uploads\/2023\/02\/cueva2-300x200.jpg 300w, https:\/\/monachilsierranevadaturismo.es\/en\/wp-content\/uploads\/2023\/02\/cueva2-1024x683.jpg 1024w, https:\/\/monachilsierranevadaturismo.es\/en\/wp-content\/uploads\/2023\/02\/cueva2-1536x1025.jpg 1536w, https:\/\/monachilsierranevadaturismo.es\/en\/wp-content\/uploads\/2023\/02\/cueva2-2048x1367.jpg 2048w, https:\/\/monachilsierranevadaturismo.es\/en\/wp-content\/uploads\/2023\/02\/cueva2-1568x1046.jpg 1568w\" sizes=\"(max-width: 750px) 100vw, 750px\" style=\"width:100%;height:66.74%;max-width:2360px\" \/>\t\t\t\t\t\t\t\t<\/a>\n\t\t\t\t\t\t\t\t\t\t\t\t\t\t\t<\/div>\n\t\t\t\t<\/div>\n\t\t\t\t\t<\/div>\n\t\t<\/div>\n\t\t\t\t\t<\/div>\n\t\t<\/section>\n\t\t\t\t<section class=\"elementor-section elementor-top-section elementor-element elementor-element-574380b1 elementor-section-boxed elementor-section-height-default elementor-section-height-default\" data-id=\"574380b1\" data-element_type=\"section\">\n\t\t\t\t\t\t<div class=\"elementor-container elementor-column-gap-default\">\n\t\t\t\t\t<div class=\"elementor-column elementor-col-33 elementor-top-column elementor-element elementor-element-334d029c\" data-id=\"334d029c\" data-element_type=\"column\">\n\t\t\t<div class=\"elementor-widget-wrap elementor-element-populated\">\n\t\t\t\t\t\t<div class=\"elementor-element elementor-element-493f9b8f elementor-widget elementor-widget-image\" data-id=\"493f9b8f\" data-element_type=\"widget\" data-widget_type=\"image.default\">\n\t\t\t\t<div class=\"elementor-widget-container\">\n\t\t\t\t\t\t\t\t\t\t\t\t\t\t\t\t<a href=\"http:\/\/monachilsierranevadaturismo.es\/en\/wp-content\/uploads\/2023\/02\/nevada1-scaled-1.jpg\" data-elementor-open-lightbox=\"yes\" data-elementor-lightbox-title=\"nevada1-scaled.jpg\" data-e-action-hash=\"#elementor-action%3Aaction%3Dlightbox%26settings%3DeyJpZCI6IjUwMDEiLCJ1cmwiOiJodHRwczpcL1wvbW9uYWNoaWxzaWVycmFuZXZhZGF0dXJpc21vLmVzXC9lblwvd3AtY29udGVudFwvdXBsb2Fkc1wvMjAyM1wvMDJcL25ldmFkYTEtc2NhbGVkLTEuanBnIn0%3D\">\n\t\t\t\t\t\t\t<img loading=\"lazy\" decoding=\"async\" width=\"750\" height=\"502\" src=\"https:\/\/monachilsierranevadaturismo.es\/en\/wp-content\/uploads\/2023\/02\/nevada1-scaled-1-768x514.jpg\" class=\"attachment-medium_large size-medium_large wp-image-5001\" alt=\"\" srcset=\"https:\/\/monachilsierranevadaturismo.es\/en\/wp-content\/uploads\/2023\/02\/nevada1-scaled-1-768x514.jpg 768w, https:\/\/monachilsierranevadaturismo.es\/en\/wp-content\/uploads\/2023\/02\/nevada1-scaled-1-300x201.jpg 300w, https:\/\/monachilsierranevadaturismo.es\/en\/wp-content\/uploads\/2023\/02\/nevada1-scaled-1-1024x686.jpg 1024w, https:\/\/monachilsierranevadaturismo.es\/en\/wp-content\/uploads\/2023\/02\/nevada1-scaled-1-1536x1028.jpg 1536w, https:\/\/monachilsierranevadaturismo.es\/en\/wp-content\/uploads\/2023\/02\/nevada1-scaled-1-2048x1371.jpg 2048w, https:\/\/monachilsierranevadaturismo.es\/en\/wp-content\/uploads\/2023\/02\/nevada1-scaled-1-1568x1050.jpg 1568w\" sizes=\"(max-width: 750px) 100vw, 750px\" style=\"width:100%;height:66.95%;max-width:2560px\" \/>\t\t\t\t\t\t\t\t<\/a>\n\t\t\t\t\t\t\t\t\t\t\t\t\t\t\t<\/div>\n\t\t\t\t<\/div>\n\t\t\t\t\t<\/div>\n\t\t<\/div>\n\t\t\t\t<div class=\"elementor-column elementor-col-33 elementor-top-column elementor-element elementor-element-6974c2c\" data-id=\"6974c2c\" data-element_type=\"column\">\n\t\t\t<div class=\"elementor-widget-wrap elementor-element-populated\">\n\t\t\t\t\t\t<div class=\"elementor-element elementor-element-556e6a5d elementor-widget elementor-widget-image\" data-id=\"556e6a5d\" data-element_type=\"widget\" data-widget_type=\"image.default\">\n\t\t\t\t<div class=\"elementor-widget-container\">\n\t\t\t\t\t\t\t\t\t\t\t\t\t\t\t\t<a href=\"http:\/\/monachilsierranevadaturismo.es\/en\/wp-content\/uploads\/2023\/02\/arbolessecos-scaled-1.jpg\" data-elementor-open-lightbox=\"yes\" data-elementor-lightbox-title=\"arbolessecos-scaled.jpg\" data-e-action-hash=\"#elementor-action%3Aaction%3Dlightbox%26settings%3DeyJpZCI6IjUwMDIiLCJ1cmwiOiJodHRwczpcL1wvbW9uYWNoaWxzaWVycmFuZXZhZGF0dXJpc21vLmVzXC9lblwvd3AtY29udGVudFwvdXBsb2Fkc1wvMjAyM1wvMDJcL2FyYm9sZXNzZWNvcy1zY2FsZWQtMS5qcGcifQ%3D%3D\">\n\t\t\t\t\t\t\t<img loading=\"lazy\" decoding=\"async\" width=\"750\" height=\"500\" src=\"https:\/\/monachilsierranevadaturismo.es\/en\/wp-content\/uploads\/2023\/02\/arbolessecos-scaled-1-768x512.jpg\" class=\"attachment-medium_large size-medium_large wp-image-5002\" alt=\"\" srcset=\"https:\/\/monachilsierranevadaturismo.es\/en\/wp-content\/uploads\/2023\/02\/arbolessecos-scaled-1-768x512.jpg 768w, https:\/\/monachilsierranevadaturismo.es\/en\/wp-content\/uploads\/2023\/02\/arbolessecos-scaled-1-300x200.jpg 300w, https:\/\/monachilsierranevadaturismo.es\/en\/wp-content\/uploads\/2023\/02\/arbolessecos-scaled-1-1024x683.jpg 1024w, https:\/\/monachilsierranevadaturismo.es\/en\/wp-content\/uploads\/2023\/02\/arbolessecos-scaled-1-1536x1024.jpg 1536w, https:\/\/monachilsierranevadaturismo.es\/en\/wp-content\/uploads\/2023\/02\/arbolessecos-scaled-1-2048x1366.jpg 2048w, https:\/\/monachilsierranevadaturismo.es\/en\/wp-content\/uploads\/2023\/02\/arbolessecos-scaled-1-1568x1046.jpg 1568w\" sizes=\"(max-width: 750px) 100vw, 750px\" style=\"width:100%;height:66.68%;max-width:2560px\" \/>\t\t\t\t\t\t\t\t<\/a>\n\t\t\t\t\t\t\t\t\t\t\t\t\t\t\t<\/div>\n\t\t\t\t<\/div>\n\t\t\t\t\t<\/div>\n\t\t<\/div>\n\t\t\t\t<div class=\"elementor-column elementor-col-33 elementor-top-column elementor-element elementor-element-75126ca9\" data-id=\"75126ca9\" data-element_type=\"column\">\n\t\t\t<div class=\"elementor-widget-wrap elementor-element-populated\">\n\t\t\t\t\t\t<div class=\"elementor-element elementor-element-11e38225 elementor-widget elementor-widget-image\" data-id=\"11e38225\" data-element_type=\"widget\" data-widget_type=\"image.default\">\n\t\t\t\t<div class=\"elementor-widget-container\">\n\t\t\t\t\t\t\t\t\t\t\t\t\t\t\t\t<a href=\"http:\/\/monachilsierranevadaturismo.es\/en\/wp-content\/uploads\/2023\/02\/mojontrigo-scaled-1.jpg\" data-elementor-open-lightbox=\"yes\" data-elementor-lightbox-title=\"mojontrigo-scaled.jpg\" data-e-action-hash=\"#elementor-action%3Aaction%3Dlightbox%26settings%3DeyJpZCI6IjUwMDMiLCJ1cmwiOiJodHRwczpcL1wvbW9uYWNoaWxzaWVycmFuZXZhZGF0dXJpc21vLmVzXC9lblwvd3AtY29udGVudFwvdXBsb2Fkc1wvMjAyM1wvMDJcL21vam9udHJpZ28tc2NhbGVkLTEuanBnIn0%3D\">\n\t\t\t\t\t\t\t<img loading=\"lazy\" decoding=\"async\" width=\"750\" height=\"501\" src=\"https:\/\/monachilsierranevadaturismo.es\/en\/wp-content\/uploads\/2023\/02\/mojontrigo-scaled-1-768x513.jpg\" class=\"attachment-medium_large size-medium_large wp-image-5003\" alt=\"\" srcset=\"https:\/\/monachilsierranevadaturismo.es\/en\/wp-content\/uploads\/2023\/02\/mojontrigo-scaled-1-768x513.jpg 768w, https:\/\/monachilsierranevadaturismo.es\/en\/wp-content\/uploads\/2023\/02\/mojontrigo-scaled-1-300x200.jpg 300w, https:\/\/monachilsierranevadaturismo.es\/en\/wp-content\/uploads\/2023\/02\/mojontrigo-scaled-1-1024x684.jpg 1024w, https:\/\/monachilsierranevadaturismo.es\/en\/wp-content\/uploads\/2023\/02\/mojontrigo-scaled-1-1536x1025.jpg 1536w, https:\/\/monachilsierranevadaturismo.es\/en\/wp-content\/uploads\/2023\/02\/mojontrigo-scaled-1-2048x1367.jpg 2048w, https:\/\/monachilsierranevadaturismo.es\/en\/wp-content\/uploads\/2023\/02\/mojontrigo-scaled-1-1568x1047.jpg 1568w\" sizes=\"(max-width: 750px) 100vw, 750px\" style=\"width:100%;height:66.76%;max-width:2560px\" \/>\t\t\t\t\t\t\t\t<\/a>\n\t\t\t\t\t\t\t\t\t\t\t\t\t\t\t<\/div>\n\t\t\t\t<\/div>\n\t\t\t\t\t<\/div>\n\t\t<\/div>\n\t\t\t\t\t<\/div>\n\t\t<\/section>\n\t\t\t\t<section class=\"elementor-section elementor-top-section elementor-element elementor-element-1a120060 elementor-section-boxed elementor-section-height-default elementor-section-height-default\" data-id=\"1a120060\" data-element_type=\"section\">\n\t\t\t\t\t\t<div class=\"elementor-container elementor-column-gap-default\">\n\t\t\t\t\t<div class=\"elementor-column elementor-col-33 elementor-top-column elementor-element elementor-element-74d2e60d\" data-id=\"74d2e60d\" data-element_type=\"column\">\n\t\t\t<div class=\"elementor-widget-wrap elementor-element-populated\">\n\t\t\t\t\t\t<div class=\"elementor-element elementor-element-2d335c6b elementor-widget elementor-widget-image\" data-id=\"2d335c6b\" data-element_type=\"widget\" data-widget_type=\"image.default\">\n\t\t\t\t<div class=\"elementor-widget-container\">\n\t\t\t\t\t\t\t\t\t\t\t\t\t\t\t\t<a href=\"http:\/\/monachilsierranevadaturismo.es\/en\/wp-content\/uploads\/2023\/02\/otono-scaled-1.jpg\" data-elementor-open-lightbox=\"yes\" data-elementor-lightbox-title=\"otono-scaled.jpg\" data-e-action-hash=\"#elementor-action%3Aaction%3Dlightbox%26settings%3DeyJpZCI6IjUwMDQiLCJ1cmwiOiJodHRwczpcL1wvbW9uYWNoaWxzaWVycmFuZXZhZGF0dXJpc21vLmVzXC9lblwvd3AtY29udGVudFwvdXBsb2Fkc1wvMjAyM1wvMDJcL290b25vLXNjYWxlZC0xLmpwZyJ9\">\n\t\t\t\t\t\t\t<img loading=\"lazy\" decoding=\"async\" width=\"750\" height=\"422\" src=\"https:\/\/monachilsierranevadaturismo.es\/en\/wp-content\/uploads\/2023\/02\/otono-scaled-1-768x432.jpg\" class=\"attachment-medium_large size-medium_large wp-image-5004\" alt=\"\" srcset=\"https:\/\/monachilsierranevadaturismo.es\/en\/wp-content\/uploads\/2023\/02\/otono-scaled-1-768x432.jpg 768w, https:\/\/monachilsierranevadaturismo.es\/en\/wp-content\/uploads\/2023\/02\/otono-scaled-1-300x169.jpg 300w, https:\/\/monachilsierranevadaturismo.es\/en\/wp-content\/uploads\/2023\/02\/otono-scaled-1-1024x576.jpg 1024w, https:\/\/monachilsierranevadaturismo.es\/en\/wp-content\/uploads\/2023\/02\/otono-scaled-1-1536x864.jpg 1536w, https:\/\/monachilsierranevadaturismo.es\/en\/wp-content\/uploads\/2023\/02\/otono-scaled-1-2048x1152.jpg 2048w, https:\/\/monachilsierranevadaturismo.es\/en\/wp-content\/uploads\/2023\/02\/otono-scaled-1-1568x882.jpg 1568w\" sizes=\"(max-width: 750px) 100vw, 750px\" style=\"width:100%;height:56.25%;max-width:2560px\" \/>\t\t\t\t\t\t\t\t<\/a>\n\t\t\t\t\t\t\t\t\t\t\t\t\t\t\t<\/div>\n\t\t\t\t<\/div>\n\t\t\t\t\t<\/div>\n\t\t<\/div>\n\t\t\t\t<div class=\"elementor-column elementor-col-33 elementor-top-column elementor-element elementor-element-79b19da5\" data-id=\"79b19da5\" data-element_type=\"column\">\n\t\t\t<div class=\"elementor-widget-wrap elementor-element-populated\">\n\t\t\t\t\t\t<div class=\"elementor-element elementor-element-7d683150 elementor-widget elementor-widget-image\" data-id=\"7d683150\" data-element_type=\"widget\" data-widget_type=\"image.default\">\n\t\t\t\t<div class=\"elementor-widget-container\">\n\t\t\t\t\t\t\t\t\t\t\t\t\t\t\t\t<a href=\"http:\/\/monachilsierranevadaturismo.es\/en\/wp-content\/uploads\/2023\/02\/puente1-scaled-1.jpg\" data-elementor-open-lightbox=\"yes\" data-elementor-lightbox-title=\"puente1-scaled.jpg\" data-e-action-hash=\"#elementor-action%3Aaction%3Dlightbox%26settings%3DeyJpZCI6IjUwMDUiLCJ1cmwiOiJodHRwczpcL1wvbW9uYWNoaWxzaWVycmFuZXZhZGF0dXJpc21vLmVzXC9lblwvd3AtY29udGVudFwvdXBsb2Fkc1wvMjAyM1wvMDJcL3B1ZW50ZTEtc2NhbGVkLTEuanBnIn0%3D\">\n\t\t\t\t\t\t\t<img loading=\"lazy\" decoding=\"async\" width=\"750\" height=\"489\" src=\"https:\/\/monachilsierranevadaturismo.es\/en\/wp-content\/uploads\/2023\/02\/puente1-scaled-1-768x501.jpg\" class=\"attachment-medium_large size-medium_large wp-image-5005\" alt=\"\" srcset=\"https:\/\/monachilsierranevadaturismo.es\/en\/wp-content\/uploads\/2023\/02\/puente1-scaled-1-768x501.jpg 768w, https:\/\/monachilsierranevadaturismo.es\/en\/wp-content\/uploads\/2023\/02\/puente1-scaled-1-300x196.jpg 300w, https:\/\/monachilsierranevadaturismo.es\/en\/wp-content\/uploads\/2023\/02\/puente1-scaled-1-1024x668.jpg 1024w, https:\/\/monachilsierranevadaturismo.es\/en\/wp-content\/uploads\/2023\/02\/puente1-scaled-1-1536x1001.jpg 1536w, https:\/\/monachilsierranevadaturismo.es\/en\/wp-content\/uploads\/2023\/02\/puente1-scaled-1-2048x1335.jpg 2048w, https:\/\/monachilsierranevadaturismo.es\/en\/wp-content\/uploads\/2023\/02\/puente1-scaled-1-1568x1022.jpg 1568w\" sizes=\"(max-width: 750px) 100vw, 750px\" style=\"width:100%;height:65.2%;max-width:2560px\" \/>\t\t\t\t\t\t\t\t<\/a>\n\t\t\t\t\t\t\t\t\t\t\t\t\t\t\t<\/div>\n\t\t\t\t<\/div>\n\t\t\t\t\t<\/div>\n\t\t<\/div>\n\t\t\t\t<div class=\"elementor-column elementor-col-33 elementor-top-column elementor-element elementor-element-498879e3\" data-id=\"498879e3\" data-element_type=\"column\">\n\t\t\t<div class=\"elementor-widget-wrap elementor-element-populated\">\n\t\t\t\t\t\t<div class=\"elementor-element elementor-element-6ff35f4a elementor-widget elementor-widget-image\" data-id=\"6ff35f4a\" data-element_type=\"widget\" data-widget_type=\"image.default\">\n\t\t\t\t<div class=\"elementor-widget-container\">\n\t\t\t\t\t\t\t\t\t\t\t\t\t\t\t\t<a href=\"http:\/\/monachilsierranevadaturismo.es\/en\/wp-content\/uploads\/2023\/02\/lenti1-scaled-1.jpg\" data-elementor-open-lightbox=\"yes\" data-elementor-lightbox-title=\"lenti1-scaled.jpg\" data-e-action-hash=\"#elementor-action%3Aaction%3Dlightbox%26settings%3DeyJpZCI6IjUwMDYiLCJ1cmwiOiJodHRwczpcL1wvbW9uYWNoaWxzaWVycmFuZXZhZGF0dXJpc21vLmVzXC9lblwvd3AtY29udGVudFwvdXBsb2Fkc1wvMjAyM1wvMDJcL2xlbnRpMS1zY2FsZWQtMS5qcGcifQ%3D%3D\">\n\t\t\t\t\t\t\t<img loading=\"lazy\" decoding=\"async\" width=\"750\" height=\"500\" src=\"https:\/\/monachilsierranevadaturismo.es\/en\/wp-content\/uploads\/2023\/02\/lenti1-scaled-1-768x512.jpg\" class=\"attachment-medium_large size-medium_large wp-image-5006\" alt=\"\" srcset=\"https:\/\/monachilsierranevadaturismo.es\/en\/wp-content\/uploads\/2023\/02\/lenti1-scaled-1-768x512.jpg 768w, https:\/\/monachilsierranevadaturismo.es\/en\/wp-content\/uploads\/2023\/02\/lenti1-scaled-1-300x200.jpg 300w, https:\/\/monachilsierranevadaturismo.es\/en\/wp-content\/uploads\/2023\/02\/lenti1-scaled-1-1024x683.jpg 1024w, https:\/\/monachilsierranevadaturismo.es\/en\/wp-content\/uploads\/2023\/02\/lenti1-scaled-1-1536x1024.jpg 1536w, https:\/\/monachilsierranevadaturismo.es\/en\/wp-content\/uploads\/2023\/02\/lenti1-scaled-1-2048x1366.jpg 2048w, https:\/\/monachilsierranevadaturismo.es\/en\/wp-content\/uploads\/2023\/02\/lenti1-scaled-1-1568x1046.jpg 1568w\" sizes=\"(max-width: 750px) 100vw, 750px\" style=\"width:100%;height:66.68%;max-width:2560px\" \/>\t\t\t\t\t\t\t\t<\/a>\n\t\t\t\t\t\t\t\t\t\t\t\t\t\t\t<\/div>\n\t\t\t\t<\/div>\n\t\t\t\t\t<\/div>\n\t\t<\/div>\n\t\t\t\t\t<\/div>\n\t\t<\/section>\n\t\t\t\t<section class=\"elementor-section elementor-top-section elementor-element elementor-element-6cacc9da elementor-section-boxed elementor-section-height-default elementor-section-height-default\" data-id=\"6cacc9da\" data-element_type=\"section\">\n\t\t\t\t\t\t<div class=\"elementor-container elementor-column-gap-default\">\n\t\t\t\t\t<div class=\"elementor-column elementor-col-33 elementor-top-column elementor-element elementor-element-7b4e6e5f\" data-id=\"7b4e6e5f\" data-element_type=\"column\">\n\t\t\t<div class=\"elementor-widget-wrap elementor-element-populated\">\n\t\t\t\t\t\t<div class=\"elementor-element elementor-element-1298bb0a elementor-widget elementor-widget-image\" data-id=\"1298bb0a\" data-element_type=\"widget\" data-widget_type=\"image.default\">\n\t\t\t\t<div class=\"elementor-widget-container\">\n\t\t\t\t\t\t\t\t\t\t\t\t\t\t\t\t<a href=\"http:\/\/monachilsierranevadaturismo.es\/en\/wp-content\/uploads\/2023\/02\/lactea-scaled-1.jpg\" data-elementor-open-lightbox=\"yes\" data-elementor-lightbox-title=\"lactea-scaled.jpg\" data-e-action-hash=\"#elementor-action%3Aaction%3Dlightbox%26settings%3DeyJpZCI6IjUwMDciLCJ1cmwiOiJodHRwczpcL1wvbW9uYWNoaWxzaWVycmFuZXZhZGF0dXJpc21vLmVzXC9lblwvd3AtY29udGVudFwvdXBsb2Fkc1wvMjAyM1wvMDJcL2xhY3RlYS1zY2FsZWQtMS5qcGcifQ%3D%3D\">\n\t\t\t\t\t\t\t<img loading=\"lazy\" decoding=\"async\" width=\"750\" height=\"501\" src=\"https:\/\/monachilsierranevadaturismo.es\/en\/wp-content\/uploads\/2023\/02\/lactea-scaled-1-768x513.jpg\" class=\"attachment-medium_large size-medium_large wp-image-5007\" alt=\"\" srcset=\"https:\/\/monachilsierranevadaturismo.es\/en\/wp-content\/uploads\/2023\/02\/lactea-scaled-1-768x513.jpg 768w, https:\/\/monachilsierranevadaturismo.es\/en\/wp-content\/uploads\/2023\/02\/lactea-scaled-1-300x200.jpg 300w, https:\/\/monachilsierranevadaturismo.es\/en\/wp-content\/uploads\/2023\/02\/lactea-scaled-1-1024x684.jpg 1024w, https:\/\/monachilsierranevadaturismo.es\/en\/wp-content\/uploads\/2023\/02\/lactea-scaled-1-1536x1025.jpg 1536w, https:\/\/monachilsierranevadaturismo.es\/en\/wp-content\/uploads\/2023\/02\/lactea-scaled-1-2048x1367.jpg 2048w, https:\/\/monachilsierranevadaturismo.es\/en\/wp-content\/uploads\/2023\/02\/lactea-scaled-1-1568x1047.jpg 1568w\" sizes=\"(max-width: 750px) 100vw, 750px\" style=\"width:100%;height:66.76%;max-width:2560px\" \/>\t\t\t\t\t\t\t\t<\/a>\n\t\t\t\t\t\t\t\t\t\t\t\t\t\t\t<\/div>\n\t\t\t\t<\/div>\n\t\t\t\t\t<\/div>\n\t\t<\/div>\n\t\t\t\t<div class=\"elementor-column elementor-col-33 elementor-top-column elementor-element elementor-element-592347a0\" data-id=\"592347a0\" data-element_type=\"column\">\n\t\t\t<div class=\"elementor-widget-wrap elementor-element-populated\">\n\t\t\t\t\t\t<div class=\"elementor-element elementor-element-7ea9cb32 elementor-widget elementor-widget-image\" data-id=\"7ea9cb32\" data-element_type=\"widget\" data-widget_type=\"image.default\">\n\t\t\t\t<div class=\"elementor-widget-container\">\n\t\t\t\t\t\t\t\t\t\t\t\t\t\t\t\t<a href=\"http:\/\/monachilsierranevadaturismo.es\/en\/wp-content\/uploads\/2023\/02\/virgen2-scaled-1.jpg\" data-elementor-open-lightbox=\"yes\" data-elementor-lightbox-title=\"virgen2-scaled.jpg\" data-e-action-hash=\"#elementor-action%3Aaction%3Dlightbox%26settings%3DeyJpZCI6IjUwMDgiLCJ1cmwiOiJodHRwczpcL1wvbW9uYWNoaWxzaWVycmFuZXZhZGF0dXJpc21vLmVzXC9lblwvd3AtY29udGVudFwvdXBsb2Fkc1wvMjAyM1wvMDJcL3ZpcmdlbjItc2NhbGVkLTEuanBnIn0%3D\">\n\t\t\t\t\t\t\t<img loading=\"lazy\" decoding=\"async\" width=\"750\" height=\"501\" src=\"https:\/\/monachilsierranevadaturismo.es\/en\/wp-content\/uploads\/2023\/02\/virgen2-scaled-1-768x513.jpg\" class=\"attachment-medium_large size-medium_large wp-image-5008\" alt=\"\" srcset=\"https:\/\/monachilsierranevadaturismo.es\/en\/wp-content\/uploads\/2023\/02\/virgen2-scaled-1-768x513.jpg 768w, https:\/\/monachilsierranevadaturismo.es\/en\/wp-content\/uploads\/2023\/02\/virgen2-scaled-1-300x200.jpg 300w, https:\/\/monachilsierranevadaturismo.es\/en\/wp-content\/uploads\/2023\/02\/virgen2-scaled-1-1024x684.jpg 1024w, https:\/\/monachilsierranevadaturismo.es\/en\/wp-content\/uploads\/2023\/02\/virgen2-scaled-1-1536x1025.jpg 1536w, https:\/\/monachilsierranevadaturismo.es\/en\/wp-content\/uploads\/2023\/02\/virgen2-scaled-1-2048x1367.jpg 2048w, https:\/\/monachilsierranevadaturismo.es\/en\/wp-content\/uploads\/2023\/02\/virgen2-scaled-1-1568x1047.jpg 1568w\" sizes=\"(max-width: 750px) 100vw, 750px\" style=\"width:100%;height:66.76%;max-width:2560px\" \/>\t\t\t\t\t\t\t\t<\/a>\n\t\t\t\t\t\t\t\t\t\t\t\t\t\t\t<\/div>\n\t\t\t\t<\/div>\n\t\t\t\t\t<\/div>\n\t\t<\/div>\n\t\t\t\t<div class=\"elementor-column elementor-col-33 elementor-top-column elementor-element elementor-element-67c8ad89\" data-id=\"67c8ad89\" data-element_type=\"column\">\n\t\t\t<div class=\"elementor-widget-wrap elementor-element-populated\">\n\t\t\t\t\t\t<div class=\"elementor-element elementor-element-51684dc7 elementor-widget elementor-widget-image\" data-id=\"51684dc7\" data-element_type=\"widget\" data-widget_type=\"image.default\">\n\t\t\t\t<div class=\"elementor-widget-container\">\n\t\t\t\t\t\t\t\t\t\t\t\t\t\t\t\t<a href=\"http:\/\/monachilsierranevadaturismo.es\/en\/wp-content\/uploads\/2023\/02\/cueva4-scaled-1.jpg\" data-elementor-open-lightbox=\"yes\" data-elementor-lightbox-title=\"cueva4-scaled.jpg\" data-e-action-hash=\"#elementor-action%3Aaction%3Dlightbox%26settings%3DeyJpZCI6IjUwMDkiLCJ1cmwiOiJodHRwczpcL1wvbW9uYWNoaWxzaWVycmFuZXZhZGF0dXJpc21vLmVzXC9lblwvd3AtY29udGVudFwvdXBsb2Fkc1wvMjAyM1wvMDJcL2N1ZXZhNC1zY2FsZWQtMS5qcGcifQ%3D%3D\">\n\t\t\t\t\t\t\t<img loading=\"lazy\" decoding=\"async\" width=\"750\" height=\"493\" src=\"https:\/\/monachilsierranevadaturismo.es\/en\/wp-content\/uploads\/2023\/02\/cueva4-scaled-1-768x505.jpg\" class=\"attachment-medium_large size-medium_large wp-image-5009\" alt=\"\" srcset=\"https:\/\/monachilsierranevadaturismo.es\/en\/wp-content\/uploads\/2023\/02\/cueva4-scaled-1-768x505.jpg 768w, https:\/\/monachilsierranevadaturismo.es\/en\/wp-content\/uploads\/2023\/02\/cueva4-scaled-1-300x197.jpg 300w, https:\/\/monachilsierranevadaturismo.es\/en\/wp-content\/uploads\/2023\/02\/cueva4-scaled-1-1024x673.jpg 1024w, https:\/\/monachilsierranevadaturismo.es\/en\/wp-content\/uploads\/2023\/02\/cueva4-scaled-1-1536x1010.jpg 1536w, https:\/\/monachilsierranevadaturismo.es\/en\/wp-content\/uploads\/2023\/02\/cueva4-scaled-1-2048x1346.jpg 2048w, https:\/\/monachilsierranevadaturismo.es\/en\/wp-content\/uploads\/2023\/02\/cueva4-scaled-1-1568x1031.jpg 1568w\" sizes=\"(max-width: 750px) 100vw, 750px\" style=\"width:100%;height:65.74%;max-width:2560px\" \/>\t\t\t\t\t\t\t\t<\/a>\n\t\t\t\t\t\t\t\t\t\t\t\t\t\t\t<\/div>\n\t\t\t\t<\/div>\n\t\t\t\t\t<\/div>\n\t\t<\/div>\n\t\t\t\t\t<\/div>\n\t\t<\/section>\n\t\t\t\t<section class=\"elementor-section elementor-top-section elementor-element elementor-element-3aa42144 elementor-section-boxed elementor-section-height-default elementor-section-height-default\" data-id=\"3aa42144\" data-element_type=\"section\">\n\t\t\t\t\t\t<div class=\"elementor-container elementor-column-gap-default\">\n\t\t\t\t\t<div class=\"elementor-column elementor-col-33 elementor-top-column elementor-element elementor-element-1dfe972e\" data-id=\"1dfe972e\" data-element_type=\"column\">\n\t\t\t<div class=\"elementor-widget-wrap elementor-element-populated\">\n\t\t\t\t\t\t<div class=\"elementor-element elementor-element-33814b5a elementor-widget elementor-widget-image\" data-id=\"33814b5a\" data-element_type=\"widget\" data-widget_type=\"image.default\">\n\t\t\t\t<div class=\"elementor-widget-container\">\n\t\t\t\t\t\t\t\t\t\t\t\t\t\t\t\t<a href=\"http:\/\/monachilsierranevadaturismo.es\/en\/wp-content\/uploads\/2023\/02\/veleton-scaled-1.jpg\" data-elementor-open-lightbox=\"yes\" data-elementor-lightbox-title=\"veleton-scaled.jpg\" data-e-action-hash=\"#elementor-action%3Aaction%3Dlightbox%26settings%3DeyJpZCI6IjUwMTAiLCJ1cmwiOiJodHRwczpcL1wvbW9uYWNoaWxzaWVycmFuZXZhZGF0dXJpc21vLmVzXC9lblwvd3AtY29udGVudFwvdXBsb2Fkc1wvMjAyM1wvMDJcL3ZlbGV0b24tc2NhbGVkLTEuanBnIn0%3D\">\n\t\t\t\t\t\t\t<img loading=\"lazy\" decoding=\"async\" width=\"750\" height=\"500\" src=\"https:\/\/monachilsierranevadaturismo.es\/en\/wp-content\/uploads\/2023\/02\/veleton-scaled-1-768x512.jpg\" class=\"attachment-medium_large size-medium_large wp-image-5010\" alt=\"\" srcset=\"https:\/\/monachilsierranevadaturismo.es\/en\/wp-content\/uploads\/2023\/02\/veleton-scaled-1-768x512.jpg 768w, https:\/\/monachilsierranevadaturismo.es\/en\/wp-content\/uploads\/2023\/02\/veleton-scaled-1-300x200.jpg 300w, https:\/\/monachilsierranevadaturismo.es\/en\/wp-content\/uploads\/2023\/02\/veleton-scaled-1-1024x683.jpg 1024w, https:\/\/monachilsierranevadaturismo.es\/en\/wp-content\/uploads\/2023\/02\/veleton-scaled-1-1536x1024.jpg 1536w, https:\/\/monachilsierranevadaturismo.es\/en\/wp-content\/uploads\/2023\/02\/veleton-scaled-1-2048x1366.jpg 2048w, https:\/\/monachilsierranevadaturismo.es\/en\/wp-content\/uploads\/2023\/02\/veleton-scaled-1-1568x1046.jpg 1568w\" sizes=\"(max-width: 750px) 100vw, 750px\" style=\"width:100%;height:66.68%;max-width:2560px\" \/>\t\t\t\t\t\t\t\t<\/a>\n\t\t\t\t\t\t\t\t\t\t\t\t\t\t\t<\/div>\n\t\t\t\t<\/div>\n\t\t\t\t\t<\/div>\n\t\t<\/div>\n\t\t\t\t<div class=\"elementor-column elementor-col-33 elementor-top-column elementor-element elementor-element-159d2f1c\" data-id=\"159d2f1c\" data-element_type=\"column\">\n\t\t\t<div class=\"elementor-widget-wrap elementor-element-populated\">\n\t\t\t\t\t\t<div class=\"elementor-element elementor-element-21f62b76 elementor-widget elementor-widget-image\" data-id=\"21f62b76\" data-element_type=\"widget\" data-widget_type=\"image.default\">\n\t\t\t\t<div class=\"elementor-widget-container\">\n\t\t\t\t\t\t\t\t\t\t\t\t\t\t\t\t<a href=\"http:\/\/monachilsierranevadaturismo.es\/en\/wp-content\/uploads\/2023\/02\/veleta-scaled-1.jpg\" data-elementor-open-lightbox=\"yes\" data-elementor-lightbox-title=\"veleta-scaled.jpg\" data-e-action-hash=\"#elementor-action%3Aaction%3Dlightbox%26settings%3DeyJpZCI6IjUwMTEiLCJ1cmwiOiJodHRwczpcL1wvbW9uYWNoaWxzaWVycmFuZXZhZGF0dXJpc21vLmVzXC9lblwvd3AtY29udGVudFwvdXBsb2Fkc1wvMjAyM1wvMDJcL3ZlbGV0YS1zY2FsZWQtMS5qcGcifQ%3D%3D\">\n\t\t\t\t\t\t\t<img loading=\"lazy\" decoding=\"async\" width=\"750\" height=\"501\" src=\"https:\/\/monachilsierranevadaturismo.es\/en\/wp-content\/uploads\/2023\/02\/veleta-scaled-1-768x513.jpg\" class=\"attachment-medium_large size-medium_large wp-image-5011\" alt=\"\" srcset=\"https:\/\/monachilsierranevadaturismo.es\/en\/wp-content\/uploads\/2023\/02\/veleta-scaled-1-768x513.jpg 768w, https:\/\/monachilsierranevadaturismo.es\/en\/wp-content\/uploads\/2023\/02\/veleta-scaled-1-300x200.jpg 300w, https:\/\/monachilsierranevadaturismo.es\/en\/wp-content\/uploads\/2023\/02\/veleta-scaled-1-1024x684.jpg 1024w, https:\/\/monachilsierranevadaturismo.es\/en\/wp-content\/uploads\/2023\/02\/veleta-scaled-1-1536x1025.jpg 1536w, https:\/\/monachilsierranevadaturismo.es\/en\/wp-content\/uploads\/2023\/02\/veleta-scaled-1-2048x1367.jpg 2048w, https:\/\/monachilsierranevadaturismo.es\/en\/wp-content\/uploads\/2023\/02\/veleta-scaled-1-1568x1047.jpg 1568w\" sizes=\"(max-width: 750px) 100vw, 750px\" style=\"width:100%;height:66.76%;max-width:2560px\" \/>\t\t\t\t\t\t\t\t<\/a>\n\t\t\t\t\t\t\t\t\t\t\t\t\t\t\t<\/div>\n\t\t\t\t<\/div>\n\t\t\t\t\t<\/div>\n\t\t<\/div>\n\t\t\t\t<div class=\"elementor-column elementor-col-33 elementor-top-column elementor-element elementor-element-c5fdd5a\" data-id=\"c5fdd5a\" data-element_type=\"column\">\n\t\t\t<div class=\"elementor-widget-wrap elementor-element-populated\">\n\t\t\t\t\t\t<div class=\"elementor-element elementor-element-5d14b928 elementor-widget elementor-widget-image\" data-id=\"5d14b928\" data-element_type=\"widget\" data-widget_type=\"image.default\">\n\t\t\t\t<div class=\"elementor-widget-container\">\n\t\t\t\t\t\t\t\t\t\t\t\t\t\t\t\t<a href=\"http:\/\/monachilsierranevadaturismo.es\/en\/wp-content\/uploads\/2023\/02\/veleta2-scaled-1.jpg\" data-elementor-open-lightbox=\"yes\" data-elementor-lightbox-title=\"veleta2-scaled.jpg\" data-e-action-hash=\"#elementor-action%3Aaction%3Dlightbox%26settings%3DeyJpZCI6IjUwMTIiLCJ1cmwiOiJodHRwczpcL1wvbW9uYWNoaWxzaWVycmFuZXZhZGF0dXJpc21vLmVzXC9lblwvd3AtY29udGVudFwvdXBsb2Fkc1wvMjAyM1wvMDJcL3ZlbGV0YTItc2NhbGVkLTEuanBnIn0%3D\">\n\t\t\t\t\t\t\t<img loading=\"lazy\" decoding=\"async\" width=\"750\" height=\"502\" src=\"https:\/\/monachilsierranevadaturismo.es\/en\/wp-content\/uploads\/2023\/02\/veleta2-scaled-1-768x514.jpg\" class=\"attachment-medium_large size-medium_large wp-image-5012\" alt=\"\" srcset=\"https:\/\/monachilsierranevadaturismo.es\/en\/wp-content\/uploads\/2023\/02\/veleta2-scaled-1-768x514.jpg 768w, https:\/\/monachilsierranevadaturismo.es\/en\/wp-content\/uploads\/2023\/02\/veleta2-scaled-1-300x201.jpg 300w, https:\/\/monachilsierranevadaturismo.es\/en\/wp-content\/uploads\/2023\/02\/veleta2-scaled-1-1024x686.jpg 1024w, https:\/\/monachilsierranevadaturismo.es\/en\/wp-content\/uploads\/2023\/02\/veleta2-scaled-1-1536x1028.jpg 1536w, https:\/\/monachilsierranevadaturismo.es\/en\/wp-content\/uploads\/2023\/02\/veleta2-scaled-1-2048x1371.jpg 2048w, https:\/\/monachilsierranevadaturismo.es\/en\/wp-content\/uploads\/2023\/02\/veleta2-scaled-1-1568x1050.jpg 1568w\" sizes=\"(max-width: 750px) 100vw, 750px\" style=\"width:100%;height:66.95%;max-width:2560px\" \/>\t\t\t\t\t\t\t\t<\/a>\n\t\t\t\t\t\t\t\t\t\t\t\t\t\t\t<\/div>\n\t\t\t\t<\/div>\n\t\t\t\t\t<\/div>\n\t\t<\/div>\n\t\t\t\t\t<\/div>\n\t\t<\/section>\n\t\t\t\t<section class=\"elementor-section elementor-top-section elementor-element elementor-element-13d865e3 elementor-section-boxed elementor-section-height-default elementor-section-height-default\" data-id=\"13d865e3\" data-element_type=\"section\">\n\t\t\t\t\t\t<div class=\"elementor-container elementor-column-gap-default\">\n\t\t\t\t\t<div class=\"elementor-column elementor-col-33 elementor-top-column elementor-element elementor-element-21b16490\" data-id=\"21b16490\" data-element_type=\"column\">\n\t\t\t<div class=\"elementor-widget-wrap elementor-element-populated\">\n\t\t\t\t\t\t<div class=\"elementor-element elementor-element-3ec5b1ca elementor-widget elementor-widget-image\" data-id=\"3ec5b1ca\" data-element_type=\"widget\" data-widget_type=\"image.default\">\n\t\t\t\t<div class=\"elementor-widget-container\">\n\t\t\t\t\t\t\t\t\t\t\t\t\t\t\t\t<a href=\"http:\/\/monachilsierranevadaturismo.es\/en\/wp-content\/uploads\/2023\/02\/monachil1-scaled-1.jpg\" data-elementor-open-lightbox=\"yes\" data-elementor-lightbox-title=\"monachil1-scaled.jpg\" data-e-action-hash=\"#elementor-action%3Aaction%3Dlightbox%26settings%3DeyJpZCI6IjUwMTMiLCJ1cmwiOiJodHRwczpcL1wvbW9uYWNoaWxzaWVycmFuZXZhZGF0dXJpc21vLmVzXC9lblwvd3AtY29udGVudFwvdXBsb2Fkc1wvMjAyM1wvMDJcL21vbmFjaGlsMS1zY2FsZWQtMS5qcGcifQ%3D%3D\">\n\t\t\t\t\t\t\t<img loading=\"lazy\" decoding=\"async\" width=\"750\" height=\"501\" src=\"https:\/\/monachilsierranevadaturismo.es\/en\/wp-content\/uploads\/2023\/02\/monachil1-scaled-1-768x513.jpg\" class=\"attachment-medium_large size-medium_large wp-image-5013\" alt=\"\" srcset=\"https:\/\/monachilsierranevadaturismo.es\/en\/wp-content\/uploads\/2023\/02\/monachil1-scaled-1-768x513.jpg 768w, https:\/\/monachilsierranevadaturismo.es\/en\/wp-content\/uploads\/2023\/02\/monachil1-scaled-1-300x201.jpg 300w, https:\/\/monachilsierranevadaturismo.es\/en\/wp-content\/uploads\/2023\/02\/monachil1-scaled-1-1024x684.jpg 1024w, https:\/\/monachilsierranevadaturismo.es\/en\/wp-content\/uploads\/2023\/02\/monachil1-scaled-1-1536x1027.jpg 1536w, https:\/\/monachilsierranevadaturismo.es\/en\/wp-content\/uploads\/2023\/02\/monachil1-scaled-1-2048x1369.jpg 2048w, https:\/\/monachilsierranevadaturismo.es\/en\/wp-content\/uploads\/2023\/02\/monachil1-scaled-1-1568x1048.jpg 1568w\" sizes=\"(max-width: 750px) 100vw, 750px\" style=\"width:100%;height:66.84%;max-width:2560px\" \/>\t\t\t\t\t\t\t\t<\/a>\n\t\t\t\t\t\t\t\t\t\t\t\t\t\t\t<\/div>\n\t\t\t\t<\/div>\n\t\t\t\t\t<\/div>\n\t\t<\/div>\n\t\t\t\t<div class=\"elementor-column elementor-col-33 elementor-top-column elementor-element elementor-element-6adce247\" data-id=\"6adce247\" data-element_type=\"column\">\n\t\t\t<div class=\"elementor-widget-wrap elementor-element-populated\">\n\t\t\t\t\t\t<div class=\"elementor-element elementor-element-7c840795 elementor-widget elementor-widget-image\" data-id=\"7c840795\" data-element_type=\"widget\" data-widget_type=\"image.default\">\n\t\t\t\t<div class=\"elementor-widget-container\">\n\t\t\t\t\t\t\t\t\t\t\t\t\t\t\t\t<a href=\"http:\/\/monachilsierranevadaturismo.es\/en\/wp-content\/uploads\/2023\/02\/cocones-scaled-2.jpg\" data-elementor-open-lightbox=\"yes\" data-elementor-lightbox-title=\"cocones-scaled.jpg\" data-e-action-hash=\"#elementor-action%3Aaction%3Dlightbox%26settings%3DeyJpZCI6NTAxNSwidXJsIjoiaHR0cHM6XC9cL21vbmFjaGlsc2llcnJhbmV2YWRhdHVyaXNtby5lc1wvZW5cL3dwLWNvbnRlbnRcL3VwbG9hZHNcLzIwMjNcLzAyXC9jb2NvbmVzLXNjYWxlZC0yLmpwZyJ9\">\n\t\t\t\t\t\t\t<img loading=\"lazy\" decoding=\"async\" width=\"750\" height=\"501\" src=\"https:\/\/monachilsierranevadaturismo.es\/en\/wp-content\/uploads\/2023\/02\/cocones-scaled-2-768x513.jpg\" class=\"attachment-medium_large size-medium_large wp-image-5015\" alt=\"\" srcset=\"https:\/\/monachilsierranevadaturismo.es\/en\/wp-content\/uploads\/2023\/02\/cocones-scaled-2-768x513.jpg 768w, https:\/\/monachilsierranevadaturismo.es\/en\/wp-content\/uploads\/2023\/02\/cocones-scaled-2-300x200.jpg 300w, https:\/\/monachilsierranevadaturismo.es\/en\/wp-content\/uploads\/2023\/02\/cocones-scaled-2-1024x684.jpg 1024w, https:\/\/monachilsierranevadaturismo.es\/en\/wp-content\/uploads\/2023\/02\/cocones-scaled-2-1536x1025.jpg 1536w, https:\/\/monachilsierranevadaturismo.es\/en\/wp-content\/uploads\/2023\/02\/cocones-scaled-2-2048x1367.jpg 2048w, https:\/\/monachilsierranevadaturismo.es\/en\/wp-content\/uploads\/2023\/02\/cocones-scaled-2-1568x1047.jpg 1568w\" sizes=\"(max-width: 750px) 100vw, 750px\" style=\"width:100%;height:66.76%;max-width:2560px\" \/>\t\t\t\t\t\t\t\t<\/a>\n\t\t\t\t\t\t\t\t\t\t\t\t\t\t\t<\/div>\n\t\t\t\t<\/div>\n\t\t\t\t\t<\/div>\n\t\t<\/div>\n\t\t\t\t<div class=\"elementor-column elementor-col-33 elementor-top-column elementor-element elementor-element-37a4358d\" data-id=\"37a4358d\" data-element_type=\"column\">\n\t\t\t<div class=\"elementor-widget-wrap elementor-element-populated\">\n\t\t\t\t\t\t<div class=\"elementor-element elementor-element-6e14b6b6 elementor-widget elementor-widget-image\" data-id=\"6e14b6b6\" data-element_type=\"widget\" data-widget_type=\"image.default\">\n\t\t\t\t<div class=\"elementor-widget-container\">\n\t\t\t\t\t\t\t\t\t\t\t\t\t\t\t\t<a href=\"http:\/\/monachilsierranevadaturismo.es\/en\/wp-content\/uploads\/2023\/02\/bastion-scaled-2.jpg\" data-elementor-open-lightbox=\"yes\" data-elementor-lightbox-title=\"bastion-scaled.jpg\" data-e-action-hash=\"#elementor-action%3Aaction%3Dlightbox%26settings%3DeyJpZCI6NTAxNywidXJsIjoiaHR0cHM6XC9cL21vbmFjaGlsc2llcnJhbmV2YWRhdHVyaXNtby5lc1wvZW5cL3dwLWNvbnRlbnRcL3VwbG9hZHNcLzIwMjNcLzAyXC9iYXN0aW9uLXNjYWxlZC0yLmpwZyJ9\">\n\t\t\t\t\t\t\t<img loading=\"lazy\" decoding=\"async\" width=\"750\" height=\"501\" src=\"https:\/\/monachilsierranevadaturismo.es\/en\/wp-content\/uploads\/2023\/02\/bastion-scaled-2-768x513.jpg\" class=\"attachment-medium_large size-medium_large wp-image-5017\" alt=\"\" srcset=\"https:\/\/monachilsierranevadaturismo.es\/en\/wp-content\/uploads\/2023\/02\/bastion-scaled-2-768x513.jpg 768w, https:\/\/monachilsierranevadaturismo.es\/en\/wp-content\/uploads\/2023\/02\/bastion-scaled-2-300x200.jpg 300w, https:\/\/monachilsierranevadaturismo.es\/en\/wp-content\/uploads\/2023\/02\/bastion-scaled-2-1024x684.jpg 1024w, https:\/\/monachilsierranevadaturismo.es\/en\/wp-content\/uploads\/2023\/02\/bastion-scaled-2-1536x1025.jpg 1536w, https:\/\/monachilsierranevadaturismo.es\/en\/wp-content\/uploads\/2023\/02\/bastion-scaled-2-2048x1367.jpg 2048w, https:\/\/monachilsierranevadaturismo.es\/en\/wp-content\/uploads\/2023\/02\/bastion-scaled-2-1568x1047.jpg 1568w\" sizes=\"(max-width: 750px) 100vw, 750px\" style=\"width:100%;height:66.76%;max-width:2560px\" \/>\t\t\t\t\t\t\t\t<\/a>\n\t\t\t\t\t\t\t\t\t\t\t\t\t\t\t<\/div>\n\t\t\t\t<\/div>\n\t\t\t\t\t<\/div>\n\t\t<\/div>\n\t\t\t\t\t<\/div>\n\t\t<\/section>\n\t\t\t\t<section class=\"elementor-section elementor-top-section elementor-element elementor-element-25fb2a6e elementor-section-boxed elementor-section-height-default elementor-section-height-default\" data-id=\"25fb2a6e\" data-element_type=\"section\">\n\t\t\t\t\t\t<div class=\"elementor-container elementor-column-gap-default\">\n\t\t\t\t\t<div class=\"elementor-column elementor-col-33 elementor-top-column elementor-element elementor-element-1449e2cc\" data-id=\"1449e2cc\" data-element_type=\"column\">\n\t\t\t<div class=\"elementor-widget-wrap elementor-element-populated\">\n\t\t\t\t\t\t<div class=\"elementor-element elementor-element-1a36d64f elementor-widget elementor-widget-image\" data-id=\"1a36d64f\" data-element_type=\"widget\" data-widget_type=\"image.default\">\n\t\t\t\t<div class=\"elementor-widget-container\">\n\t\t\t\t\t\t\t\t\t\t\t\t\t\t\t\t<a href=\"http:\/\/monachilsierranevadaturismo.es\/en\/wp-content\/uploads\/2023\/02\/boca-scaled-1.jpg\" data-elementor-open-lightbox=\"yes\" data-elementor-lightbox-title=\"boca-scaled.jpg\" data-e-action-hash=\"#elementor-action%3Aaction%3Dlightbox%26settings%3DeyJpZCI6NTAxOCwidXJsIjoiaHR0cHM6XC9cL21vbmFjaGlsc2llcnJhbmV2YWRhdHVyaXNtby5lc1wvZW5cL3dwLWNvbnRlbnRcL3VwbG9hZHNcLzIwMjNcLzAyXC9ib2NhLXNjYWxlZC0xLmpwZyJ9\">\n\t\t\t\t\t\t\t<img loading=\"lazy\" decoding=\"async\" width=\"750\" height=\"501\" src=\"https:\/\/monachilsierranevadaturismo.es\/en\/wp-content\/uploads\/2023\/02\/boca-scaled-1-768x513.jpg\" class=\"attachment-medium_large size-medium_large wp-image-5018\" alt=\"\" srcset=\"https:\/\/monachilsierranevadaturismo.es\/en\/wp-content\/uploads\/2023\/02\/boca-scaled-1-768x513.jpg 768w, https:\/\/monachilsierranevadaturismo.es\/en\/wp-content\/uploads\/2023\/02\/boca-scaled-1-300x200.jpg 300w, https:\/\/monachilsierranevadaturismo.es\/en\/wp-content\/uploads\/2023\/02\/boca-scaled-1-1024x684.jpg 1024w, https:\/\/monachilsierranevadaturismo.es\/en\/wp-content\/uploads\/2023\/02\/boca-scaled-1-1536x1025.jpg 1536w, https:\/\/monachilsierranevadaturismo.es\/en\/wp-content\/uploads\/2023\/02\/boca-scaled-1-2048x1367.jpg 2048w, https:\/\/monachilsierranevadaturismo.es\/en\/wp-content\/uploads\/2023\/02\/boca-scaled-1-1568x1047.jpg 1568w\" sizes=\"(max-width: 750px) 100vw, 750px\" style=\"width:100%;height:66.76%;max-width:2560px\" \/>\t\t\t\t\t\t\t\t<\/a>\n\t\t\t\t\t\t\t\t\t\t\t\t\t\t\t<\/div>\n\t\t\t\t<\/div>\n\t\t\t\t\t<\/div>\n\t\t<\/div>\n\t\t\t\t<div class=\"elementor-column elementor-col-33 elementor-top-column elementor-element elementor-element-75763736\" data-id=\"75763736\" data-element_type=\"column\">\n\t\t\t<div class=\"elementor-widget-wrap elementor-element-populated\">\n\t\t\t\t\t\t<div class=\"elementor-element elementor-element-4204eec2 elementor-widget elementor-widget-image\" data-id=\"4204eec2\" data-element_type=\"widget\" data-widget_type=\"image.default\">\n\t\t\t\t<div class=\"elementor-widget-container\">\n\t\t\t\t\t\t\t\t\t\t\t\t\t\t\t\t<a href=\"http:\/\/monachilsierranevadaturismo.es\/en\/wp-content\/uploads\/2023\/02\/arbolessecos-scaled-1.jpg\" data-elementor-open-lightbox=\"yes\" data-elementor-lightbox-title=\"arbolessecos-scaled.jpg\" data-e-action-hash=\"#elementor-action%3Aaction%3Dlightbox%26settings%3DeyJpZCI6IjUwMDIiLCJ1cmwiOiJodHRwczpcL1wvbW9uYWNoaWxzaWVycmFuZXZhZGF0dXJpc21vLmVzXC9lblwvd3AtY29udGVudFwvdXBsb2Fkc1wvMjAyM1wvMDJcL2FyYm9sZXNzZWNvcy1zY2FsZWQtMS5qcGcifQ%3D%3D\">\n\t\t\t\t\t\t\t<img loading=\"lazy\" decoding=\"async\" width=\"750\" height=\"500\" src=\"https:\/\/monachilsierranevadaturismo.es\/en\/wp-content\/uploads\/2023\/02\/arbolessecos-scaled-1-768x512.jpg\" class=\"attachment-medium_large size-medium_large wp-image-5002\" alt=\"\" srcset=\"https:\/\/monachilsierranevadaturismo.es\/en\/wp-content\/uploads\/2023\/02\/arbolessecos-scaled-1-768x512.jpg 768w, https:\/\/monachilsierranevadaturismo.es\/en\/wp-content\/uploads\/2023\/02\/arbolessecos-scaled-1-300x200.jpg 300w, https:\/\/monachilsierranevadaturismo.es\/en\/wp-content\/uploads\/2023\/02\/arbolessecos-scaled-1-1024x683.jpg 1024w, https:\/\/monachilsierranevadaturismo.es\/en\/wp-content\/uploads\/2023\/02\/arbolessecos-scaled-1-1536x1024.jpg 1536w, https:\/\/monachilsierranevadaturismo.es\/en\/wp-content\/uploads\/2023\/02\/arbolessecos-scaled-1-2048x1366.jpg 2048w, https:\/\/monachilsierranevadaturismo.es\/en\/wp-content\/uploads\/2023\/02\/arbolessecos-scaled-1-1568x1046.jpg 1568w\" sizes=\"(max-width: 750px) 100vw, 750px\" style=\"width:100%;height:66.68%;max-width:2560px\" \/>\t\t\t\t\t\t\t\t<\/a>\n\t\t\t\t\t\t\t\t\t\t\t\t\t\t\t<\/div>\n\t\t\t\t<\/div>\n\t\t\t\t\t<\/div>\n\t\t<\/div>\n\t\t\t\t<div class=\"elementor-column elementor-col-33 elementor-top-column elementor-element elementor-element-1e7db7f\" data-id=\"1e7db7f\" data-element_type=\"column\">\n\t\t\t<div class=\"elementor-widget-wrap elementor-element-populated\">\n\t\t\t\t\t\t<div class=\"elementor-element elementor-element-2d5bc10 elementor-widget elementor-widget-image\" data-id=\"2d5bc10\" data-element_type=\"widget\" data-widget_type=\"image.default\">\n\t\t\t\t<div class=\"elementor-widget-container\">\n\t\t\t\t\t\t\t\t\t\t\t\t\t\t\t\t<a href=\"http:\/\/monachilsierranevadaturismo.es\/en\/wp-content\/uploads\/2023\/02\/cahorros-scaled-1.jpg\" data-elementor-open-lightbox=\"yes\" data-elementor-lightbox-title=\"cahorros-scaled.jpg\" data-e-action-hash=\"#elementor-action%3Aaction%3Dlightbox%26settings%3DeyJpZCI6NTAxOSwidXJsIjoiaHR0cHM6XC9cL21vbmFjaGlsc2llcnJhbmV2YWRhdHVyaXNtby5lc1wvZW5cL3dwLWNvbnRlbnRcL3VwbG9hZHNcLzIwMjNcLzAyXC9jYWhvcnJvcy1zY2FsZWQtMS5qcGcifQ%3D%3D\">\n\t\t\t\t\t\t\t<img loading=\"lazy\" decoding=\"async\" width=\"750\" height=\"510\" src=\"https:\/\/monachilsierranevadaturismo.es\/en\/wp-content\/uploads\/2023\/02\/cahorros-scaled-1-768x522.jpg\" class=\"attachment-medium_large size-medium_large wp-image-5019\" alt=\"\" srcset=\"https:\/\/monachilsierranevadaturismo.es\/en\/wp-content\/uploads\/2023\/02\/cahorros-scaled-1-768x522.jpg 768w, https:\/\/monachilsierranevadaturismo.es\/en\/wp-content\/uploads\/2023\/02\/cahorros-scaled-1-300x204.jpg 300w, https:\/\/monachilsierranevadaturismo.es\/en\/wp-content\/uploads\/2023\/02\/cahorros-scaled-1-1024x696.jpg 1024w, https:\/\/monachilsierranevadaturismo.es\/en\/wp-content\/uploads\/2023\/02\/cahorros-scaled-1-1536x1044.jpg 1536w, https:\/\/monachilsierranevadaturismo.es\/en\/wp-content\/uploads\/2023\/02\/cahorros-scaled-1-2048x1392.jpg 2048w, https:\/\/monachilsierranevadaturismo.es\/en\/wp-content\/uploads\/2023\/02\/cahorros-scaled-1-1568x1066.jpg 1568w\" sizes=\"(max-width: 750px) 100vw, 750px\" style=\"width:100%;height:67.97%;max-width:2560px\" \/>\t\t\t\t\t\t\t\t<\/a>\n\t\t\t\t\t\t\t\t\t\t\t\t\t\t\t<\/div>\n\t\t\t\t<\/div>\n\t\t\t\t\t<\/div>\n\t\t<\/div>\n\t\t\t\t\t<\/div>\n\t\t<\/section>\n\t\t\t\t<section class=\"elementor-section elementor-top-section elementor-element elementor-element-3e5fd95 elementor-section-boxed elementor-section-height-default elementor-section-height-default\" data-id=\"3e5fd95\" data-element_type=\"section\">\n\t\t\t\t\t\t<div class=\"elementor-container elementor-column-gap-default\">\n\t\t\t\t\t<div class=\"elementor-column elementor-col-100 elementor-top-column elementor-element elementor-element-364a61a5\" data-id=\"364a61a5\" data-element_type=\"column\">\n\t\t\t<div class=\"elementor-widget-wrap elementor-element-populated\">\n\t\t\t\t\t\t<div class=\"elementor-element elementor-element-5384e6ed elementor-widget elementor-widget-heading\" data-id=\"5384e6ed\" data-element_type=\"widget\" data-widget_type=\"heading.default\">\n\t\t\t\t<div class=\"elementor-widget-container\">\n\t\t\t\t\t<h1 class=\"elementor-heading-title elementor-size-default\">Andr\u00e9s Ure\u00f1a<\/h1>\t\t\t\t<\/div>\n\t\t\t\t<\/div>\n\t\t\t\t<div class=\"elementor-element elementor-element-3469b78f elementor-widget elementor-widget-text-editor\" data-id=\"3469b78f\" data-element_type=\"widget\" data-widget_type=\"text-editor.default\">\n\t\t\t\t<div class=\"elementor-widget-container\">\n\t\t\t\t\t\t\t\t\t<p>Contamos con la suerte de tener a un vecino natural del municipio como el reconocido fot\u00f3grafo Andr\u00e9s Ure\u00f1a. Apasionado de la fotograf\u00eda y del monta\u00f1ismo, recorre nuestras tierras sacando magn\u00edficas instant\u00e1neas que permiten visualizar y transmitir lo que la naturaleza realmente nos ense\u00f1a. Sus fotograf\u00edas recorren exposiciones provinciales, nacionales y internacionales.\u00a0\u00a0<\/p>\t\t\t\t\t\t\t\t<\/div>\n\t\t\t\t<\/div>\n\t\t\t\t\t<\/div>\n\t\t<\/div>\n\t\t\t\t\t<\/div>\n\t\t<\/section>\n\t\t\t\t<section class=\"elementor-section elementor-top-section elementor-element elementor-element-16623a6e elementor-section-boxed elementor-section-height-default elementor-section-height-default\" data-id=\"16623a6e\" data-element_type=\"section\">\n\t\t\t\t\t\t<div class=\"elementor-container elementor-column-gap-default\">\n\t\t\t\t\t<div class=\"elementor-column elementor-col-33 elementor-top-column elementor-element elementor-element-3b1f68c5\" data-id=\"3b1f68c5\" data-element_type=\"column\">\n\t\t\t<div class=\"elementor-widget-wrap elementor-element-populated\">\n\t\t\t\t\t\t<div class=\"elementor-element elementor-element-25f5104f elementor-widget elementor-widget-image\" data-id=\"25f5104f\" data-element_type=\"widget\" data-widget_type=\"image.default\">\n\t\t\t\t<div class=\"elementor-widget-container\">\n\t\t\t\t\t\t\t\t\t\t\t\t\t\t\t\t<a href=\"http:\/\/monachilsierranevadaturismo.es\/en\/wp-content\/uploads\/2023\/02\/trevenq-nevado-scaled-1.jpg\" data-elementor-open-lightbox=\"yes\" data-elementor-lightbox-title=\"trevenq-nevado-scaled.jpg\" data-e-action-hash=\"#elementor-action%3Aaction%3Dlightbox%26settings%3DeyJpZCI6IjQ5OTUiLCJ1cmwiOiJodHRwczpcL1wvbW9uYWNoaWxzaWVycmFuZXZhZGF0dXJpc21vLmVzXC9lblwvd3AtY29udGVudFwvdXBsb2Fkc1wvMjAyM1wvMDJcL3RyZXZlbnEtbmV2YWRvLXNjYWxlZC0xLmpwZyJ9\">\n\t\t\t\t\t\t\t<img fetchpriority=\"high\" decoding=\"async\" width=\"750\" height=\"501\" src=\"https:\/\/monachilsierranevadaturismo.es\/en\/wp-content\/uploads\/2023\/02\/trevenq-nevado-scaled-1-768x513.jpg\" class=\"attachment-medium_large size-medium_large wp-image-4995\" alt=\"\" srcset=\"https:\/\/monachilsierranevadaturismo.es\/en\/wp-content\/uploads\/2023\/02\/trevenq-nevado-scaled-1-768x513.jpg 768w, https:\/\/monachilsierranevadaturismo.es\/en\/wp-content\/uploads\/2023\/02\/trevenq-nevado-scaled-1-300x200.jpg 300w, https:\/\/monachilsierranevadaturismo.es\/en\/wp-content\/uploads\/2023\/02\/trevenq-nevado-scaled-1-1024x684.jpg 1024w, https:\/\/monachilsierranevadaturismo.es\/en\/wp-content\/uploads\/2023\/02\/trevenq-nevado-scaled-1-1536x1025.jpg 1536w, https:\/\/monachilsierranevadaturismo.es\/en\/wp-content\/uploads\/2023\/02\/trevenq-nevado-scaled-1-2048x1367.jpg 2048w, https:\/\/monachilsierranevadaturismo.es\/en\/wp-content\/uploads\/2023\/02\/trevenq-nevado-scaled-1-1568x1047.jpg 1568w\" sizes=\"(max-width: 750px) 100vw, 750px\" style=\"width:100%;height:66.76%;max-width:2560px\" \/>\t\t\t\t\t\t\t\t<\/a>\n\t\t\t\t\t\t\t\t\t\t\t\t\t\t\t<\/div>\n\t\t\t\t<\/div>\n\t\t\t\t\t<\/div>\n\t\t<\/div>\n\t\t\t\t<div class=\"elementor-column elementor-col-33 elementor-top-column elementor-element elementor-element-7ba82186\" data-id=\"7ba82186\" data-element_type=\"column\">\n\t\t\t<div class=\"elementor-widget-wrap elementor-element-populated\">\n\t\t\t\t\t\t<div class=\"elementor-element elementor-element-4d3366e4 elementor-widget elementor-widget-image\" data-id=\"4d3366e4\" data-element_type=\"widget\" data-widget_type=\"image.default\">\n\t\t\t\t<div class=\"elementor-widget-container\">\n\t\t\t\t\t\t\t\t\t\t\t\t\t\t\t\t<a href=\"http:\/\/monachilsierranevadaturismo.es\/en\/wp-content\/uploads\/2023\/02\/puente2-scaled-1.jpg\" data-elementor-open-lightbox=\"yes\" data-elementor-lightbox-title=\"puente2-scaled.jpg\" data-e-action-hash=\"#elementor-action%3Aaction%3Dlightbox%26settings%3DeyJpZCI6IjQ5OTYiLCJ1cmwiOiJodHRwczpcL1wvbW9uYWNoaWxzaWVycmFuZXZhZGF0dXJpc21vLmVzXC9lblwvd3AtY29udGVudFwvdXBsb2Fkc1wvMjAyM1wvMDJcL3B1ZW50ZTItc2NhbGVkLTEuanBnIn0%3D\">\n\t\t\t\t\t\t\t<img decoding=\"async\" width=\"750\" height=\"502\" src=\"https:\/\/monachilsierranevadaturismo.es\/en\/wp-content\/uploads\/2023\/02\/puente2-scaled-1-768x514.jpg\" class=\"attachment-medium_large size-medium_large wp-image-4996\" alt=\"\" srcset=\"https:\/\/monachilsierranevadaturismo.es\/en\/wp-content\/uploads\/2023\/02\/puente2-scaled-1-768x514.jpg 768w, https:\/\/monachilsierranevadaturismo.es\/en\/wp-content\/uploads\/2023\/02\/puente2-scaled-1-300x201.jpg 300w, https:\/\/monachilsierranevadaturismo.es\/en\/wp-content\/uploads\/2023\/02\/puente2-scaled-1-1024x686.jpg 1024w, https:\/\/monachilsierranevadaturismo.es\/en\/wp-content\/uploads\/2023\/02\/puente2-scaled-1-1536x1028.jpg 1536w, https:\/\/monachilsierranevadaturismo.es\/en\/wp-content\/uploads\/2023\/02\/puente2-scaled-1-2048x1371.jpg 2048w, https:\/\/monachilsierranevadaturismo.es\/en\/wp-content\/uploads\/2023\/02\/puente2-scaled-1-1568x1050.jpg 1568w\" sizes=\"(max-width: 750px) 100vw, 750px\" style=\"width:100%;height:66.95%;max-width:2560px\" \/>\t\t\t\t\t\t\t\t<\/a>\n\t\t\t\t\t\t\t\t\t\t\t\t\t\t\t<\/div>\n\t\t\t\t<\/div>\n\t\t\t\t\t<\/div>\n\t\t<\/div>\n\t\t\t\t<div class=\"elementor-column elementor-col-33 elementor-top-column elementor-element elementor-element-36cc2ade\" data-id=\"36cc2ade\" data-element_type=\"column\">\n\t\t\t<div class=\"elementor-widget-wrap elementor-element-populated\">\n\t\t\t\t\t\t<div class=\"elementor-element elementor-element-3dd1c002 elementor-widget elementor-widget-image\" data-id=\"3dd1c002\" data-element_type=\"widget\" data-widget_type=\"image.default\">\n\t\t\t\t<div class=\"elementor-widget-container\">\n\t\t\t\t\t\t\t\t\t\t\t\t\t\t\t\t<a href=\"http:\/\/monachilsierranevadaturismo.es\/en\/wp-content\/uploads\/2023\/02\/veleta3-scaled-1.jpg\" data-elementor-open-lightbox=\"yes\" data-elementor-lightbox-title=\"veleta3-scaled.jpg\" data-e-action-hash=\"#elementor-action%3Aaction%3Dlightbox%26settings%3DeyJpZCI6IjQ5OTciLCJ1cmwiOiJodHRwczpcL1wvbW9uYWNoaWxzaWVycmFuZXZhZGF0dXJpc21vLmVzXC9lblwvd3AtY29udGVudFwvdXBsb2Fkc1wvMjAyM1wvMDJcL3ZlbGV0YTMtc2NhbGVkLTEuanBnIn0%3D\">\n\t\t\t\t\t\t\t<img decoding=\"async\" width=\"750\" height=\"502\" src=\"https:\/\/monachilsierranevadaturismo.es\/en\/wp-content\/uploads\/2023\/02\/veleta3-scaled-1-768x514.jpg\" class=\"attachment-medium_large size-medium_large wp-image-4997\" alt=\"\" srcset=\"https:\/\/monachilsierranevadaturismo.es\/en\/wp-content\/uploads\/2023\/02\/veleta3-scaled-1-768x514.jpg 768w, https:\/\/monachilsierranevadaturismo.es\/en\/wp-content\/uploads\/2023\/02\/veleta3-scaled-1-300x201.jpg 300w, https:\/\/monachilsierranevadaturismo.es\/en\/wp-content\/uploads\/2023\/02\/veleta3-scaled-1-1024x686.jpg 1024w, https:\/\/monachilsierranevadaturismo.es\/en\/wp-content\/uploads\/2023\/02\/veleta3-scaled-1-1536x1028.jpg 1536w, https:\/\/monachilsierranevadaturismo.es\/en\/wp-content\/uploads\/2023\/02\/veleta3-scaled-1-2048x1371.jpg 2048w, https:\/\/monachilsierranevadaturismo.es\/en\/wp-content\/uploads\/2023\/02\/veleta3-scaled-1-1568x1050.jpg 1568w\" sizes=\"(max-width: 750px) 100vw, 750px\" style=\"width:100%;height:66.95%;max-width:2560px\" \/>\t\t\t\t\t\t\t\t<\/a>\n\t\t\t\t\t\t\t\t\t\t\t\t\t\t\t<\/div>\n\t\t\t\t<\/div>\n\t\t\t\t\t<\/div>\n\t\t<\/div>\n\t\t\t\t\t<\/div>\n\t\t<\/section>\n\t\t\t\t<section class=\"elementor-section elementor-top-section elementor-element elementor-element-15a5e28d elementor-section-boxed elementor-section-height-default elementor-section-height-default\" data-id=\"15a5e28d\" data-element_type=\"section\">\n\t\t\t\t\t\t<div class=\"elementor-container elementor-column-gap-default\">\n\t\t\t\t\t<div class=\"elementor-column elementor-col-33 elementor-top-column elementor-element elementor-element-3c632c5a\" data-id=\"3c632c5a\" data-element_type=\"column\">\n\t\t\t<div class=\"elementor-widget-wrap elementor-element-populated\">\n\t\t\t\t\t\t<div class=\"elementor-element elementor-element-11e4583 elementor-widget elementor-widget-image\" data-id=\"11e4583\" data-element_type=\"widget\" data-widget_type=\"image.default\">\n\t\t\t\t<div class=\"elementor-widget-container\">\n\t\t\t\t\t\t\t\t\t\t\t\t\t\t\t\t<a href=\"http:\/\/monachilsierranevadaturismo.es\/en\/wp-content\/uploads\/2023\/02\/treven7-scaled-1.jpg\" data-elementor-open-lightbox=\"yes\" data-elementor-lightbox-title=\"treven7-scaled.jpg\" data-e-action-hash=\"#elementor-action%3Aaction%3Dlightbox%26settings%3DeyJpZCI6IjQ5OTgiLCJ1cmwiOiJodHRwczpcL1wvbW9uYWNoaWxzaWVycmFuZXZhZGF0dXJpc21vLmVzXC9lblwvd3AtY29udGVudFwvdXBsb2Fkc1wvMjAyM1wvMDJcL3RyZXZlbjctc2NhbGVkLTEuanBnIn0%3D\">\n\t\t\t\t\t\t\t<img loading=\"lazy\" decoding=\"async\" width=\"750\" height=\"422\" src=\"https:\/\/monachilsierranevadaturismo.es\/en\/wp-content\/uploads\/2023\/02\/treven7-scaled-1-768x432.jpg\" class=\"attachment-medium_large size-medium_large wp-image-4998\" alt=\"\" srcset=\"https:\/\/monachilsierranevadaturismo.es\/en\/wp-content\/uploads\/2023\/02\/treven7-scaled-1-768x432.jpg 768w, https:\/\/monachilsierranevadaturismo.es\/en\/wp-content\/uploads\/2023\/02\/treven7-scaled-1-300x169.jpg 300w, https:\/\/monachilsierranevadaturismo.es\/en\/wp-content\/uploads\/2023\/02\/treven7-scaled-1-1024x576.jpg 1024w, https:\/\/monachilsierranevadaturismo.es\/en\/wp-content\/uploads\/2023\/02\/treven7-scaled-1-1536x864.jpg 1536w, https:\/\/monachilsierranevadaturismo.es\/en\/wp-content\/uploads\/2023\/02\/treven7-scaled-1-2048x1152.jpg 2048w, https:\/\/monachilsierranevadaturismo.es\/en\/wp-content\/uploads\/2023\/02\/treven7-scaled-1-1568x882.jpg 1568w\" sizes=\"(max-width: 750px) 100vw, 750px\" style=\"width:100%;height:56.25%;max-width:2560px\" \/>\t\t\t\t\t\t\t\t<\/a>\n\t\t\t\t\t\t\t\t\t\t\t\t\t\t\t<\/div>\n\t\t\t\t<\/div>\n\t\t\t\t\t<\/div>\n\t\t<\/div>\n\t\t\t\t<div class=\"elementor-column elementor-col-33 elementor-top-column elementor-element elementor-element-32fc1591\" data-id=\"32fc1591\" data-element_type=\"column\">\n\t\t\t<div class=\"elementor-widget-wrap elementor-element-populated\">\n\t\t\t\t\t\t<div class=\"elementor-element elementor-element-4aef7ffc elementor-widget elementor-widget-image\" data-id=\"4aef7ffc\" data-element_type=\"widget\" data-widget_type=\"image.default\">\n\t\t\t\t<div class=\"elementor-widget-container\">\n\t\t\t\t\t\t\t\t\t\t\t\t\t\t\t\t<a href=\"http:\/\/monachilsierranevadaturismo.es\/en\/wp-content\/uploads\/2023\/02\/cabras-scaled-1.jpg\" data-elementor-open-lightbox=\"yes\" data-elementor-lightbox-title=\"cabras-scaled.jpg\" data-e-action-hash=\"#elementor-action%3Aaction%3Dlightbox%26settings%3DeyJpZCI6IjQ5OTkiLCJ1cmwiOiJodHRwczpcL1wvbW9uYWNoaWxzaWVycmFuZXZhZGF0dXJpc21vLmVzXC9lblwvd3AtY29udGVudFwvdXBsb2Fkc1wvMjAyM1wvMDJcL2NhYnJhcy1zY2FsZWQtMS5qcGcifQ%3D%3D\">\n\t\t\t\t\t\t\t<img loading=\"lazy\" decoding=\"async\" width=\"750\" height=\"501\" src=\"https:\/\/monachilsierranevadaturismo.es\/en\/wp-content\/uploads\/2023\/02\/cabras-scaled-1-768x513.jpg\" class=\"attachment-medium_large size-medium_large wp-image-4999\" alt=\"\" srcset=\"https:\/\/monachilsierranevadaturismo.es\/en\/wp-content\/uploads\/2023\/02\/cabras-scaled-1-768x513.jpg 768w, https:\/\/monachilsierranevadaturismo.es\/en\/wp-content\/uploads\/2023\/02\/cabras-scaled-1-300x200.jpg 300w, https:\/\/monachilsierranevadaturismo.es\/en\/wp-content\/uploads\/2023\/02\/cabras-scaled-1-1024x684.jpg 1024w, https:\/\/monachilsierranevadaturismo.es\/en\/wp-content\/uploads\/2023\/02\/cabras-scaled-1-1536x1025.jpg 1536w, https:\/\/monachilsierranevadaturismo.es\/en\/wp-content\/uploads\/2023\/02\/cabras-scaled-1-2048x1367.jpg 2048w, https:\/\/monachilsierranevadaturismo.es\/en\/wp-content\/uploads\/2023\/02\/cabras-scaled-1-1568x1047.jpg 1568w\" sizes=\"(max-width: 750px) 100vw, 750px\" style=\"width:100%;height:66.76%;max-width:2560px\" \/>\t\t\t\t\t\t\t\t<\/a>\n\t\t\t\t\t\t\t\t\t\t\t\t\t\t\t<\/div>\n\t\t\t\t<\/div>\n\t\t\t\t\t<\/div>\n\t\t<\/div>\n\t\t\t\t<div class=\"elementor-column elementor-col-33 elementor-top-column elementor-element elementor-element-5e2759b8\" data-id=\"5e2759b8\" data-element_type=\"column\">\n\t\t\t<div class=\"elementor-widget-wrap elementor-element-populated\">\n\t\t\t\t\t\t<div class=\"elementor-element elementor-element-29e5473f elementor-widget elementor-widget-image\" data-id=\"29e5473f\" data-element_type=\"widget\" data-widget_type=\"image.default\">\n\t\t\t\t<div class=\"elementor-widget-container\">\n\t\t\t\t\t\t\t\t\t\t\t\t\t\t\t\t<a href=\"http:\/\/monachilsierranevadaturismo.es\/en\/wp-content\/uploads\/2023\/02\/cueva2.jpg\" data-elementor-open-lightbox=\"yes\" data-elementor-lightbox-title=\"cueva2.jpg\" data-e-action-hash=\"#elementor-action%3Aaction%3Dlightbox%26settings%3DeyJpZCI6IjUwMDAiLCJ1cmwiOiJodHRwczpcL1wvbW9uYWNoaWxzaWVycmFuZXZhZGF0dXJpc21vLmVzXC9lblwvd3AtY29udGVudFwvdXBsb2Fkc1wvMjAyM1wvMDJcL2N1ZXZhMi5qcGcifQ%3D%3D\">\n\t\t\t\t\t\t\t<img loading=\"lazy\" decoding=\"async\" width=\"750\" height=\"501\" src=\"https:\/\/monachilsierranevadaturismo.es\/en\/wp-content\/uploads\/2023\/02\/cueva2-768x513.jpg\" class=\"attachment-medium_large size-medium_large wp-image-5000\" alt=\"\" srcset=\"https:\/\/monachilsierranevadaturismo.es\/en\/wp-content\/uploads\/2023\/02\/cueva2-768x513.jpg 768w, https:\/\/monachilsierranevadaturismo.es\/en\/wp-content\/uploads\/2023\/02\/cueva2-300x200.jpg 300w, https:\/\/monachilsierranevadaturismo.es\/en\/wp-content\/uploads\/2023\/02\/cueva2-1024x683.jpg 1024w, https:\/\/monachilsierranevadaturismo.es\/en\/wp-content\/uploads\/2023\/02\/cueva2-1536x1025.jpg 1536w, https:\/\/monachilsierranevadaturismo.es\/en\/wp-content\/uploads\/2023\/02\/cueva2-2048x1367.jpg 2048w, https:\/\/monachilsierranevadaturismo.es\/en\/wp-content\/uploads\/2023\/02\/cueva2-1568x1046.jpg 1568w\" sizes=\"(max-width: 750px) 100vw, 750px\" style=\"width:100%;height:66.74%;max-width:2360px\" \/>\t\t\t\t\t\t\t\t<\/a>\n\t\t\t\t\t\t\t\t\t\t\t\t\t\t\t<\/div>\n\t\t\t\t<\/div>\n\t\t\t\t\t<\/div>\n\t\t<\/div>\n\t\t\t\t\t<\/div>\n\t\t<\/section>\n\t\t\t\t<section class=\"elementor-section elementor-top-section elementor-element elementor-element-3a87cbcb elementor-section-boxed elementor-section-height-default elementor-section-height-default\" data-id=\"3a87cbcb\" data-element_type=\"section\">\n\t\t\t\t\t\t<div class=\"elementor-container elementor-column-gap-default\">\n\t\t\t\t\t<div class=\"elementor-column elementor-col-33 elementor-top-column elementor-element elementor-element-4957a46d\" data-id=\"4957a46d\" data-element_type=\"column\">\n\t\t\t<div class=\"elementor-widget-wrap elementor-element-populated\">\n\t\t\t\t\t\t<div class=\"elementor-element elementor-element-4c182d86 elementor-widget elementor-widget-image\" data-id=\"4c182d86\" data-element_type=\"widget\" data-widget_type=\"image.default\">\n\t\t\t\t<div class=\"elementor-widget-container\">\n\t\t\t\t\t\t\t\t\t\t\t\t\t\t\t\t<a href=\"http:\/\/monachilsierranevadaturismo.es\/en\/wp-content\/uploads\/2023\/02\/nevada1-scaled-1.jpg\" data-elementor-open-lightbox=\"yes\" data-elementor-lightbox-title=\"nevada1-scaled.jpg\" data-e-action-hash=\"#elementor-action%3Aaction%3Dlightbox%26settings%3DeyJpZCI6IjUwMDEiLCJ1cmwiOiJodHRwczpcL1wvbW9uYWNoaWxzaWVycmFuZXZhZGF0dXJpc21vLmVzXC9lblwvd3AtY29udGVudFwvdXBsb2Fkc1wvMjAyM1wvMDJcL25ldmFkYTEtc2NhbGVkLTEuanBnIn0%3D\">\n\t\t\t\t\t\t\t<img loading=\"lazy\" decoding=\"async\" width=\"750\" height=\"502\" src=\"https:\/\/monachilsierranevadaturismo.es\/en\/wp-content\/uploads\/2023\/02\/nevada1-scaled-1-768x514.jpg\" class=\"attachment-medium_large size-medium_large wp-image-5001\" alt=\"\" srcset=\"https:\/\/monachilsierranevadaturismo.es\/en\/wp-content\/uploads\/2023\/02\/nevada1-scaled-1-768x514.jpg 768w, https:\/\/monachilsierranevadaturismo.es\/en\/wp-content\/uploads\/2023\/02\/nevada1-scaled-1-300x201.jpg 300w, https:\/\/monachilsierranevadaturismo.es\/en\/wp-content\/uploads\/2023\/02\/nevada1-scaled-1-1024x686.jpg 1024w, https:\/\/monachilsierranevadaturismo.es\/en\/wp-content\/uploads\/2023\/02\/nevada1-scaled-1-1536x1028.jpg 1536w, https:\/\/monachilsierranevadaturismo.es\/en\/wp-content\/uploads\/2023\/02\/nevada1-scaled-1-2048x1371.jpg 2048w, https:\/\/monachilsierranevadaturismo.es\/en\/wp-content\/uploads\/2023\/02\/nevada1-scaled-1-1568x1050.jpg 1568w\" sizes=\"(max-width: 750px) 100vw, 750px\" style=\"width:100%;height:66.95%;max-width:2560px\" \/>\t\t\t\t\t\t\t\t<\/a>\n\t\t\t\t\t\t\t\t\t\t\t\t\t\t\t<\/div>\n\t\t\t\t<\/div>\n\t\t\t\t\t<\/div>\n\t\t<\/div>\n\t\t\t\t<div class=\"elementor-column elementor-col-33 elementor-top-column elementor-element elementor-element-52c0e921\" data-id=\"52c0e921\" data-element_type=\"column\">\n\t\t\t<div class=\"elementor-widget-wrap elementor-element-populated\">\n\t\t\t\t\t\t<div class=\"elementor-element elementor-element-793126af elementor-widget elementor-widget-image\" data-id=\"793126af\" data-element_type=\"widget\" data-widget_type=\"image.default\">\n\t\t\t\t<div class=\"elementor-widget-container\">\n\t\t\t\t\t\t\t\t\t\t\t\t\t\t\t\t<a href=\"http:\/\/monachilsierranevadaturismo.es\/en\/wp-content\/uploads\/2023\/02\/arbolessecos-scaled-1.jpg\" data-elementor-open-lightbox=\"yes\" data-elementor-lightbox-title=\"arbolessecos-scaled.jpg\" data-e-action-hash=\"#elementor-action%3Aaction%3Dlightbox%26settings%3DeyJpZCI6IjUwMDIiLCJ1cmwiOiJodHRwczpcL1wvbW9uYWNoaWxzaWVycmFuZXZhZGF0dXJpc21vLmVzXC9lblwvd3AtY29udGVudFwvdXBsb2Fkc1wvMjAyM1wvMDJcL2FyYm9sZXNzZWNvcy1zY2FsZWQtMS5qcGcifQ%3D%3D\">\n\t\t\t\t\t\t\t<img loading=\"lazy\" decoding=\"async\" width=\"750\" height=\"500\" src=\"https:\/\/monachilsierranevadaturismo.es\/en\/wp-content\/uploads\/2023\/02\/arbolessecos-scaled-1-768x512.jpg\" class=\"attachment-medium_large size-medium_large wp-image-5002\" alt=\"\" srcset=\"https:\/\/monachilsierranevadaturismo.es\/en\/wp-content\/uploads\/2023\/02\/arbolessecos-scaled-1-768x512.jpg 768w, https:\/\/monachilsierranevadaturismo.es\/en\/wp-content\/uploads\/2023\/02\/arbolessecos-scaled-1-300x200.jpg 300w, https:\/\/monachilsierranevadaturismo.es\/en\/wp-content\/uploads\/2023\/02\/arbolessecos-scaled-1-1024x683.jpg 1024w, https:\/\/monachilsierranevadaturismo.es\/en\/wp-content\/uploads\/2023\/02\/arbolessecos-scaled-1-1536x1024.jpg 1536w, https:\/\/monachilsierranevadaturismo.es\/en\/wp-content\/uploads\/2023\/02\/arbolessecos-scaled-1-2048x1366.jpg 2048w, https:\/\/monachilsierranevadaturismo.es\/en\/wp-content\/uploads\/2023\/02\/arbolessecos-scaled-1-1568x1046.jpg 1568w\" sizes=\"(max-width: 750px) 100vw, 750px\" style=\"width:100%;height:66.68%;max-width:2560px\" \/>\t\t\t\t\t\t\t\t<\/a>\n\t\t\t\t\t\t\t\t\t\t\t\t\t\t\t<\/div>\n\t\t\t\t<\/div>\n\t\t\t\t\t<\/div>\n\t\t<\/div>\n\t\t\t\t<div class=\"elementor-column elementor-col-33 elementor-top-column elementor-element elementor-element-1e129285\" data-id=\"1e129285\" data-element_type=\"column\">\n\t\t\t<div class=\"elementor-widget-wrap elementor-element-populated\">\n\t\t\t\t\t\t<div class=\"elementor-element elementor-element-7020ac8b elementor-widget elementor-widget-image\" data-id=\"7020ac8b\" data-element_type=\"widget\" data-widget_type=\"image.default\">\n\t\t\t\t<div class=\"elementor-widget-container\">\n\t\t\t\t\t\t\t\t\t\t\t\t\t\t\t\t<a href=\"http:\/\/monachilsierranevadaturismo.es\/en\/wp-content\/uploads\/2023\/02\/mojontrigo-scaled-1.jpg\" data-elementor-open-lightbox=\"yes\" data-elementor-lightbox-title=\"mojontrigo-scaled.jpg\" data-e-action-hash=\"#elementor-action%3Aaction%3Dlightbox%26settings%3DeyJpZCI6IjUwMDMiLCJ1cmwiOiJodHRwczpcL1wvbW9uYWNoaWxzaWVycmFuZXZhZGF0dXJpc21vLmVzXC9lblwvd3AtY29udGVudFwvdXBsb2Fkc1wvMjAyM1wvMDJcL21vam9udHJpZ28tc2NhbGVkLTEuanBnIn0%3D\">\n\t\t\t\t\t\t\t<img loading=\"lazy\" decoding=\"async\" width=\"750\" height=\"501\" src=\"https:\/\/monachilsierranevadaturismo.es\/en\/wp-content\/uploads\/2023\/02\/mojontrigo-scaled-1-768x513.jpg\" class=\"attachment-medium_large size-medium_large wp-image-5003\" alt=\"\" srcset=\"https:\/\/monachilsierranevadaturismo.es\/en\/wp-content\/uploads\/2023\/02\/mojontrigo-scaled-1-768x513.jpg 768w, https:\/\/monachilsierranevadaturismo.es\/en\/wp-content\/uploads\/2023\/02\/mojontrigo-scaled-1-300x200.jpg 300w, https:\/\/monachilsierranevadaturismo.es\/en\/wp-content\/uploads\/2023\/02\/mojontrigo-scaled-1-1024x684.jpg 1024w, https:\/\/monachilsierranevadaturismo.es\/en\/wp-content\/uploads\/2023\/02\/mojontrigo-scaled-1-1536x1025.jpg 1536w, https:\/\/monachilsierranevadaturismo.es\/en\/wp-content\/uploads\/2023\/02\/mojontrigo-scaled-1-2048x1367.jpg 2048w, https:\/\/monachilsierranevadaturismo.es\/en\/wp-content\/uploads\/2023\/02\/mojontrigo-scaled-1-1568x1047.jpg 1568w\" sizes=\"(max-width: 750px) 100vw, 750px\" style=\"width:100%;height:66.76%;max-width:2560px\" \/>\t\t\t\t\t\t\t\t<\/a>\n\t\t\t\t\t\t\t\t\t\t\t\t\t\t\t<\/div>\n\t\t\t\t<\/div>\n\t\t\t\t\t<\/div>\n\t\t<\/div>\n\t\t\t\t\t<\/div>\n\t\t<\/section>\n\t\t\t\t<section class=\"elementor-section elementor-top-section elementor-element elementor-element-67f4849f elementor-section-boxed elementor-section-height-default elementor-section-height-default\" data-id=\"67f4849f\" data-element_type=\"section\">\n\t\t\t\t\t\t<div class=\"elementor-container elementor-column-gap-default\">\n\t\t\t\t\t<div class=\"elementor-column elementor-col-33 elementor-top-column elementor-element elementor-element-61610533\" data-id=\"61610533\" data-element_type=\"column\">\n\t\t\t<div class=\"elementor-widget-wrap elementor-element-populated\">\n\t\t\t\t\t\t<div class=\"elementor-element elementor-element-2ae2f4b5 elementor-widget elementor-widget-image\" data-id=\"2ae2f4b5\" data-element_type=\"widget\" data-widget_type=\"image.default\">\n\t\t\t\t<div class=\"elementor-widget-container\">\n\t\t\t\t\t\t\t\t\t\t\t\t\t\t\t\t<a href=\"http:\/\/monachilsierranevadaturismo.es\/en\/wp-content\/uploads\/2023\/02\/otono-scaled-1.jpg\" data-elementor-open-lightbox=\"yes\" data-elementor-lightbox-title=\"otono-scaled.jpg\" data-e-action-hash=\"#elementor-action%3Aaction%3Dlightbox%26settings%3DeyJpZCI6IjUwMDQiLCJ1cmwiOiJodHRwczpcL1wvbW9uYWNoaWxzaWVycmFuZXZhZGF0dXJpc21vLmVzXC9lblwvd3AtY29udGVudFwvdXBsb2Fkc1wvMjAyM1wvMDJcL290b25vLXNjYWxlZC0xLmpwZyJ9\">\n\t\t\t\t\t\t\t<img loading=\"lazy\" decoding=\"async\" width=\"750\" height=\"422\" src=\"https:\/\/monachilsierranevadaturismo.es\/en\/wp-content\/uploads\/2023\/02\/otono-scaled-1-768x432.jpg\" class=\"attachment-medium_large size-medium_large wp-image-5004\" alt=\"\" srcset=\"https:\/\/monachilsierranevadaturismo.es\/en\/wp-content\/uploads\/2023\/02\/otono-scaled-1-768x432.jpg 768w, https:\/\/monachilsierranevadaturismo.es\/en\/wp-content\/uploads\/2023\/02\/otono-scaled-1-300x169.jpg 300w, https:\/\/monachilsierranevadaturismo.es\/en\/wp-content\/uploads\/2023\/02\/otono-scaled-1-1024x576.jpg 1024w, https:\/\/monachilsierranevadaturismo.es\/en\/wp-content\/uploads\/2023\/02\/otono-scaled-1-1536x864.jpg 1536w, https:\/\/monachilsierranevadaturismo.es\/en\/wp-content\/uploads\/2023\/02\/otono-scaled-1-2048x1152.jpg 2048w, https:\/\/monachilsierranevadaturismo.es\/en\/wp-content\/uploads\/2023\/02\/otono-scaled-1-1568x882.jpg 1568w\" sizes=\"(max-width: 750px) 100vw, 750px\" style=\"width:100%;height:56.25%;max-width:2560px\" \/>\t\t\t\t\t\t\t\t<\/a>\n\t\t\t\t\t\t\t\t\t\t\t\t\t\t\t<\/div>\n\t\t\t\t<\/div>\n\t\t\t\t\t<\/div>\n\t\t<\/div>\n\t\t\t\t<div class=\"elementor-column elementor-col-33 elementor-top-column elementor-element elementor-element-75cea8db\" data-id=\"75cea8db\" data-element_type=\"column\">\n\t\t\t<div class=\"elementor-widget-wrap elementor-element-populated\">\n\t\t\t\t\t\t<div class=\"elementor-element elementor-element-62aaefe0 elementor-widget elementor-widget-image\" data-id=\"62aaefe0\" data-element_type=\"widget\" data-widget_type=\"image.default\">\n\t\t\t\t<div class=\"elementor-widget-container\">\n\t\t\t\t\t\t\t\t\t\t\t\t\t\t\t\t<a href=\"http:\/\/monachilsierranevadaturismo.es\/en\/wp-content\/uploads\/2023\/02\/puente1-scaled-1.jpg\" data-elementor-open-lightbox=\"yes\" data-elementor-lightbox-title=\"puente1-scaled.jpg\" data-e-action-hash=\"#elementor-action%3Aaction%3Dlightbox%26settings%3DeyJpZCI6IjUwMDUiLCJ1cmwiOiJodHRwczpcL1wvbW9uYWNoaWxzaWVycmFuZXZhZGF0dXJpc21vLmVzXC9lblwvd3AtY29udGVudFwvdXBsb2Fkc1wvMjAyM1wvMDJcL3B1ZW50ZTEtc2NhbGVkLTEuanBnIn0%3D\">\n\t\t\t\t\t\t\t<img loading=\"lazy\" decoding=\"async\" width=\"750\" height=\"489\" src=\"https:\/\/monachilsierranevadaturismo.es\/en\/wp-content\/uploads\/2023\/02\/puente1-scaled-1-768x501.jpg\" class=\"attachment-medium_large size-medium_large wp-image-5005\" alt=\"\" srcset=\"https:\/\/monachilsierranevadaturismo.es\/en\/wp-content\/uploads\/2023\/02\/puente1-scaled-1-768x501.jpg 768w, https:\/\/monachilsierranevadaturismo.es\/en\/wp-content\/uploads\/2023\/02\/puente1-scaled-1-300x196.jpg 300w, https:\/\/monachilsierranevadaturismo.es\/en\/wp-content\/uploads\/2023\/02\/puente1-scaled-1-1024x668.jpg 1024w, https:\/\/monachilsierranevadaturismo.es\/en\/wp-content\/uploads\/2023\/02\/puente1-scaled-1-1536x1001.jpg 1536w, https:\/\/monachilsierranevadaturismo.es\/en\/wp-content\/uploads\/2023\/02\/puente1-scaled-1-2048x1335.jpg 2048w, https:\/\/monachilsierranevadaturismo.es\/en\/wp-content\/uploads\/2023\/02\/puente1-scaled-1-1568x1022.jpg 1568w\" sizes=\"(max-width: 750px) 100vw, 750px\" style=\"width:100%;height:65.2%;max-width:2560px\" \/>\t\t\t\t\t\t\t\t<\/a>\n\t\t\t\t\t\t\t\t\t\t\t\t\t\t\t<\/div>\n\t\t\t\t<\/div>\n\t\t\t\t\t<\/div>\n\t\t<\/div>\n\t\t\t\t<div class=\"elementor-column elementor-col-33 elementor-top-column elementor-element elementor-element-1326660f\" data-id=\"1326660f\" data-element_type=\"column\">\n\t\t\t<div class=\"elementor-widget-wrap elementor-element-populated\">\n\t\t\t\t\t\t<div class=\"elementor-element elementor-element-6bc06ca elementor-widget elementor-widget-image\" data-id=\"6bc06ca\" data-element_type=\"widget\" data-widget_type=\"image.default\">\n\t\t\t\t<div class=\"elementor-widget-container\">\n\t\t\t\t\t\t\t\t\t\t\t\t\t\t\t\t<a href=\"http:\/\/monachilsierranevadaturismo.es\/en\/wp-content\/uploads\/2023\/02\/lenti1-scaled-1.jpg\" data-elementor-open-lightbox=\"yes\" data-elementor-lightbox-title=\"lenti1-scaled.jpg\" data-e-action-hash=\"#elementor-action%3Aaction%3Dlightbox%26settings%3DeyJpZCI6IjUwMDYiLCJ1cmwiOiJodHRwczpcL1wvbW9uYWNoaWxzaWVycmFuZXZhZGF0dXJpc21vLmVzXC9lblwvd3AtY29udGVudFwvdXBsb2Fkc1wvMjAyM1wvMDJcL2xlbnRpMS1zY2FsZWQtMS5qcGcifQ%3D%3D\">\n\t\t\t\t\t\t\t<img loading=\"lazy\" decoding=\"async\" width=\"750\" height=\"500\" src=\"https:\/\/monachilsierranevadaturismo.es\/en\/wp-content\/uploads\/2023\/02\/lenti1-scaled-1-768x512.jpg\" class=\"attachment-medium_large size-medium_large wp-image-5006\" alt=\"\" srcset=\"https:\/\/monachilsierranevadaturismo.es\/en\/wp-content\/uploads\/2023\/02\/lenti1-scaled-1-768x512.jpg 768w, https:\/\/monachilsierranevadaturismo.es\/en\/wp-content\/uploads\/2023\/02\/lenti1-scaled-1-300x200.jpg 300w, https:\/\/monachilsierranevadaturismo.es\/en\/wp-content\/uploads\/2023\/02\/lenti1-scaled-1-1024x683.jpg 1024w, https:\/\/monachilsierranevadaturismo.es\/en\/wp-content\/uploads\/2023\/02\/lenti1-scaled-1-1536x1024.jpg 1536w, https:\/\/monachilsierranevadaturismo.es\/en\/wp-content\/uploads\/2023\/02\/lenti1-scaled-1-2048x1366.jpg 2048w, https:\/\/monachilsierranevadaturismo.es\/en\/wp-content\/uploads\/2023\/02\/lenti1-scaled-1-1568x1046.jpg 1568w\" sizes=\"(max-width: 750px) 100vw, 750px\" style=\"width:100%;height:66.68%;max-width:2560px\" \/>\t\t\t\t\t\t\t\t<\/a>\n\t\t\t\t\t\t\t\t\t\t\t\t\t\t\t<\/div>\n\t\t\t\t<\/div>\n\t\t\t\t\t<\/div>\n\t\t<\/div>\n\t\t\t\t\t<\/div>\n\t\t<\/section>\n\t\t\t\t<section class=\"elementor-section elementor-top-section elementor-element elementor-element-165ac161 elementor-section-boxed elementor-section-height-default elementor-section-height-default\" data-id=\"165ac161\" data-element_type=\"section\">\n\t\t\t\t\t\t<div class=\"elementor-container elementor-column-gap-default\">\n\t\t\t\t\t<div class=\"elementor-column elementor-col-33 elementor-top-column elementor-element elementor-element-1075c2f9\" data-id=\"1075c2f9\" data-element_type=\"column\">\n\t\t\t<div class=\"elementor-widget-wrap elementor-element-populated\">\n\t\t\t\t\t\t<div class=\"elementor-element elementor-element-6e8bb95 elementor-widget elementor-widget-image\" data-id=\"6e8bb95\" data-element_type=\"widget\" data-widget_type=\"image.default\">\n\t\t\t\t<div class=\"elementor-widget-container\">\n\t\t\t\t\t\t\t\t\t\t\t\t\t\t\t\t<a href=\"http:\/\/monachilsierranevadaturismo.es\/en\/wp-content\/uploads\/2023\/02\/lactea-scaled-1.jpg\" data-elementor-open-lightbox=\"yes\" data-elementor-lightbox-title=\"lactea-scaled.jpg\" data-e-action-hash=\"#elementor-action%3Aaction%3Dlightbox%26settings%3DeyJpZCI6IjUwMDciLCJ1cmwiOiJodHRwczpcL1wvbW9uYWNoaWxzaWVycmFuZXZhZGF0dXJpc21vLmVzXC9lblwvd3AtY29udGVudFwvdXBsb2Fkc1wvMjAyM1wvMDJcL2xhY3RlYS1zY2FsZWQtMS5qcGcifQ%3D%3D\">\n\t\t\t\t\t\t\t<img loading=\"lazy\" decoding=\"async\" width=\"750\" height=\"501\" src=\"https:\/\/monachilsierranevadaturismo.es\/en\/wp-content\/uploads\/2023\/02\/lactea-scaled-1-768x513.jpg\" class=\"attachment-medium_large size-medium_large wp-image-5007\" alt=\"\" srcset=\"https:\/\/monachilsierranevadaturismo.es\/en\/wp-content\/uploads\/2023\/02\/lactea-scaled-1-768x513.jpg 768w, https:\/\/monachilsierranevadaturismo.es\/en\/wp-content\/uploads\/2023\/02\/lactea-scaled-1-300x200.jpg 300w, https:\/\/monachilsierranevadaturismo.es\/en\/wp-content\/uploads\/2023\/02\/lactea-scaled-1-1024x684.jpg 1024w, https:\/\/monachilsierranevadaturismo.es\/en\/wp-content\/uploads\/2023\/02\/lactea-scaled-1-1536x1025.jpg 1536w, https:\/\/monachilsierranevadaturismo.es\/en\/wp-content\/uploads\/2023\/02\/lactea-scaled-1-2048x1367.jpg 2048w, https:\/\/monachilsierranevadaturismo.es\/en\/wp-content\/uploads\/2023\/02\/lactea-scaled-1-1568x1047.jpg 1568w\" sizes=\"(max-width: 750px) 100vw, 750px\" style=\"width:100%;height:66.76%;max-width:2560px\" \/>\t\t\t\t\t\t\t\t<\/a>\n\t\t\t\t\t\t\t\t\t\t\t\t\t\t\t<\/div>\n\t\t\t\t<\/div>\n\t\t\t\t\t<\/div>\n\t\t<\/div>\n\t\t\t\t<div class=\"elementor-column elementor-col-33 elementor-top-column elementor-element elementor-element-20f9a107\" data-id=\"20f9a107\" data-element_type=\"column\">\n\t\t\t<div class=\"elementor-widget-wrap elementor-element-populated\">\n\t\t\t\t\t\t<div class=\"elementor-element elementor-element-33bed654 elementor-widget elementor-widget-image\" data-id=\"33bed654\" data-element_type=\"widget\" data-widget_type=\"image.default\">\n\t\t\t\t<div class=\"elementor-widget-container\">\n\t\t\t\t\t\t\t\t\t\t\t\t\t\t\t\t<a href=\"http:\/\/monachilsierranevadaturismo.es\/en\/wp-content\/uploads\/2023\/02\/virgen2-scaled-1.jpg\" data-elementor-open-lightbox=\"yes\" data-elementor-lightbox-title=\"virgen2-scaled.jpg\" data-e-action-hash=\"#elementor-action%3Aaction%3Dlightbox%26settings%3DeyJpZCI6IjUwMDgiLCJ1cmwiOiJodHRwczpcL1wvbW9uYWNoaWxzaWVycmFuZXZhZGF0dXJpc21vLmVzXC9lblwvd3AtY29udGVudFwvdXBsb2Fkc1wvMjAyM1wvMDJcL3ZpcmdlbjItc2NhbGVkLTEuanBnIn0%3D\">\n\t\t\t\t\t\t\t<img loading=\"lazy\" decoding=\"async\" width=\"750\" height=\"501\" src=\"https:\/\/monachilsierranevadaturismo.es\/en\/wp-content\/uploads\/2023\/02\/virgen2-scaled-1-768x513.jpg\" class=\"attachment-medium_large size-medium_large wp-image-5008\" alt=\"\" srcset=\"https:\/\/monachilsierranevadaturismo.es\/en\/wp-content\/uploads\/2023\/02\/virgen2-scaled-1-768x513.jpg 768w, https:\/\/monachilsierranevadaturismo.es\/en\/wp-content\/uploads\/2023\/02\/virgen2-scaled-1-300x200.jpg 300w, https:\/\/monachilsierranevadaturismo.es\/en\/wp-content\/uploads\/2023\/02\/virgen2-scaled-1-1024x684.jpg 1024w, https:\/\/monachilsierranevadaturismo.es\/en\/wp-content\/uploads\/2023\/02\/virgen2-scaled-1-1536x1025.jpg 1536w, https:\/\/monachilsierranevadaturismo.es\/en\/wp-content\/uploads\/2023\/02\/virgen2-scaled-1-2048x1367.jpg 2048w, https:\/\/monachilsierranevadaturismo.es\/en\/wp-content\/uploads\/2023\/02\/virgen2-scaled-1-1568x1047.jpg 1568w\" sizes=\"(max-width: 750px) 100vw, 750px\" style=\"width:100%;height:66.76%;max-width:2560px\" \/>\t\t\t\t\t\t\t\t<\/a>\n\t\t\t\t\t\t\t\t\t\t\t\t\t\t\t<\/div>\n\t\t\t\t<\/div>\n\t\t\t\t\t<\/div>\n\t\t<\/div>\n\t\t\t\t<div class=\"elementor-column elementor-col-33 elementor-top-column elementor-element elementor-element-67f1772e\" data-id=\"67f1772e\" data-element_type=\"column\">\n\t\t\t<div class=\"elementor-widget-wrap elementor-element-populated\">\n\t\t\t\t\t\t<div class=\"elementor-element elementor-element-78eecfa3 elementor-widget elementor-widget-image\" data-id=\"78eecfa3\" data-element_type=\"widget\" data-widget_type=\"image.default\">\n\t\t\t\t<div class=\"elementor-widget-container\">\n\t\t\t\t\t\t\t\t\t\t\t\t\t\t\t\t<a href=\"http:\/\/monachilsierranevadaturismo.es\/en\/wp-content\/uploads\/2023\/02\/cueva4-scaled-1.jpg\" data-elementor-open-lightbox=\"yes\" data-elementor-lightbox-title=\"cueva4-scaled.jpg\" data-e-action-hash=\"#elementor-action%3Aaction%3Dlightbox%26settings%3DeyJpZCI6IjUwMDkiLCJ1cmwiOiJodHRwczpcL1wvbW9uYWNoaWxzaWVycmFuZXZhZGF0dXJpc21vLmVzXC9lblwvd3AtY29udGVudFwvdXBsb2Fkc1wvMjAyM1wvMDJcL2N1ZXZhNC1zY2FsZWQtMS5qcGcifQ%3D%3D\">\n\t\t\t\t\t\t\t<img loading=\"lazy\" decoding=\"async\" width=\"750\" height=\"493\" src=\"https:\/\/monachilsierranevadaturismo.es\/en\/wp-content\/uploads\/2023\/02\/cueva4-scaled-1-768x505.jpg\" class=\"attachment-medium_large size-medium_large wp-image-5009\" alt=\"\" srcset=\"https:\/\/monachilsierranevadaturismo.es\/en\/wp-content\/uploads\/2023\/02\/cueva4-scaled-1-768x505.jpg 768w, https:\/\/monachilsierranevadaturismo.es\/en\/wp-content\/uploads\/2023\/02\/cueva4-scaled-1-300x197.jpg 300w, https:\/\/monachilsierranevadaturismo.es\/en\/wp-content\/uploads\/2023\/02\/cueva4-scaled-1-1024x673.jpg 1024w, https:\/\/monachilsierranevadaturismo.es\/en\/wp-content\/uploads\/2023\/02\/cueva4-scaled-1-1536x1010.jpg 1536w, https:\/\/monachilsierranevadaturismo.es\/en\/wp-content\/uploads\/2023\/02\/cueva4-scaled-1-2048x1346.jpg 2048w, https:\/\/monachilsierranevadaturismo.es\/en\/wp-content\/uploads\/2023\/02\/cueva4-scaled-1-1568x1031.jpg 1568w\" sizes=\"(max-width: 750px) 100vw, 750px\" style=\"width:100%;height:65.74%;max-width:2560px\" \/>\t\t\t\t\t\t\t\t<\/a>\n\t\t\t\t\t\t\t\t\t\t\t\t\t\t\t<\/div>\n\t\t\t\t<\/div>\n\t\t\t\t\t<\/div>\n\t\t<\/div>\n\t\t\t\t\t<\/div>\n\t\t<\/section>\n\t\t\t\t<section class=\"elementor-section elementor-top-section elementor-element elementor-element-5e678cbe elementor-section-boxed elementor-section-height-default elementor-section-height-default\" data-id=\"5e678cbe\" data-element_type=\"section\">\n\t\t\t\t\t\t<div class=\"elementor-container elementor-column-gap-default\">\n\t\t\t\t\t<div class=\"elementor-column elementor-col-33 elementor-top-column elementor-element elementor-element-1e4c14e9\" data-id=\"1e4c14e9\" data-element_type=\"column\">\n\t\t\t<div class=\"elementor-widget-wrap elementor-element-populated\">\n\t\t\t\t\t\t<div class=\"elementor-element elementor-element-54e8d2a2 elementor-widget elementor-widget-image\" data-id=\"54e8d2a2\" data-element_type=\"widget\" data-widget_type=\"image.default\">\n\t\t\t\t<div class=\"elementor-widget-container\">\n\t\t\t\t\t\t\t\t\t\t\t\t\t\t\t\t<a href=\"http:\/\/monachilsierranevadaturismo.es\/en\/wp-content\/uploads\/2023\/02\/veleton-scaled-1.jpg\" data-elementor-open-lightbox=\"yes\" data-elementor-lightbox-title=\"veleton-scaled.jpg\" data-e-action-hash=\"#elementor-action%3Aaction%3Dlightbox%26settings%3DeyJpZCI6IjUwMTAiLCJ1cmwiOiJodHRwczpcL1wvbW9uYWNoaWxzaWVycmFuZXZhZGF0dXJpc21vLmVzXC9lblwvd3AtY29udGVudFwvdXBsb2Fkc1wvMjAyM1wvMDJcL3ZlbGV0b24tc2NhbGVkLTEuanBnIn0%3D\">\n\t\t\t\t\t\t\t<img loading=\"lazy\" decoding=\"async\" width=\"750\" height=\"500\" src=\"https:\/\/monachilsierranevadaturismo.es\/en\/wp-content\/uploads\/2023\/02\/veleton-scaled-1-768x512.jpg\" class=\"attachment-medium_large size-medium_large wp-image-5010\" alt=\"\" srcset=\"https:\/\/monachilsierranevadaturismo.es\/en\/wp-content\/uploads\/2023\/02\/veleton-scaled-1-768x512.jpg 768w, https:\/\/monachilsierranevadaturismo.es\/en\/wp-content\/uploads\/2023\/02\/veleton-scaled-1-300x200.jpg 300w, https:\/\/monachilsierranevadaturismo.es\/en\/wp-content\/uploads\/2023\/02\/veleton-scaled-1-1024x683.jpg 1024w, https:\/\/monachilsierranevadaturismo.es\/en\/wp-content\/uploads\/2023\/02\/veleton-scaled-1-1536x1024.jpg 1536w, https:\/\/monachilsierranevadaturismo.es\/en\/wp-content\/uploads\/2023\/02\/veleton-scaled-1-2048x1366.jpg 2048w, https:\/\/monachilsierranevadaturismo.es\/en\/wp-content\/uploads\/2023\/02\/veleton-scaled-1-1568x1046.jpg 1568w\" sizes=\"(max-width: 750px) 100vw, 750px\" style=\"width:100%;height:66.68%;max-width:2560px\" \/>\t\t\t\t\t\t\t\t<\/a>\n\t\t\t\t\t\t\t\t\t\t\t\t\t\t\t<\/div>\n\t\t\t\t<\/div>\n\t\t\t\t\t<\/div>\n\t\t<\/div>\n\t\t\t\t<div class=\"elementor-column elementor-col-33 elementor-top-column elementor-element elementor-element-1c27d160\" data-id=\"1c27d160\" data-element_type=\"column\">\n\t\t\t<div class=\"elementor-widget-wrap elementor-element-populated\">\n\t\t\t\t\t\t<div class=\"elementor-element elementor-element-5d4b8f58 elementor-widget elementor-widget-image\" data-id=\"5d4b8f58\" data-element_type=\"widget\" data-widget_type=\"image.default\">\n\t\t\t\t<div class=\"elementor-widget-container\">\n\t\t\t\t\t\t\t\t\t\t\t\t\t\t\t\t<a href=\"http:\/\/monachilsierranevadaturismo.es\/en\/wp-content\/uploads\/2023\/02\/veleta-scaled-1.jpg\" data-elementor-open-lightbox=\"yes\" data-elementor-lightbox-title=\"veleta-scaled.jpg\" data-e-action-hash=\"#elementor-action%3Aaction%3Dlightbox%26settings%3DeyJpZCI6IjUwMTEiLCJ1cmwiOiJodHRwczpcL1wvbW9uYWNoaWxzaWVycmFuZXZhZGF0dXJpc21vLmVzXC9lblwvd3AtY29udGVudFwvdXBsb2Fkc1wvMjAyM1wvMDJcL3ZlbGV0YS1zY2FsZWQtMS5qcGcifQ%3D%3D\">\n\t\t\t\t\t\t\t<img loading=\"lazy\" decoding=\"async\" width=\"750\" height=\"501\" src=\"https:\/\/monachilsierranevadaturismo.es\/en\/wp-content\/uploads\/2023\/02\/veleta-scaled-1-768x513.jpg\" class=\"attachment-medium_large size-medium_large wp-image-5011\" alt=\"\" srcset=\"https:\/\/monachilsierranevadaturismo.es\/en\/wp-content\/uploads\/2023\/02\/veleta-scaled-1-768x513.jpg 768w, https:\/\/monachilsierranevadaturismo.es\/en\/wp-content\/uploads\/2023\/02\/veleta-scaled-1-300x200.jpg 300w, https:\/\/monachilsierranevadaturismo.es\/en\/wp-content\/uploads\/2023\/02\/veleta-scaled-1-1024x684.jpg 1024w, https:\/\/monachilsierranevadaturismo.es\/en\/wp-content\/uploads\/2023\/02\/veleta-scaled-1-1536x1025.jpg 1536w, https:\/\/monachilsierranevadaturismo.es\/en\/wp-content\/uploads\/2023\/02\/veleta-scaled-1-2048x1367.jpg 2048w, https:\/\/monachilsierranevadaturismo.es\/en\/wp-content\/uploads\/2023\/02\/veleta-scaled-1-1568x1047.jpg 1568w\" sizes=\"(max-width: 750px) 100vw, 750px\" style=\"width:100%;height:66.76%;max-width:2560px\" \/>\t\t\t\t\t\t\t\t<\/a>\n\t\t\t\t\t\t\t\t\t\t\t\t\t\t\t<\/div>\n\t\t\t\t<\/div>\n\t\t\t\t\t<\/div>\n\t\t<\/div>\n\t\t\t\t<div class=\"elementor-column elementor-col-33 elementor-top-column elementor-element elementor-element-3992d767\" data-id=\"3992d767\" data-element_type=\"column\">\n\t\t\t<div class=\"elementor-widget-wrap elementor-element-populated\">\n\t\t\t\t\t\t<div class=\"elementor-element elementor-element-2fa98e3 elementor-widget elementor-widget-image\" data-id=\"2fa98e3\" data-element_type=\"widget\" data-widget_type=\"image.default\">\n\t\t\t\t<div class=\"elementor-widget-container\">\n\t\t\t\t\t\t\t\t\t\t\t\t\t\t\t\t<a href=\"http:\/\/monachilsierranevadaturismo.es\/en\/wp-content\/uploads\/2023\/02\/veleta2-scaled-1.jpg\" data-elementor-open-lightbox=\"yes\" data-elementor-lightbox-title=\"veleta2-scaled.jpg\" data-e-action-hash=\"#elementor-action%3Aaction%3Dlightbox%26settings%3DeyJpZCI6IjUwMTIiLCJ1cmwiOiJodHRwczpcL1wvbW9uYWNoaWxzaWVycmFuZXZhZGF0dXJpc21vLmVzXC9lblwvd3AtY29udGVudFwvdXBsb2Fkc1wvMjAyM1wvMDJcL3ZlbGV0YTItc2NhbGVkLTEuanBnIn0%3D\">\n\t\t\t\t\t\t\t<img loading=\"lazy\" decoding=\"async\" width=\"750\" height=\"502\" src=\"https:\/\/monachilsierranevadaturismo.es\/en\/wp-content\/uploads\/2023\/02\/veleta2-scaled-1-768x514.jpg\" class=\"attachment-medium_large size-medium_large wp-image-5012\" alt=\"\" srcset=\"https:\/\/monachilsierranevadaturismo.es\/en\/wp-content\/uploads\/2023\/02\/veleta2-scaled-1-768x514.jpg 768w, https:\/\/monachilsierranevadaturismo.es\/en\/wp-content\/uploads\/2023\/02\/veleta2-scaled-1-300x201.jpg 300w, https:\/\/monachilsierranevadaturismo.es\/en\/wp-content\/uploads\/2023\/02\/veleta2-scaled-1-1024x686.jpg 1024w, https:\/\/monachilsierranevadaturismo.es\/en\/wp-content\/uploads\/2023\/02\/veleta2-scaled-1-1536x1028.jpg 1536w, https:\/\/monachilsierranevadaturismo.es\/en\/wp-content\/uploads\/2023\/02\/veleta2-scaled-1-2048x1371.jpg 2048w, https:\/\/monachilsierranevadaturismo.es\/en\/wp-content\/uploads\/2023\/02\/veleta2-scaled-1-1568x1050.jpg 1568w\" sizes=\"(max-width: 750px) 100vw, 750px\" style=\"width:100%;height:66.95%;max-width:2560px\" \/>\t\t\t\t\t\t\t\t<\/a>\n\t\t\t\t\t\t\t\t\t\t\t\t\t\t\t<\/div>\n\t\t\t\t<\/div>\n\t\t\t\t\t<\/div>\n\t\t<\/div>\n\t\t\t\t\t<\/div>\n\t\t<\/section>\n\t\t\t\t<section class=\"elementor-section elementor-top-section elementor-element elementor-element-4d1f9f01 elementor-section-boxed elementor-section-height-default elementor-section-height-default\" data-id=\"4d1f9f01\" data-element_type=\"section\">\n\t\t\t\t\t\t<div class=\"elementor-container elementor-column-gap-default\">\n\t\t\t\t\t<div class=\"elementor-column elementor-col-33 elementor-top-column elementor-element elementor-element-65d7a676\" data-id=\"65d7a676\" data-element_type=\"column\">\n\t\t\t<div class=\"elementor-widget-wrap elementor-element-populated\">\n\t\t\t\t\t\t<div class=\"elementor-element elementor-element-4113f6e elementor-widget elementor-widget-image\" data-id=\"4113f6e\" data-element_type=\"widget\" data-widget_type=\"image.default\">\n\t\t\t\t<div class=\"elementor-widget-container\">\n\t\t\t\t\t\t\t\t\t\t\t\t\t\t\t\t<a href=\"http:\/\/monachilsierranevadaturismo.es\/en\/wp-content\/uploads\/2023\/02\/monachil1-scaled-1.jpg\" data-elementor-open-lightbox=\"yes\" data-elementor-lightbox-title=\"monachil1-scaled.jpg\" data-e-action-hash=\"#elementor-action%3Aaction%3Dlightbox%26settings%3DeyJpZCI6IjUwMTMiLCJ1cmwiOiJodHRwczpcL1wvbW9uYWNoaWxzaWVycmFuZXZhZGF0dXJpc21vLmVzXC9lblwvd3AtY29udGVudFwvdXBsb2Fkc1wvMjAyM1wvMDJcL21vbmFjaGlsMS1zY2FsZWQtMS5qcGcifQ%3D%3D\">\n\t\t\t\t\t\t\t<img loading=\"lazy\" decoding=\"async\" width=\"750\" height=\"501\" src=\"https:\/\/monachilsierranevadaturismo.es\/en\/wp-content\/uploads\/2023\/02\/monachil1-scaled-1-768x513.jpg\" class=\"attachment-medium_large size-medium_large wp-image-5013\" alt=\"\" srcset=\"https:\/\/monachilsierranevadaturismo.es\/en\/wp-content\/uploads\/2023\/02\/monachil1-scaled-1-768x513.jpg 768w, https:\/\/monachilsierranevadaturismo.es\/en\/wp-content\/uploads\/2023\/02\/monachil1-scaled-1-300x201.jpg 300w, https:\/\/monachilsierranevadaturismo.es\/en\/wp-content\/uploads\/2023\/02\/monachil1-scaled-1-1024x684.jpg 1024w, https:\/\/monachilsierranevadaturismo.es\/en\/wp-content\/uploads\/2023\/02\/monachil1-scaled-1-1536x1027.jpg 1536w, https:\/\/monachilsierranevadaturismo.es\/en\/wp-content\/uploads\/2023\/02\/monachil1-scaled-1-2048x1369.jpg 2048w, https:\/\/monachilsierranevadaturismo.es\/en\/wp-content\/uploads\/2023\/02\/monachil1-scaled-1-1568x1048.jpg 1568w\" sizes=\"(max-width: 750px) 100vw, 750px\" style=\"width:100%;height:66.84%;max-width:2560px\" \/>\t\t\t\t\t\t\t\t<\/a>\n\t\t\t\t\t\t\t\t\t\t\t\t\t\t\t<\/div>\n\t\t\t\t<\/div>\n\t\t\t\t\t<\/div>\n\t\t<\/div>\n\t\t\t\t<div class=\"elementor-column elementor-col-33 elementor-top-column elementor-element elementor-element-6e98e4ec\" data-id=\"6e98e4ec\" data-element_type=\"column\">\n\t\t\t<div class=\"elementor-widget-wrap elementor-element-populated\">\n\t\t\t\t\t\t<div class=\"elementor-element elementor-element-692dfd66 elementor-widget elementor-widget-image\" data-id=\"692dfd66\" data-element_type=\"widget\" data-widget_type=\"image.default\">\n\t\t\t\t<div class=\"elementor-widget-container\">\n\t\t\t\t\t\t\t\t\t\t\t\t\t\t\t\t<a href=\"http:\/\/monachilsierranevadaturismo.es\/en\/wp-content\/uploads\/2023\/02\/cocones-scaled-2.jpg\" data-elementor-open-lightbox=\"yes\" data-elementor-lightbox-title=\"cocones-scaled.jpg\" data-e-action-hash=\"#elementor-action%3Aaction%3Dlightbox%26settings%3DeyJpZCI6NTAxNSwidXJsIjoiaHR0cHM6XC9cL21vbmFjaGlsc2llcnJhbmV2YWRhdHVyaXNtby5lc1wvZW5cL3dwLWNvbnRlbnRcL3VwbG9hZHNcLzIwMjNcLzAyXC9jb2NvbmVzLXNjYWxlZC0yLmpwZyJ9\">\n\t\t\t\t\t\t\t<img loading=\"lazy\" decoding=\"async\" width=\"750\" height=\"501\" src=\"https:\/\/monachilsierranevadaturismo.es\/en\/wp-content\/uploads\/2023\/02\/cocones-scaled-2-768x513.jpg\" class=\"attachment-medium_large size-medium_large wp-image-5015\" alt=\"\" srcset=\"https:\/\/monachilsierranevadaturismo.es\/en\/wp-content\/uploads\/2023\/02\/cocones-scaled-2-768x513.jpg 768w, https:\/\/monachilsierranevadaturismo.es\/en\/wp-content\/uploads\/2023\/02\/cocones-scaled-2-300x200.jpg 300w, https:\/\/monachilsierranevadaturismo.es\/en\/wp-content\/uploads\/2023\/02\/cocones-scaled-2-1024x684.jpg 1024w, https:\/\/monachilsierranevadaturismo.es\/en\/wp-content\/uploads\/2023\/02\/cocones-scaled-2-1536x1025.jpg 1536w, https:\/\/monachilsierranevadaturismo.es\/en\/wp-content\/uploads\/2023\/02\/cocones-scaled-2-2048x1367.jpg 2048w, https:\/\/monachilsierranevadaturismo.es\/en\/wp-content\/uploads\/2023\/02\/cocones-scaled-2-1568x1047.jpg 1568w\" sizes=\"(max-width: 750px) 100vw, 750px\" style=\"width:100%;height:66.76%;max-width:2560px\" \/>\t\t\t\t\t\t\t\t<\/a>\n\t\t\t\t\t\t\t\t\t\t\t\t\t\t\t<\/div>\n\t\t\t\t<\/div>\n\t\t\t\t\t<\/div>\n\t\t<\/div>\n\t\t\t\t<div class=\"elementor-column elementor-col-33 elementor-top-column elementor-element elementor-element-47ef6c16\" data-id=\"47ef6c16\" data-element_type=\"column\">\n\t\t\t<div class=\"elementor-widget-wrap elementor-element-populated\">\n\t\t\t\t\t\t<div class=\"elementor-element elementor-element-4cf3d55d elementor-widget elementor-widget-image\" data-id=\"4cf3d55d\" data-element_type=\"widget\" data-widget_type=\"image.default\">\n\t\t\t\t<div class=\"elementor-widget-container\">\n\t\t\t\t\t\t\t\t\t\t\t\t\t\t\t\t<a href=\"http:\/\/monachilsierranevadaturismo.es\/en\/wp-content\/uploads\/2023\/02\/bastion-scaled-2.jpg\" data-elementor-open-lightbox=\"yes\" data-elementor-lightbox-title=\"bastion-scaled.jpg\" data-e-action-hash=\"#elementor-action%3Aaction%3Dlightbox%26settings%3DeyJpZCI6NTAxNywidXJsIjoiaHR0cHM6XC9cL21vbmFjaGlsc2llcnJhbmV2YWRhdHVyaXNtby5lc1wvZW5cL3dwLWNvbnRlbnRcL3VwbG9hZHNcLzIwMjNcLzAyXC9iYXN0aW9uLXNjYWxlZC0yLmpwZyJ9\">\n\t\t\t\t\t\t\t<img loading=\"lazy\" decoding=\"async\" width=\"750\" height=\"501\" src=\"https:\/\/monachilsierranevadaturismo.es\/en\/wp-content\/uploads\/2023\/02\/bastion-scaled-2-768x513.jpg\" class=\"attachment-medium_large size-medium_large wp-image-5017\" alt=\"\" srcset=\"https:\/\/monachilsierranevadaturismo.es\/en\/wp-content\/uploads\/2023\/02\/bastion-scaled-2-768x513.jpg 768w, https:\/\/monachilsierranevadaturismo.es\/en\/wp-content\/uploads\/2023\/02\/bastion-scaled-2-300x200.jpg 300w, https:\/\/monachilsierranevadaturismo.es\/en\/wp-content\/uploads\/2023\/02\/bastion-scaled-2-1024x684.jpg 1024w, https:\/\/monachilsierranevadaturismo.es\/en\/wp-content\/uploads\/2023\/02\/bastion-scaled-2-1536x1025.jpg 1536w, https:\/\/monachilsierranevadaturismo.es\/en\/wp-content\/uploads\/2023\/02\/bastion-scaled-2-2048x1367.jpg 2048w, https:\/\/monachilsierranevadaturismo.es\/en\/wp-content\/uploads\/2023\/02\/bastion-scaled-2-1568x1047.jpg 1568w\" sizes=\"(max-width: 750px) 100vw, 750px\" style=\"width:100%;height:66.76%;max-width:2560px\" \/>\t\t\t\t\t\t\t\t<\/a>\n\t\t\t\t\t\t\t\t\t\t\t\t\t\t\t<\/div>\n\t\t\t\t<\/div>\n\t\t\t\t\t<\/div>\n\t\t<\/div>\n\t\t\t\t\t<\/div>\n\t\t<\/section>\n\t\t\t\t<section class=\"elementor-section elementor-top-section elementor-element elementor-element-7c71f501 elementor-section-boxed elementor-section-height-default elementor-section-height-default\" data-id=\"7c71f501\" data-element_type=\"section\">\n\t\t\t\t\t\t<div class=\"elementor-container elementor-column-gap-default\">\n\t\t\t\t\t<div class=\"elementor-column elementor-col-33 elementor-top-column elementor-element elementor-element-2954bf3a\" data-id=\"2954bf3a\" data-element_type=\"column\">\n\t\t\t<div class=\"elementor-widget-wrap elementor-element-populated\">\n\t\t\t\t\t\t<div class=\"elementor-element elementor-element-28515c3f elementor-widget elementor-widget-image\" data-id=\"28515c3f\" data-element_type=\"widget\" data-widget_type=\"image.default\">\n\t\t\t\t<div class=\"elementor-widget-container\">\n\t\t\t\t\t\t\t\t\t\t\t\t\t\t\t\t<a href=\"http:\/\/monachilsierranevadaturismo.es\/en\/wp-content\/uploads\/2023\/02\/boca-scaled-1.jpg\" data-elementor-open-lightbox=\"yes\" data-elementor-lightbox-title=\"boca-scaled.jpg\" data-e-action-hash=\"#elementor-action%3Aaction%3Dlightbox%26settings%3DeyJpZCI6NTAxOCwidXJsIjoiaHR0cHM6XC9cL21vbmFjaGlsc2llcnJhbmV2YWRhdHVyaXNtby5lc1wvZW5cL3dwLWNvbnRlbnRcL3VwbG9hZHNcLzIwMjNcLzAyXC9ib2NhLXNjYWxlZC0xLmpwZyJ9\">\n\t\t\t\t\t\t\t<img loading=\"lazy\" decoding=\"async\" width=\"750\" height=\"501\" src=\"https:\/\/monachilsierranevadaturismo.es\/en\/wp-content\/uploads\/2023\/02\/boca-scaled-1-768x513.jpg\" class=\"attachment-medium_large size-medium_large wp-image-5018\" alt=\"\" srcset=\"https:\/\/monachilsierranevadaturismo.es\/en\/wp-content\/uploads\/2023\/02\/boca-scaled-1-768x513.jpg 768w, https:\/\/monachilsierranevadaturismo.es\/en\/wp-content\/uploads\/2023\/02\/boca-scaled-1-300x200.jpg 300w, https:\/\/monachilsierranevadaturismo.es\/en\/wp-content\/uploads\/2023\/02\/boca-scaled-1-1024x684.jpg 1024w, https:\/\/monachilsierranevadaturismo.es\/en\/wp-content\/uploads\/2023\/02\/boca-scaled-1-1536x1025.jpg 1536w, https:\/\/monachilsierranevadaturismo.es\/en\/wp-content\/uploads\/2023\/02\/boca-scaled-1-2048x1367.jpg 2048w, https:\/\/monachilsierranevadaturismo.es\/en\/wp-content\/uploads\/2023\/02\/boca-scaled-1-1568x1047.jpg 1568w\" sizes=\"(max-width: 750px) 100vw, 750px\" style=\"width:100%;height:66.76%;max-width:2560px\" \/>\t\t\t\t\t\t\t\t<\/a>\n\t\t\t\t\t\t\t\t\t\t\t\t\t\t\t<\/div>\n\t\t\t\t<\/div>\n\t\t\t\t\t<\/div>\n\t\t<\/div>\n\t\t\t\t<div class=\"elementor-column elementor-col-33 elementor-top-column elementor-element elementor-element-6cd7e2f4\" data-id=\"6cd7e2f4\" data-element_type=\"column\">\n\t\t\t<div class=\"elementor-widget-wrap elementor-element-populated\">\n\t\t\t\t\t\t<div class=\"elementor-element elementor-element-b8a6313 elementor-widget elementor-widget-image\" data-id=\"b8a6313\" data-element_type=\"widget\" data-widget_type=\"image.default\">\n\t\t\t\t<div class=\"elementor-widget-container\">\n\t\t\t\t\t\t\t\t\t\t\t\t\t\t\t\t<a href=\"http:\/\/monachilsierranevadaturismo.es\/en\/wp-content\/uploads\/2023\/02\/arbolessecos-scaled-1.jpg\" data-elementor-open-lightbox=\"yes\" data-elementor-lightbox-title=\"arbolessecos-scaled.jpg\" data-e-action-hash=\"#elementor-action%3Aaction%3Dlightbox%26settings%3DeyJpZCI6IjUwMDIiLCJ1cmwiOiJodHRwczpcL1wvbW9uYWNoaWxzaWVycmFuZXZhZGF0dXJpc21vLmVzXC9lblwvd3AtY29udGVudFwvdXBsb2Fkc1wvMjAyM1wvMDJcL2FyYm9sZXNzZWNvcy1zY2FsZWQtMS5qcGcifQ%3D%3D\">\n\t\t\t\t\t\t\t<img loading=\"lazy\" decoding=\"async\" width=\"750\" height=\"500\" src=\"https:\/\/monachilsierranevadaturismo.es\/en\/wp-content\/uploads\/2023\/02\/arbolessecos-scaled-1-768x512.jpg\" class=\"attachment-medium_large size-medium_large wp-image-5002\" alt=\"\" srcset=\"https:\/\/monachilsierranevadaturismo.es\/en\/wp-content\/uploads\/2023\/02\/arbolessecos-scaled-1-768x512.jpg 768w, https:\/\/monachilsierranevadaturismo.es\/en\/wp-content\/uploads\/2023\/02\/arbolessecos-scaled-1-300x200.jpg 300w, https:\/\/monachilsierranevadaturismo.es\/en\/wp-content\/uploads\/2023\/02\/arbolessecos-scaled-1-1024x683.jpg 1024w, https:\/\/monachilsierranevadaturismo.es\/en\/wp-content\/uploads\/2023\/02\/arbolessecos-scaled-1-1536x1024.jpg 1536w, https:\/\/monachilsierranevadaturismo.es\/en\/wp-content\/uploads\/2023\/02\/arbolessecos-scaled-1-2048x1366.jpg 2048w, https:\/\/monachilsierranevadaturismo.es\/en\/wp-content\/uploads\/2023\/02\/arbolessecos-scaled-1-1568x1046.jpg 1568w\" sizes=\"(max-width: 750px) 100vw, 750px\" style=\"width:100%;height:66.68%;max-width:2560px\" \/>\t\t\t\t\t\t\t\t<\/a>\n\t\t\t\t\t\t\t\t\t\t\t\t\t\t\t<\/div>\n\t\t\t\t<\/div>\n\t\t\t\t\t<\/div>\n\t\t<\/div>\n\t\t\t\t<div class=\"elementor-column elementor-col-33 elementor-top-column elementor-element elementor-element-7aa51e79\" data-id=\"7aa51e79\" data-element_type=\"column\">\n\t\t\t<div class=\"elementor-widget-wrap elementor-element-populated\">\n\t\t\t\t\t\t<div class=\"elementor-element elementor-element-459e478b elementor-widget elementor-widget-image\" data-id=\"459e478b\" data-element_type=\"widget\" data-widget_type=\"image.default\">\n\t\t\t\t<div class=\"elementor-widget-container\">\n\t\t\t\t\t\t\t\t\t\t\t\t\t\t\t\t<a href=\"http:\/\/monachilsierranevadaturismo.es\/en\/wp-content\/uploads\/2023\/02\/cahorros-scaled-1.jpg\" data-elementor-open-lightbox=\"yes\" data-elementor-lightbox-title=\"cahorros-scaled.jpg\" data-e-action-hash=\"#elementor-action%3Aaction%3Dlightbox%26settings%3DeyJpZCI6NTAxOSwidXJsIjoiaHR0cHM6XC9cL21vbmFjaGlsc2llcnJhbmV2YWRhdHVyaXNtby5lc1wvZW5cL3dwLWNvbnRlbnRcL3VwbG9hZHNcLzIwMjNcLzAyXC9jYWhvcnJvcy1zY2FsZWQtMS5qcGcifQ%3D%3D\">\n\t\t\t\t\t\t\t<img loading=\"lazy\" decoding=\"async\" width=\"750\" height=\"510\" src=\"https:\/\/monachilsierranevadaturismo.es\/en\/wp-content\/uploads\/2023\/02\/cahorros-scaled-1-768x522.jpg\" class=\"attachment-medium_large size-medium_large wp-image-5019\" alt=\"\" srcset=\"https:\/\/monachilsierranevadaturismo.es\/en\/wp-content\/uploads\/2023\/02\/cahorros-scaled-1-768x522.jpg 768w, https:\/\/monachilsierranevadaturismo.es\/en\/wp-content\/uploads\/2023\/02\/cahorros-scaled-1-300x204.jpg 300w, https:\/\/monachilsierranevadaturismo.es\/en\/wp-content\/uploads\/2023\/02\/cahorros-scaled-1-1024x696.jpg 1024w, https:\/\/monachilsierranevadaturismo.es\/en\/wp-content\/uploads\/2023\/02\/cahorros-scaled-1-1536x1044.jpg 1536w, https:\/\/monachilsierranevadaturismo.es\/en\/wp-content\/uploads\/2023\/02\/cahorros-scaled-1-2048x1392.jpg 2048w, https:\/\/monachilsierranevadaturismo.es\/en\/wp-content\/uploads\/2023\/02\/cahorros-scaled-1-1568x1066.jpg 1568w\" sizes=\"(max-width: 750px) 100vw, 750px\" style=\"width:100%;height:67.97%;max-width:2560px\" \/>\t\t\t\t\t\t\t\t<\/a>\n\t\t\t\t\t\t\t\t\t\t\t\t\t\t\t<\/div>\n\t\t\t\t<\/div>\n\t\t\t\t\t<\/div>\n\t\t<\/div>\n\t\t\t\t\t<\/div>\n\t\t<\/section>\n\t\t\t\t<\/div>\n\t\t","protected":false},"excerpt":{"rendered":"<p>Andr\u00e9s Ure\u00f1a We are fortunate to have a neighbor as the renowned photographer Andr\u00e9s Ure\u00f1a. Passionate about photography and mountain climbing, he travels our lands taking wonderfull snapshots that allow us to visualize and transmit what nature really teaches us. His photographs are exhibited in provincial, national and international exhibitions. Andr\u00e9s Ure\u00f1a Contamos con la&hellip; <a class=\"more-link\" href=\"https:\/\/monachilsierranevadaturismo.es\/en\/andres-urena-renowned-national-and-international-nature-photographer\/\">Seguir leyendo <span class=\"screen-reader-text\">Andr\u00e9s Ure\u00f1a<\/span><\/a><\/p>\n","protected":false},"author":1,"featured_media":0,"parent":0,"menu_order":0,"comment_status":"closed","ping_status":"closed","template":"elementor_header_footer","meta":{"footnotes":""},"class_list":["post-4992","page","type-page","status-publish","hentry","wpautop","entry"],"yoast_head":"<!-- This site is optimized with the Yoast SEO plugin v26.7 - https:\/\/yoast.com\/wordpress\/plugins\/seo\/ -->\n<title>Andr\u00e9s Ure\u00f1a - Monachil Sierra Nevada Turismo<\/title>\n<meta name=\"robots\" content=\"index, follow, max-snippet:-1, max-image-preview:large, max-video-preview:-1\" \/>\n<link rel=\"canonical\" href=\"https:\/\/monachilsierranevadaturismo.es\/en\/andres-urena-renowned-national-and-international-nature-photographer\/\" \/>\n<meta property=\"og:locale\" content=\"es_ES\" \/>\n<meta property=\"og:type\" content=\"article\" \/>\n<meta property=\"og:title\" content=\"Andr\u00e9s Ure\u00f1a - Monachil Sierra Nevada Turismo\" \/>\n<meta property=\"og:description\" content=\"Andr\u00e9s Ure\u00f1a We are fortunate to have a neighbor as the renowned photographer Andr\u00e9s Ure\u00f1a. Passionate about photography and mountain climbing, he travels our lands taking wonderfull snapshots that allow us to visualize and transmit what nature really teaches us. His photographs are exhibited in provincial, national and international exhibitions. Andr\u00e9s Ure\u00f1a Contamos con la&hellip; Seguir leyendo Andr\u00e9s Ure\u00f1a\" \/>\n<meta property=\"og:url\" content=\"https:\/\/monachilsierranevadaturismo.es\/en\/andres-urena-renowned-national-and-international-nature-photographer\/\" \/>\n<meta property=\"og:site_name\" content=\"Monachil Sierra Nevada Turismo\" \/>\n<meta property=\"article:modified_time\" content=\"2023-02-10T09:30:44+00:00\" \/>\n<meta property=\"og:image\" content=\"http:\/\/monachilsierranevadaturismo.es\/en\/wp-content\/uploads\/2023\/02\/trevenq-nevado-scaled-1-768x513.jpg\" \/>\n<meta name=\"twitter:card\" content=\"summary_large_image\" \/>\n<meta name=\"twitter:label1\" content=\"Tiempo de lectura\" \/>\n\t<meta name=\"twitter:data1\" content=\"11 minutos\" \/>\n<script type=\"application\/ld+json\" class=\"yoast-schema-graph\">{\"@context\":\"https:\/\/schema.org\",\"@graph\":[{\"@type\":\"WebPage\",\"@id\":\"https:\/\/monachilsierranevadaturismo.es\/en\/andres-urena-renowned-national-and-international-nature-photographer\/\",\"url\":\"https:\/\/monachilsierranevadaturismo.es\/en\/andres-urena-renowned-national-and-international-nature-photographer\/\",\"name\":\"Andr\u00e9s Ure\u00f1a - Monachil Sierra Nevada Turismo\",\"isPartOf\":{\"@id\":\"https:\/\/monachilsierranevadaturismo.es\/en\/#website\"},\"primaryImageOfPage\":{\"@id\":\"https:\/\/monachilsierranevadaturismo.es\/en\/andres-urena-renowned-national-and-international-nature-photographer\/#primaryimage\"},\"image\":{\"@id\":\"https:\/\/monachilsierranevadaturismo.es\/en\/andres-urena-renowned-national-and-international-nature-photographer\/#primaryimage\"},\"thumbnailUrl\":\"http:\/\/monachilsierranevadaturismo.es\/en\/wp-content\/uploads\/2023\/02\/trevenq-nevado-scaled-1-768x513.jpg\",\"datePublished\":\"2023-02-10T09:17:22+00:00\",\"dateModified\":\"2023-02-10T09:30:44+00:00\",\"breadcrumb\":{\"@id\":\"https:\/\/monachilsierranevadaturismo.es\/en\/andres-urena-renowned-national-and-international-nature-photographer\/#breadcrumb\"},\"inLanguage\":\"es\",\"potentialAction\":[{\"@type\":\"ReadAction\",\"target\":[\"https:\/\/monachilsierranevadaturismo.es\/en\/andres-urena-renowned-national-and-international-nature-photographer\/\"]}]},{\"@type\":\"ImageObject\",\"inLanguage\":\"es\",\"@id\":\"https:\/\/monachilsierranevadaturismo.es\/en\/andres-urena-renowned-national-and-international-nature-photographer\/#primaryimage\",\"url\":\"http:\/\/monachilsierranevadaturismo.es\/en\/wp-content\/uploads\/2023\/02\/trevenq-nevado-scaled-1-768x513.jpg\",\"contentUrl\":\"http:\/\/monachilsierranevadaturismo.es\/en\/wp-content\/uploads\/2023\/02\/trevenq-nevado-scaled-1-768x513.jpg\"},{\"@type\":\"BreadcrumbList\",\"@id\":\"https:\/\/monachilsierranevadaturismo.es\/en\/andres-urena-renowned-national-and-international-nature-photographer\/#breadcrumb\",\"itemListElement\":[{\"@type\":\"ListItem\",\"position\":1,\"name\":\"Portada\",\"item\":\"https:\/\/monachilsierranevadaturismo.es\/en\/\"},{\"@type\":\"ListItem\",\"position\":2,\"name\":\"Andr\u00e9s Ure\u00f1a\"}]},{\"@type\":\"WebSite\",\"@id\":\"https:\/\/monachilsierranevadaturismo.es\/en\/#website\",\"url\":\"https:\/\/monachilsierranevadaturismo.es\/en\/\",\"name\":\"Monachil Sierra Nevada Turismo\",\"description\":\"Monachil Sierra Nevada Turismo\",\"potentialAction\":[{\"@type\":\"SearchAction\",\"target\":{\"@type\":\"EntryPoint\",\"urlTemplate\":\"https:\/\/monachilsierranevadaturismo.es\/en\/?s={search_term_string}\"},\"query-input\":{\"@type\":\"PropertyValueSpecification\",\"valueRequired\":true,\"valueName\":\"search_term_string\"}}],\"inLanguage\":\"es\"}]}<\/script>\n<!-- \/ Yoast SEO plugin. -->","yoast_head_json":{"title":"Andr\u00e9s Ure\u00f1a - Monachil Sierra Nevada Turismo","robots":{"index":"index","follow":"follow","max-snippet":"max-snippet:-1","max-image-preview":"max-image-preview:large","max-video-preview":"max-video-preview:-1"},"canonical":"https:\/\/monachilsierranevadaturismo.es\/en\/andres-urena-renowned-national-and-international-nature-photographer\/","og_locale":"es_ES","og_type":"article","og_title":"Andr\u00e9s Ure\u00f1a - Monachil Sierra Nevada Turismo","og_description":"Andr\u00e9s Ure\u00f1a We are fortunate to have a neighbor as the renowned photographer Andr\u00e9s Ure\u00f1a. Passionate about photography and mountain climbing, he travels our lands taking wonderfull snapshots that allow us to visualize and transmit what nature really teaches us. His photographs are exhibited in provincial, national and international exhibitions. Andr\u00e9s Ure\u00f1a Contamos con la&hellip; Seguir leyendo Andr\u00e9s Ure\u00f1a","og_url":"https:\/\/monachilsierranevadaturismo.es\/en\/andres-urena-renowned-national-and-international-nature-photographer\/","og_site_name":"Monachil Sierra Nevada Turismo","article_modified_time":"2023-02-10T09:30:44+00:00","og_image":[{"url":"http:\/\/monachilsierranevadaturismo.es\/en\/wp-content\/uploads\/2023\/02\/trevenq-nevado-scaled-1-768x513.jpg","type":"","width":"","height":""}],"twitter_card":"summary_large_image","twitter_misc":{"Tiempo de lectura":"11 minutos"},"schema":{"@context":"https:\/\/schema.org","@graph":[{"@type":"WebPage","@id":"https:\/\/monachilsierranevadaturismo.es\/en\/andres-urena-renowned-national-and-international-nature-photographer\/","url":"https:\/\/monachilsierranevadaturismo.es\/en\/andres-urena-renowned-national-and-international-nature-photographer\/","name":"Andr\u00e9s Ure\u00f1a - Monachil Sierra Nevada Turismo","isPartOf":{"@id":"https:\/\/monachilsierranevadaturismo.es\/en\/#website"},"primaryImageOfPage":{"@id":"https:\/\/monachilsierranevadaturismo.es\/en\/andres-urena-renowned-national-and-international-nature-photographer\/#primaryimage"},"image":{"@id":"https:\/\/monachilsierranevadaturismo.es\/en\/andres-urena-renowned-national-and-international-nature-photographer\/#primaryimage"},"thumbnailUrl":"http:\/\/monachilsierranevadaturismo.es\/en\/wp-content\/uploads\/2023\/02\/trevenq-nevado-scaled-1-768x513.jpg","datePublished":"2023-02-10T09:17:22+00:00","dateModified":"2023-02-10T09:30:44+00:00","breadcrumb":{"@id":"https:\/\/monachilsierranevadaturismo.es\/en\/andres-urena-renowned-national-and-international-nature-photographer\/#breadcrumb"},"inLanguage":"es","potentialAction":[{"@type":"ReadAction","target":["https:\/\/monachilsierranevadaturismo.es\/en\/andres-urena-renowned-national-and-international-nature-photographer\/"]}]},{"@type":"ImageObject","inLanguage":"es","@id":"https:\/\/monachilsierranevadaturismo.es\/en\/andres-urena-renowned-national-and-international-nature-photographer\/#primaryimage","url":"http:\/\/monachilsierranevadaturismo.es\/en\/wp-content\/uploads\/2023\/02\/trevenq-nevado-scaled-1-768x513.jpg","contentUrl":"http:\/\/monachilsierranevadaturismo.es\/en\/wp-content\/uploads\/2023\/02\/trevenq-nevado-scaled-1-768x513.jpg"},{"@type":"BreadcrumbList","@id":"https:\/\/monachilsierranevadaturismo.es\/en\/andres-urena-renowned-national-and-international-nature-photographer\/#breadcrumb","itemListElement":[{"@type":"ListItem","position":1,"name":"Portada","item":"https:\/\/monachilsierranevadaturismo.es\/en\/"},{"@type":"ListItem","position":2,"name":"Andr\u00e9s Ure\u00f1a"}]},{"@type":"WebSite","@id":"https:\/\/monachilsierranevadaturismo.es\/en\/#website","url":"https:\/\/monachilsierranevadaturismo.es\/en\/","name":"Monachil Sierra Nevada Turismo","description":"Monachil Sierra Nevada Turismo","potentialAction":[{"@type":"SearchAction","target":{"@type":"EntryPoint","urlTemplate":"https:\/\/monachilsierranevadaturismo.es\/en\/?s={search_term_string}"},"query-input":{"@type":"PropertyValueSpecification","valueRequired":true,"valueName":"search_term_string"}}],"inLanguage":"es"}]}},"_links":{"self":[{"href":"https:\/\/monachilsierranevadaturismo.es\/en\/wp-json\/wp\/v2\/pages\/4992","targetHints":{"allow":["GET"]}}],"collection":[{"href":"https:\/\/monachilsierranevadaturismo.es\/en\/wp-json\/wp\/v2\/pages"}],"about":[{"href":"https:\/\/monachilsierranevadaturismo.es\/en\/wp-json\/wp\/v2\/types\/page"}],"author":[{"embeddable":true,"href":"https:\/\/monachilsierranevadaturismo.es\/en\/wp-json\/wp\/v2\/users\/1"}],"replies":[{"embeddable":true,"href":"https:\/\/monachilsierranevadaturismo.es\/en\/wp-json\/wp\/v2\/comments?post=4992"}],"version-history":[{"count":4,"href":"https:\/\/monachilsierranevadaturismo.es\/en\/wp-json\/wp\/v2\/pages\/4992\/revisions"}],"predecessor-version":[{"id":5024,"href":"https:\/\/monachilsierranevadaturismo.es\/en\/wp-json\/wp\/v2\/pages\/4992\/revisions\/5024"}],"wp:attachment":[{"href":"https:\/\/monachilsierranevadaturismo.es\/en\/wp-json\/wp\/v2\/media?parent=4992"}],"curies":[{"name":"wp","href":"https:\/\/api.w.org\/{rel}","templated":true}]}}