{"id":218,"date":"2021-12-25T11:45:44","date_gmt":"2021-12-25T11:45:44","guid":{"rendered":"http:\/\/monachilsierranevadaturismo.es\/en\/?page_id=218"},"modified":"2022-06-08T09:03:02","modified_gmt":"2022-06-08T09:03:02","slug":"cerro-de-la-encina-monachil","status":"publish","type":"page","link":"https:\/\/monachilsierranevadaturismo.es\/en\/cerro-de-la-encina-monachil\/","title":{"rendered":"Cerro de la Encina Monachil"},"content":{"rendered":"\t\t<div data-elementor-type=\"wp-page\" data-elementor-id=\"218\" class=\"elementor elementor-218\" data-elementor-post-type=\"page\">\n\t\t\t\t\t\t<section class=\"elementor-section elementor-top-section elementor-element elementor-element-d59fce2 elementor-section-height-min-height elementor-section-stretched elementor-section-boxed elementor-section-height-default elementor-section-items-middle\" data-id=\"d59fce2\" data-element_type=\"section\" data-settings=\"{&quot;stretch_section&quot;:&quot;section-stretched&quot;,&quot;background_background&quot;:&quot;classic&quot;}\">\n\t\t\t\t\t\t\t<div class=\"elementor-background-overlay\"><\/div>\n\t\t\t\t\t\t\t<div class=\"elementor-container elementor-column-gap-default\">\n\t\t\t\t\t<div class=\"elementor-column elementor-col-50 elementor-top-column elementor-element elementor-element-8787f06\" data-id=\"8787f06\" data-element_type=\"column\">\n\t\t\t<div class=\"elementor-widget-wrap elementor-element-populated\">\n\t\t\t\t\t\t<div class=\"elementor-element elementor-element-6a4f6fe elementor-widget elementor-widget-heading\" data-id=\"6a4f6fe\" data-element_type=\"widget\" data-widget_type=\"heading.default\">\n\t\t\t\t<div class=\"elementor-widget-container\">\n\t\t\t\t\t<h1 class=\"elementor-heading-title elementor-size-default\">Cerro de\n  <p>la Encina Monachil <\/p>\n\n<\/h1>\t\t\t\t<\/div>\n\t\t\t\t<\/div>\n\t\t\t\t<div class=\"elementor-element elementor-element-9d272b9 elementor-widget elementor-widget-image\" data-id=\"9d272b9\" data-element_type=\"widget\" data-widget_type=\"image.default\">\n\t\t\t\t<div class=\"elementor-widget-container\">\n\t\t\t\t\t\t\t\t\t\t\t\t\t\t\t<img decoding=\"async\" width=\"205\" height=\"3\" src=\"https:\/\/monachilsierranevadaturismo.es\/en\/wp-content\/uploads\/2022\/03\/divisor-01-min.png\" class=\"attachment-large size-large wp-image-1000\" alt=\"\" srcset=\"https:\/\/monachilsierranevadaturismo.es\/en\/wp-content\/uploads\/2022\/03\/divisor-01-min.png 205w, https:\/\/monachilsierranevadaturismo.es\/en\/wp-content\/uploads\/2022\/03\/divisor-01-min-150x3.png 150w\" sizes=\"(max-width: 205px) 100vw, 205px\" style=\"width:100%;height:1.46%;max-width:205px\" \/>\t\t\t\t\t\t\t\t\t\t\t\t\t\t\t<\/div>\n\t\t\t\t<\/div>\n\t\t\t\t<div class=\"elementor-element elementor-element-39b77a9 elementor-widget elementor-widget-heading\" data-id=\"39b77a9\" data-element_type=\"widget\" data-widget_type=\"heading.default\">\n\t\t\t\t<div class=\"elementor-widget-container\">\n\t\t\t\t\t<h2 class=\"elementor-heading-title elementor-size-default\">ARCHAEOLOGICAL REMAINS FROM THE BRONZE AGE<\/h2>\t\t\t\t<\/div>\n\t\t\t\t<\/div>\n\t\t\t\t<div class=\"elementor-element elementor-element-17827b4 elementor-mobile-align-center elementor-widget elementor-widget-button\" data-id=\"17827b4\" data-element_type=\"widget\" data-widget_type=\"button.default\">\n\t\t\t\t<div class=\"elementor-widget-container\">\n\t\t\t\t\t\t\t\t\t<div class=\"elementor-button-wrapper\">\n\t\t\t\t\t<a class=\"elementor-button elementor-button-link elementor-size-sm\" href=\"#yacimiento\">\n\t\t\t\t\t\t<span class=\"elementor-button-content-wrapper\">\n\t\t\t\t\t\t\t\t\t<span class=\"elementor-button-text\">learn more<\/span>\n\t\t\t\t\t<\/span>\n\t\t\t\t\t<\/a>\n\t\t\t\t<\/div>\n\t\t\t\t\t\t\t\t<\/div>\n\t\t\t\t<\/div>\n\t\t\t\t\t<\/div>\n\t\t<\/div>\n\t\t\t\t<div class=\"elementor-column elementor-col-50 elementor-top-column elementor-element elementor-element-42f7c6b\" data-id=\"42f7c6b\" data-element_type=\"column\">\n\t\t\t<div class=\"elementor-widget-wrap\">\n\t\t\t\t\t\t\t<\/div>\n\t\t<\/div>\n\t\t\t\t\t<\/div>\n\t\t<\/section>\n\t\t\t\t<section class=\"elementor-section elementor-top-section elementor-element elementor-element-b5e2b0a elementor-section-boxed elementor-section-height-default elementor-section-height-default\" data-id=\"b5e2b0a\" data-element_type=\"section\" id=\"yacimiento\" data-settings=\"{&quot;background_background&quot;:&quot;classic&quot;}\">\n\t\t\t\t\t\t\t<div class=\"elementor-background-overlay\"><\/div>\n\t\t\t\t\t\t\t<div class=\"elementor-container elementor-column-gap-extended\">\n\t\t\t\t\t<div class=\"elementor-column elementor-col-50 elementor-top-column elementor-element elementor-element-d5dcb2b\" data-id=\"d5dcb2b\" data-element_type=\"column\">\n\t\t\t<div class=\"elementor-widget-wrap elementor-element-populated\">\n\t\t\t\t\t\t<div class=\"elementor-element elementor-element-e4e732c elementor-widget elementor-widget-heading\" data-id=\"e4e732c\" data-element_type=\"widget\" data-widget_type=\"heading.default\">\n\t\t\t\t<div class=\"elementor-widget-container\">\n\t\t\t\t\t<div class=\"elementor-heading-title elementor-size-default\">One of the<br> most important deposits <br>found from <\/div>\t\t\t\t<\/div>\n\t\t\t\t<\/div>\n\t\t\t\t<div class=\"elementor-element elementor-element-51bdf8c elementor-widget elementor-widget-heading\" data-id=\"51bdf8c\" data-element_type=\"widget\" data-widget_type=\"heading.default\">\n\t\t\t\t<div class=\"elementor-widget-container\">\n\t\t\t\t\t<h3 class=\"elementor-heading-title elementor-size-default\">argaric culture<\/h3>\t\t\t\t<\/div>\n\t\t\t\t<\/div>\n\t\t\t\t\t<\/div>\n\t\t<\/div>\n\t\t\t\t<div class=\"elementor-column elementor-col-50 elementor-top-column elementor-element elementor-element-aa87cb9\" data-id=\"aa87cb9\" data-element_type=\"column\">\n\t\t\t<div class=\"elementor-widget-wrap elementor-element-populated\">\n\t\t\t\t\t\t<div class=\"elementor-element elementor-element-e6245bc elementor-widget elementor-widget-image\" data-id=\"e6245bc\" data-element_type=\"widget\" data-widget_type=\"image.default\">\n\t\t\t\t<div class=\"elementor-widget-container\">\n\t\t\t\t\t\t\t\t\t\t\t\t\t\t\t<img decoding=\"async\" width=\"205\" height=\"3\" src=\"https:\/\/monachilsierranevadaturismo.es\/en\/wp-content\/uploads\/2022\/03\/divisor-azul.png\" class=\"attachment-large size-large wp-image-1022\" alt=\"\" srcset=\"https:\/\/monachilsierranevadaturismo.es\/en\/wp-content\/uploads\/2022\/03\/divisor-azul.png 205w, https:\/\/monachilsierranevadaturismo.es\/en\/wp-content\/uploads\/2022\/03\/divisor-azul-150x3.png 150w\" sizes=\"(max-width: 205px) 100vw, 205px\" style=\"width:100%;height:1.46%;max-width:205px\" \/>\t\t\t\t\t\t\t\t\t\t\t\t\t\t\t<\/div>\n\t\t\t\t<\/div>\n\t\t\t\t<div class=\"elementor-element elementor-element-01df1fc elementor-widget elementor-widget-text-editor\" data-id=\"01df1fc\" data-element_type=\"widget\" data-widget_type=\"text-editor.default\">\n\t\t\t\t<div class=\"elementor-widget-container\">\n\t\t\t\t\t\t\t\t\t<p>The archaeological site of Cerro de la Encina was a Bronze Age settlement between 2000 and 900 BC. Surely one of the main population centers of the province of Granada at that time. Those settlers dominated the Monachil valley and the fertile plains of Granada and exploited all the natural resources of the fertile lands and the ungovernable Sierra Nevada.<\/p>\t\t\t\t\t\t\t\t<\/div>\n\t\t\t\t<\/div>\n\t\t\t\t\t<\/div>\n\t\t<\/div>\n\t\t\t\t\t<\/div>\n\t\t<\/section>\n\t\t\t\t<section class=\"elementor-section elementor-top-section elementor-element elementor-element-fb7af6b elementor-section-full_width elementor-section-height-default elementor-section-height-default\" data-id=\"fb7af6b\" data-element_type=\"section\" data-settings=\"{&quot;background_background&quot;:&quot;classic&quot;}\">\n\t\t\t\t\t\t<div class=\"elementor-container elementor-column-gap-default\">\n\t\t\t\t\t<div class=\"elementor-column elementor-col-50 elementor-top-column elementor-element elementor-element-31a860d\" data-id=\"31a860d\" data-element_type=\"column\">\n\t\t\t<div class=\"elementor-widget-wrap elementor-element-populated\">\n\t\t\t\t\t\t<div class=\"elementor-element elementor-element-ab8f774 elementor-widget elementor-widget-image\" data-id=\"ab8f774\" data-element_type=\"widget\" data-widget_type=\"image.default\">\n\t\t\t\t<div class=\"elementor-widget-container\">\n\t\t\t\t\t\t\t\t\t\t\t\t\t\t\t<img fetchpriority=\"high\" decoding=\"async\" width=\"750\" height=\"508\" src=\"https:\/\/monachilsierranevadaturismo.es\/en\/wp-content\/uploads\/2022\/03\/arganica01-min.jpg\" class=\"attachment-large size-large wp-image-1021\" alt=\"\" srcset=\"https:\/\/monachilsierranevadaturismo.es\/en\/wp-content\/uploads\/2022\/03\/arganica01-min.jpg 944w, https:\/\/monachilsierranevadaturismo.es\/en\/wp-content\/uploads\/2022\/03\/arganica01-min-300x203.jpg 300w, https:\/\/monachilsierranevadaturismo.es\/en\/wp-content\/uploads\/2022\/03\/arganica01-min-768x521.jpg 768w\" sizes=\"(max-width: 750px) 100vw, 750px\" style=\"width:100%;height:67.8%;max-width:944px\" \/>\t\t\t\t\t\t\t\t\t\t\t\t\t\t\t<\/div>\n\t\t\t\t<\/div>\n\t\t\t\t<div class=\"elementor-element elementor-element-826e7ac elementor-widget elementor-widget-text-editor\" data-id=\"826e7ac\" data-element_type=\"widget\" data-widget_type=\"text-editor.default\">\n\t\t\t\t<div class=\"elementor-widget-container\">\n\t\t\t\t\t\t\t\t\t<p>Recreation of the ancient settlement<\/p>\t\t\t\t\t\t\t\t<\/div>\n\t\t\t\t<\/div>\n\t\t\t\t<section class=\"elementor-section elementor-inner-section elementor-element elementor-element-fa7971e elementor-section-boxed elementor-section-height-default elementor-section-height-default\" data-id=\"fa7971e\" data-element_type=\"section\">\n\t\t\t\t\t\t<div class=\"elementor-container elementor-column-gap-default\">\n\t\t\t\t\t<div class=\"elementor-column elementor-col-50 elementor-inner-column elementor-element elementor-element-14b6614\" data-id=\"14b6614\" data-element_type=\"column\">\n\t\t\t<div class=\"elementor-widget-wrap elementor-element-populated\">\n\t\t\t\t\t\t<div class=\"elementor-element elementor-element-1db0785 elementor-widget elementor-widget-image\" data-id=\"1db0785\" data-element_type=\"widget\" data-widget_type=\"image.default\">\n\t\t\t\t<div class=\"elementor-widget-container\">\n\t\t\t\t\t\t\t\t\t\t\t\t\t\t\t<img loading=\"lazy\" decoding=\"async\" width=\"3\" height=\"205\" src=\"https:\/\/monachilsierranevadaturismo.es\/en\/wp-content\/uploads\/2022\/03\/divisor-azul-vertical.png\" class=\"attachment-large size-large wp-image-1039\" alt=\"\" style=\"width:100%;height:6833.33%;max-width:3px\" \/>\t\t\t\t\t\t\t\t\t\t\t\t\t\t\t<\/div>\n\t\t\t\t<\/div>\n\t\t\t\t\t<\/div>\n\t\t<\/div>\n\t\t\t\t<div class=\"elementor-column elementor-col-50 elementor-inner-column elementor-element elementor-element-1b6ad2b\" data-id=\"1b6ad2b\" data-element_type=\"column\">\n\t\t\t<div class=\"elementor-widget-wrap elementor-element-populated\">\n\t\t\t\t\t\t<div class=\"elementor-element elementor-element-6413671 elementor-widget elementor-widget-text-editor\" data-id=\"6413671\" data-element_type=\"widget\" data-widget_type=\"text-editor.default\">\n\t\t\t\t<div class=\"elementor-widget-container\">\n\t\t\t\t\t\t\t\t\t<p>The structures found, awaiting a global consolidation project, are mostly covered with canvases to prevent their deterioration, except for the bastion in Zone A, which was the object of restitution and conservation work.<\/p>\t\t\t\t\t\t\t\t<\/div>\n\t\t\t\t<\/div>\n\t\t\t\t\t<\/div>\n\t\t<\/div>\n\t\t\t\t\t<\/div>\n\t\t<\/section>\n\t\t\t\t\t<\/div>\n\t\t<\/div>\n\t\t\t\t<div class=\"elementor-column elementor-col-50 elementor-top-column elementor-element elementor-element-e49a225\" data-id=\"e49a225\" data-element_type=\"column\">\n\t\t\t<div class=\"elementor-widget-wrap elementor-element-populated\">\n\t\t\t\t\t\t<div class=\"elementor-element elementor-element-e1274fb elementor-widget elementor-widget-image\" data-id=\"e1274fb\" data-element_type=\"widget\" data-widget_type=\"image.default\">\n\t\t\t\t<div class=\"elementor-widget-container\">\n\t\t\t\t\t\t\t\t\t\t\t\t\t\t\t<img loading=\"lazy\" decoding=\"async\" width=\"962\" height=\"739\" src=\"https:\/\/monachilsierranevadaturismo.es\/en\/wp-content\/uploads\/2022\/03\/mapa-topografico.png\" class=\"attachment-full size-full wp-image-1023\" alt=\"\" srcset=\"https:\/\/monachilsierranevadaturismo.es\/en\/wp-content\/uploads\/2022\/03\/mapa-topografico.png 962w, https:\/\/monachilsierranevadaturismo.es\/en\/wp-content\/uploads\/2022\/03\/mapa-topografico-300x230.png 300w, https:\/\/monachilsierranevadaturismo.es\/en\/wp-content\/uploads\/2022\/03\/mapa-topografico-768x590.png 768w\" sizes=\"(max-width: 962px) 100vw, 962px\" style=\"width:100%;height:76.82%;max-width:962px\" \/>\t\t\t\t\t\t\t\t\t\t\t\t\t\t\t<\/div>\n\t\t\t\t<\/div>\n\t\t\t\t\t<\/div>\n\t\t<\/div>\n\t\t\t\t\t<\/div>\n\t\t<\/section>\n\t\t\t\t<section class=\"elementor-section elementor-top-section elementor-element elementor-element-d660922 elementor-section-boxed elementor-section-height-default elementor-section-height-default\" data-id=\"d660922\" data-element_type=\"section\" data-settings=\"{&quot;background_background&quot;:&quot;classic&quot;}\">\n\t\t\t\t\t\t<div class=\"elementor-container elementor-column-gap-default\">\n\t\t\t\t\t<div class=\"elementor-column elementor-col-100 elementor-top-column elementor-element elementor-element-155885b\" data-id=\"155885b\" data-element_type=\"column\">\n\t\t\t<div class=\"elementor-widget-wrap elementor-element-populated\">\n\t\t\t\t\t\t<section class=\"elementor-section elementor-inner-section elementor-element elementor-element-1b01380 elementor-section-boxed elementor-section-height-default elementor-section-height-default\" data-id=\"1b01380\" data-element_type=\"section\">\n\t\t\t\t\t\t<div class=\"elementor-container elementor-column-gap-default\">\n\t\t\t\t\t<div class=\"elementor-column elementor-col-33 elementor-inner-column elementor-element elementor-element-d380e38\" data-id=\"d380e38\" data-element_type=\"column\">\n\t\t\t<div class=\"elementor-widget-wrap elementor-element-populated\">\n\t\t\t\t\t\t<div class=\"elementor-element elementor-element-b6457cf elementor-widget elementor-widget-image\" data-id=\"b6457cf\" data-element_type=\"widget\" data-widget_type=\"image.default\">\n\t\t\t\t<div class=\"elementor-widget-container\">\n\t\t\t\t\t\t\t\t\t\t\t\t\t\t\t<img loading=\"lazy\" decoding=\"async\" width=\"3\" height=\"205\" src=\"https:\/\/monachilsierranevadaturismo.es\/en\/wp-content\/uploads\/2022\/03\/divisor-azul-vertical.png\" class=\"attachment-large size-large wp-image-1039\" alt=\"\" style=\"width:100%;height:6833.33%;max-width:3px\" \/>\t\t\t\t\t\t\t\t\t\t\t\t\t\t\t<\/div>\n\t\t\t\t<\/div>\n\t\t\t\t\t<\/div>\n\t\t<\/div>\n\t\t\t\t<div class=\"elementor-column elementor-col-33 elementor-inner-column elementor-element elementor-element-4680704\" data-id=\"4680704\" data-element_type=\"column\">\n\t\t\t<div class=\"elementor-widget-wrap elementor-element-populated\">\n\t\t\t\t\t\t<div class=\"elementor-element elementor-element-eacc163 elementor-widget elementor-widget-text-editor\" data-id=\"eacc163\" data-element_type=\"widget\" data-widget_type=\"text-editor.default\">\n\t\t\t\t<div class=\"elementor-widget-container\">\n\t\t\t\t\t\t\t\t\t<p>The Argaric settlement of Cerro de la Encina occupied most of the hill on which it is located, including the hillside to the north, around the central depression, although only a small part has been excavated.<\/p>\t\t\t\t\t\t\t\t<\/div>\n\t\t\t\t<\/div>\n\t\t\t\t\t<\/div>\n\t\t<\/div>\n\t\t\t\t<div class=\"elementor-column elementor-col-33 elementor-inner-column elementor-element elementor-element-a24f05e\" data-id=\"a24f05e\" data-element_type=\"column\">\n\t\t\t<div class=\"elementor-widget-wrap\">\n\t\t\t\t\t\t\t<\/div>\n\t\t<\/div>\n\t\t\t\t\t<\/div>\n\t\t<\/section>\n\t\t\t\t<div class=\"elementor-element elementor-element-6f3db0c elementor-widget elementor-widget-spacer\" data-id=\"6f3db0c\" data-element_type=\"widget\" data-widget_type=\"spacer.default\">\n\t\t\t\t<div class=\"elementor-widget-container\">\n\t\t\t\t\t\t\t<div class=\"elementor-spacer\">\n\t\t\t<div class=\"elementor-spacer-inner\"><\/div>\n\t\t<\/div>\n\t\t\t\t\t\t<\/div>\n\t\t\t\t<\/div>\n\t\t\t\t\t<\/div>\n\t\t<\/div>\n\t\t\t\t\t<\/div>\n\t\t<\/section>\n\t\t\t\t<section class=\"elementor-section elementor-top-section elementor-element elementor-element-05f70db elementor-section-full_width elementor-section-height-min-height elementor-section-height-default elementor-section-items-middle\" data-id=\"05f70db\" data-element_type=\"section\" data-settings=\"{&quot;background_background&quot;:&quot;classic&quot;}\">\n\t\t\t\t\t\t<div class=\"elementor-container elementor-column-gap-default\">\n\t\t\t\t\t<div class=\"elementor-column elementor-col-33 elementor-top-column elementor-element elementor-element-957070b\" data-id=\"957070b\" data-element_type=\"column\">\n\t\t\t<div class=\"elementor-widget-wrap\">\n\t\t\t\t\t\t\t<\/div>\n\t\t<\/div>\n\t\t\t\t<div class=\"elementor-column elementor-col-33 elementor-top-column elementor-element elementor-element-a33657f\" data-id=\"a33657f\" data-element_type=\"column\">\n\t\t\t<div class=\"elementor-widget-wrap elementor-element-populated\">\n\t\t\t\t\t\t<div class=\"elementor-element elementor-element-2269511 elementor-widget elementor-widget-image\" data-id=\"2269511\" data-element_type=\"widget\" data-widget_type=\"image.default\">\n\t\t\t\t<div class=\"elementor-widget-container\">\n\t\t\t\t\t\t\t\t\t\t\t\t\t\t\t\t<a href=\"https:\/\/tourvirtual360.es\/wp-content\/uploads\/tours\/monachil\/cerroencina\/\">\n\t\t\t\t\t\t\t<img decoding=\"async\" src=\"https:\/\/monachilsierranevadaturismo.es\/en\/wp-content\/uploads\/2022\/03\/360-min.png\" title=\"360-min\" alt=\"360-min\" loading=\"lazy\" \/>\t\t\t\t\t\t\t\t<\/a>\n\t\t\t\t\t\t\t\t\t\t\t\t\t\t\t<\/div>\n\t\t\t\t<\/div>\n\t\t\t\t<div class=\"elementor-element elementor-element-b9a6f63 elementor-mobile-align-center elementor-align-center elementor-widget elementor-widget-button\" data-id=\"b9a6f63\" data-element_type=\"widget\" data-widget_type=\"button.default\">\n\t\t\t\t<div class=\"elementor-widget-container\">\n\t\t\t\t\t\t\t\t\t<div class=\"elementor-button-wrapper\">\n\t\t\t\t\t<a class=\"elementor-button elementor-button-link elementor-size-sm\" href=\"https:\/\/tourvirtual360.es\/wp-content\/uploads\/tours\/monachil\/cerroencina\/\">\n\t\t\t\t\t\t<span class=\"elementor-button-content-wrapper\">\n\t\t\t\t\t\t\t\t\t<span class=\"elementor-button-text\">go to virtual tour<\/span>\n\t\t\t\t\t<\/span>\n\t\t\t\t\t<\/a>\n\t\t\t\t<\/div>\n\t\t\t\t\t\t\t\t<\/div>\n\t\t\t\t<\/div>\n\t\t\t\t\t<\/div>\n\t\t<\/div>\n\t\t\t\t<div class=\"elementor-column elementor-col-33 elementor-top-column elementor-element elementor-element-23cf99d\" data-id=\"23cf99d\" data-element_type=\"column\">\n\t\t\t<div class=\"elementor-widget-wrap\">\n\t\t\t\t\t\t\t<\/div>\n\t\t<\/div>\n\t\t\t\t\t<\/div>\n\t\t<\/section>\n\t\t\t\t<section class=\"elementor-section elementor-top-section elementor-element elementor-element-e42a8ab elementor-section-boxed elementor-section-height-default elementor-section-height-default\" data-id=\"e42a8ab\" data-element_type=\"section\" data-settings=\"{&quot;background_background&quot;:&quot;classic&quot;}\">\n\t\t\t\t\t\t<div class=\"elementor-container elementor-column-gap-default\">\n\t\t\t\t\t<div class=\"elementor-column elementor-col-50 elementor-top-column elementor-element elementor-element-c0d67f1\" data-id=\"c0d67f1\" data-element_type=\"column\">\n\t\t\t<div class=\"elementor-widget-wrap elementor-element-populated\">\n\t\t\t\t\t\t<div class=\"elementor-element elementor-element-bc78b4e elementor-widget elementor-widget-image\" data-id=\"bc78b4e\" data-element_type=\"widget\" data-widget_type=\"image.default\">\n\t\t\t\t<div class=\"elementor-widget-container\">\n\t\t\t\t\t\t\t\t\t\t\t\t\t\t\t<img loading=\"lazy\" decoding=\"async\" width=\"1128\" height=\"694\" src=\"https:\/\/monachilsierranevadaturismo.es\/en\/wp-content\/uploads\/2022\/03\/cerro-encina-monachil-01-min-1.jpg\" class=\"attachment-full size-full wp-image-1087\" alt=\"\" srcset=\"https:\/\/monachilsierranevadaturismo.es\/en\/wp-content\/uploads\/2022\/03\/cerro-encina-monachil-01-min-1.jpg 1128w, https:\/\/monachilsierranevadaturismo.es\/en\/wp-content\/uploads\/2022\/03\/cerro-encina-monachil-01-min-1-300x185.jpg 300w, https:\/\/monachilsierranevadaturismo.es\/en\/wp-content\/uploads\/2022\/03\/cerro-encina-monachil-01-min-1-1024x630.jpg 1024w, https:\/\/monachilsierranevadaturismo.es\/en\/wp-content\/uploads\/2022\/03\/cerro-encina-monachil-01-min-1-768x473.jpg 768w\" sizes=\"(max-width: 1128px) 100vw, 1128px\" style=\"width:100%;height:61.52%;max-width:1128px\" \/>\t\t\t\t\t\t\t\t\t\t\t\t\t\t\t<\/div>\n\t\t\t\t<\/div>\n\t\t\t\t\t<\/div>\n\t\t<\/div>\n\t\t\t\t<div class=\"elementor-column elementor-col-50 elementor-top-column elementor-element elementor-element-509e1ae\" data-id=\"509e1ae\" data-element_type=\"column\">\n\t\t\t<div class=\"elementor-widget-wrap\">\n\t\t\t\t\t\t\t<\/div>\n\t\t<\/div>\n\t\t\t\t\t<\/div>\n\t\t<\/section>\n\t\t\t\t<section class=\"elementor-section elementor-top-section elementor-element elementor-element-1046c09 elementor-section-boxed elementor-section-height-default elementor-section-height-default\" data-id=\"1046c09\" data-element_type=\"section\" data-settings=\"{&quot;background_background&quot;:&quot;classic&quot;}\">\n\t\t\t\t\t\t<div class=\"elementor-container elementor-column-gap-wider\">\n\t\t\t\t\t<div class=\"elementor-column elementor-col-33 elementor-top-column elementor-element elementor-element-851393b\" data-id=\"851393b\" data-element_type=\"column\">\n\t\t\t<div class=\"elementor-widget-wrap\">\n\t\t\t\t\t\t\t<\/div>\n\t\t<\/div>\n\t\t\t\t<div class=\"elementor-column elementor-col-33 elementor-top-column elementor-element elementor-element-171fcf0\" data-id=\"171fcf0\" data-element_type=\"column\">\n\t\t\t<div class=\"elementor-widget-wrap elementor-element-populated\">\n\t\t\t\t\t\t<div class=\"elementor-element elementor-element-56b8b76 elementor-widget elementor-widget-image\" data-id=\"56b8b76\" data-element_type=\"widget\" data-widget_type=\"image.default\">\n\t\t\t\t<div class=\"elementor-widget-container\">\n\t\t\t\t\t\t\t\t\t\t\t\t\t\t\t<img loading=\"lazy\" decoding=\"async\" width=\"658\" height=\"796\" src=\"https:\/\/monachilsierranevadaturismo.es\/en\/wp-content\/uploads\/2022\/03\/cerro-encina-monachil-03-min-min.jpg\" class=\"attachment-large size-large wp-image-2209\" alt=\"\" srcset=\"https:\/\/monachilsierranevadaturismo.es\/en\/wp-content\/uploads\/2022\/03\/cerro-encina-monachil-03-min-min.jpg 658w, https:\/\/monachilsierranevadaturismo.es\/en\/wp-content\/uploads\/2022\/03\/cerro-encina-monachil-03-min-min-248x300.jpg 248w\" sizes=\"(max-width: 658px) 100vw, 658px\" style=\"width:100%;height:120.97%;max-width:658px\" \/>\t\t\t\t\t\t\t\t\t\t\t\t\t\t\t<\/div>\n\t\t\t\t<\/div>\n\t\t\t\t\t<\/div>\n\t\t<\/div>\n\t\t\t\t<div class=\"elementor-column elementor-col-33 elementor-top-column elementor-element elementor-element-c73954a\" data-id=\"c73954a\" data-element_type=\"column\">\n\t\t\t<div class=\"elementor-widget-wrap elementor-element-populated\">\n\t\t\t\t\t\t<div class=\"elementor-element elementor-element-720eaf7 elementor-widget elementor-widget-image\" data-id=\"720eaf7\" data-element_type=\"widget\" data-widget_type=\"image.default\">\n\t\t\t\t<div class=\"elementor-widget-container\">\n\t\t\t\t\t\t\t\t\t\t\t\t\t\t\t<img loading=\"lazy\" decoding=\"async\" width=\"578\" height=\"428\" src=\"https:\/\/monachilsierranevadaturismo.es\/en\/wp-content\/uploads\/2022\/03\/cerro-encina-monachil-02-min.jpg\" class=\"attachment-full size-full wp-image-1092\" alt=\"\" srcset=\"https:\/\/monachilsierranevadaturismo.es\/en\/wp-content\/uploads\/2022\/03\/cerro-encina-monachil-02-min.jpg 578w, https:\/\/monachilsierranevadaturismo.es\/en\/wp-content\/uploads\/2022\/03\/cerro-encina-monachil-02-min-300x222.jpg 300w\" sizes=\"(max-width: 578px) 100vw, 578px\" style=\"width:100%;height:74.05%;max-width:578px\" \/>\t\t\t\t\t\t\t\t\t\t\t\t\t\t\t<\/div>\n\t\t\t\t<\/div>\n\t\t\t\t\t<\/div>\n\t\t<\/div>\n\t\t\t\t\t<\/div>\n\t\t<\/section>\n\t\t\t\t<section class=\"elementor-section elementor-top-section elementor-element elementor-element-481389f elementor-section-boxed elementor-section-height-default elementor-section-height-default\" data-id=\"481389f\" data-element_type=\"section\" data-settings=\"{&quot;background_background&quot;:&quot;classic&quot;}\">\n\t\t\t\t\t\t<div class=\"elementor-container elementor-column-gap-default\">\n\t\t\t\t\t<div class=\"elementor-column elementor-col-50 elementor-top-column elementor-element elementor-element-d3ca935\" data-id=\"d3ca935\" data-element_type=\"column\">\n\t\t\t<div class=\"elementor-widget-wrap elementor-element-populated\">\n\t\t\t\t\t\t<div class=\"elementor-element elementor-element-ae3766f elementor-hidden-tablet elementor-hidden-mobile elementor-widget elementor-widget-image\" data-id=\"ae3766f\" data-element_type=\"widget\" data-widget_type=\"image.default\">\n\t\t\t\t<div class=\"elementor-widget-container\">\n\t\t\t\t\t\t\t\t\t\t\t\t\t\t\t<img loading=\"lazy\" decoding=\"async\" width=\"629\" height=\"290\" src=\"https:\/\/monachilsierranevadaturismo.es\/en\/wp-content\/uploads\/2022\/03\/viviendas-monachil-min.png\" class=\"attachment-large size-large wp-image-1105\" alt=\"\" srcset=\"https:\/\/monachilsierranevadaturismo.es\/en\/wp-content\/uploads\/2022\/03\/viviendas-monachil-min.png 629w, https:\/\/monachilsierranevadaturismo.es\/en\/wp-content\/uploads\/2022\/03\/viviendas-monachil-min-300x138.png 300w\" sizes=\"(max-width: 629px) 100vw, 629px\" style=\"width:100%;height:46.1%;max-width:629px\" \/>\t\t\t\t\t\t\t\t\t\t\t\t\t\t\t<\/div>\n\t\t\t\t<\/div>\n\t\t\t\t<div class=\"elementor-element elementor-element-bde70b5 elementor-widget elementor-widget-heading\" data-id=\"bde70b5\" data-element_type=\"widget\" data-widget_type=\"heading.default\">\n\t\t\t\t<div class=\"elementor-widget-container\">\n\t\t\t\t\t<div class=\"elementor-heading-title elementor-size-default\">Houses in <\/div>\t\t\t\t<\/div>\n\t\t\t\t<\/div>\n\t\t\t\t<div class=\"elementor-element elementor-element-658d8b6 elementor-widget elementor-widget-heading\" data-id=\"658d8b6\" data-element_type=\"widget\" data-widget_type=\"heading.default\">\n\t\t\t\t<div class=\"elementor-widget-container\">\n\t\t\t\t\t<div class=\"elementor-heading-title elementor-size-default\">Cerro de la Encina<\/div>\t\t\t\t<\/div>\n\t\t\t\t<\/div>\n\t\t\t\t<div class=\"elementor-element elementor-element-4e1f3fb elementor-widget elementor-widget-text-editor\" data-id=\"4e1f3fb\" data-element_type=\"widget\" data-widget_type=\"text-editor.default\">\n\t\t\t\t<div class=\"elementor-widget-container\">\n\t\t\t\t\t\t\t\t\t<p>Among the structures found inside the dwellings are hearths, cobblestones, stone benches, slate or schist slab containers and grinding benches. The mills were made of schist, with a slightly curved surface, on which a mill hand of the same material or quartzite was slid, crushing the grain that was then poured into a ceramic container placed at its end. From the deformation of certain joints of the skeletons discovered, it can be deduced that this task was the responsibility of the women of the village.<\/p>\t\t\t\t\t\t\t\t<\/div>\n\t\t\t\t<\/div>\n\t\t\t\t\t<\/div>\n\t\t<\/div>\n\t\t\t\t<div class=\"elementor-column elementor-col-50 elementor-top-column elementor-element elementor-element-28688b6\" data-id=\"28688b6\" data-element_type=\"column\">\n\t\t\t<div class=\"elementor-widget-wrap\">\n\t\t\t\t\t\t\t<\/div>\n\t\t<\/div>\n\t\t\t\t\t<\/div>\n\t\t<\/section>\n\t\t\t\t<section class=\"elementor-section elementor-top-section elementor-element elementor-element-eefed4b elementor-section-full_width elementor-section-height-full elementor-section-height-default elementor-section-items-middle\" data-id=\"eefed4b\" data-element_type=\"section\" data-settings=\"{&quot;background_background&quot;:&quot;classic&quot;}\">\n\t\t\t\t\t\t<div class=\"elementor-container elementor-column-gap-default\">\n\t\t\t\t\t<div class=\"elementor-column elementor-col-50 elementor-top-column elementor-element elementor-element-82466af\" data-id=\"82466af\" data-element_type=\"column\">\n\t\t\t<div class=\"elementor-widget-wrap\">\n\t\t\t\t\t\t\t<\/div>\n\t\t<\/div>\n\t\t\t\t<div class=\"elementor-column elementor-col-50 elementor-top-column elementor-element elementor-element-e3896dc\" data-id=\"e3896dc\" data-element_type=\"column\">\n\t\t\t<div class=\"elementor-widget-wrap elementor-element-populated\">\n\t\t\t\t\t\t<div class=\"elementor-element elementor-element-b61bba5 elementor-hidden-tablet elementor-hidden-mobile elementor-widget elementor-widget-image\" data-id=\"b61bba5\" data-element_type=\"widget\" data-widget_type=\"image.default\">\n\t\t\t\t<div class=\"elementor-widget-container\">\n\t\t\t\t\t\t\t\t\t\t\t\t\t\t\t<img decoding=\"async\" src=\"https:\/\/monachilsierranevadaturismo.es\/en\/wp-content\/uploads\/2022\/03\/viviendas-monachil-grande-min.png\" title=\"viviendas-monachil-grande-min\" alt=\"viviendas-monachil-grande-min\" loading=\"lazy\" \/>\t\t\t\t\t\t\t\t\t\t\t\t\t\t\t<\/div>\n\t\t\t\t<\/div>\n\t\t\t\t<div class=\"elementor-element elementor-element-765aab5 elementor-hidden-desktop elementor-widget elementor-widget-image\" data-id=\"765aab5\" data-element_type=\"widget\" data-widget_type=\"image.default\">\n\t\t\t\t<div class=\"elementor-widget-container\">\n\t\t\t\t\t\t\t\t\t\t\t\t\t\t\t<img loading=\"lazy\" decoding=\"async\" width=\"767\" height=\"1711\" src=\"https:\/\/monachilsierranevadaturismo.es\/en\/wp-content\/uploads\/2022\/03\/SEPULTURAS-MOBILE.png\" class=\"attachment-full size-full wp-image-1332\" alt=\"\" srcset=\"https:\/\/monachilsierranevadaturismo.es\/en\/wp-content\/uploads\/2022\/03\/SEPULTURAS-MOBILE.png 767w, https:\/\/monachilsierranevadaturismo.es\/en\/wp-content\/uploads\/2022\/03\/SEPULTURAS-MOBILE-134x300.png 134w, https:\/\/monachilsierranevadaturismo.es\/en\/wp-content\/uploads\/2022\/03\/SEPULTURAS-MOBILE-459x1024.png 459w, https:\/\/monachilsierranevadaturismo.es\/en\/wp-content\/uploads\/2022\/03\/SEPULTURAS-MOBILE-689x1536.png 689w\" sizes=\"(max-width: 767px) 100vw, 767px\" style=\"width:100%;height:223.08%;max-width:767px\" \/>\t\t\t\t\t\t\t\t\t\t\t\t\t\t\t<\/div>\n\t\t\t\t<\/div>\n\t\t\t\t\t<\/div>\n\t\t<\/div>\n\t\t\t\t\t<\/div>\n\t\t<\/section>\n\t\t\t\t<section class=\"elementor-section elementor-top-section elementor-element elementor-element-0e431a6 elementor-section-full_width elementor-section-height-default elementor-section-height-default\" data-id=\"0e431a6\" data-element_type=\"section\" data-settings=\"{&quot;background_background&quot;:&quot;classic&quot;}\">\n\t\t\t\t\t\t<div class=\"elementor-container elementor-column-gap-default\">\n\t\t\t\t\t<div class=\"elementor-column elementor-col-20 elementor-top-column elementor-element elementor-element-b64b7ad\" data-id=\"b64b7ad\" data-element_type=\"column\">\n\t\t\t<div class=\"elementor-widget-wrap\">\n\t\t\t\t\t\t\t<\/div>\n\t\t<\/div>\n\t\t\t\t<div class=\"elementor-column elementor-col-20 elementor-top-column elementor-element elementor-element-75f1f61\" data-id=\"75f1f61\" data-element_type=\"column\">\n\t\t\t<div class=\"elementor-widget-wrap elementor-element-populated\">\n\t\t\t\t\t\t<div class=\"elementor-element elementor-element-13726a1 elementor-widget elementor-widget-heading\" data-id=\"13726a1\" data-element_type=\"widget\" data-widget_type=\"heading.default\">\n\t\t\t\t<div class=\"elementor-widget-container\">\n\t\t\t\t\t<span class=\"elementor-heading-title elementor-size-default\">Argaric <\/span>\t\t\t\t<\/div>\n\t\t\t\t<\/div>\n\t\t\t\t<div class=\"elementor-element elementor-element-0129feb elementor-widget elementor-widget-heading\" data-id=\"0129feb\" data-element_type=\"widget\" data-widget_type=\"heading.default\">\n\t\t\t\t<div class=\"elementor-widget-container\">\n\t\t\t\t\t<span class=\"elementor-heading-title elementor-size-default\">burials<\/span>\t\t\t\t<\/div>\n\t\t\t\t<\/div>\n\t\t\t\t<div class=\"elementor-element elementor-element-f2df519 elementor-hidden-tablet elementor-hidden-mobile elementor-widget elementor-widget-image\" data-id=\"f2df519\" data-element_type=\"widget\" data-widget_type=\"image.default\">\n\t\t\t\t<div class=\"elementor-widget-container\">\n\t\t\t\t\t\t\t\t\t\t\t\t\t\t\t<img loading=\"lazy\" decoding=\"async\" width=\"390\" height=\"333\" src=\"https:\/\/monachilsierranevadaturismo.es\/en\/wp-content\/uploads\/2022\/03\/sepulturas-argaricas-monachil-min.png\" class=\"attachment-full size-full wp-image-1162\" alt=\"\" srcset=\"https:\/\/monachilsierranevadaturismo.es\/en\/wp-content\/uploads\/2022\/03\/sepulturas-argaricas-monachil-min.png 390w, https:\/\/monachilsierranevadaturismo.es\/en\/wp-content\/uploads\/2022\/03\/sepulturas-argaricas-monachil-min-300x256.png 300w\" sizes=\"(max-width: 390px) 100vw, 390px\" style=\"width:100%;height:85.38%;max-width:390px\" \/>\t\t\t\t\t\t\t\t\t\t\t\t\t\t\t<\/div>\n\t\t\t\t<\/div>\n\t\t\t\t\t<\/div>\n\t\t<\/div>\n\t\t\t\t<div class=\"elementor-column elementor-col-20 elementor-top-column elementor-element elementor-element-e402af3\" data-id=\"e402af3\" data-element_type=\"column\">\n\t\t\t<div class=\"elementor-widget-wrap\">\n\t\t\t\t\t\t\t<\/div>\n\t\t<\/div>\n\t\t\t\t<div class=\"elementor-column elementor-col-20 elementor-top-column elementor-element elementor-element-345aa54\" data-id=\"345aa54\" data-element_type=\"column\">\n\t\t\t<div class=\"elementor-widget-wrap elementor-element-populated\">\n\t\t\t\t\t\t<div class=\"elementor-element elementor-element-153483a elementor-widget elementor-widget-text-editor\" data-id=\"153483a\" data-element_type=\"widget\" data-widget_type=\"text-editor.default\">\n\t\t\t\t<div class=\"elementor-widget-container\">\n\t\t\t\t\t\t\t\t\t<p>As is characteristic of the Argaric Culture, the burials were made inside the dwellings, under the floor of the room. They may consist of simple pits dug in the ground, caves closed by stone slabs or masonry walls, or cists built with stone slabs.<\/p>\t\t\t\t\t\t\t\t<\/div>\n\t\t\t\t<\/div>\n\t\t\t\t\t<\/div>\n\t\t<\/div>\n\t\t\t\t<div class=\"elementor-column elementor-col-20 elementor-top-column elementor-element elementor-element-a2883c4\" data-id=\"a2883c4\" data-element_type=\"column\">\n\t\t\t<div class=\"elementor-widget-wrap\">\n\t\t\t\t\t\t\t<\/div>\n\t\t<\/div>\n\t\t\t\t\t<\/div>\n\t\t<\/section>\n\t\t\t\t<section class=\"elementor-section elementor-top-section elementor-element elementor-element-c1569f7 elementor-section-full_width elementor-section-height-default elementor-section-height-default\" data-id=\"c1569f7\" data-element_type=\"section\" data-settings=\"{&quot;background_background&quot;:&quot;classic&quot;}\">\n\t\t\t\t\t\t<div class=\"elementor-container elementor-column-gap-wider\">\n\t\t\t\t\t<div class=\"elementor-column elementor-col-33 elementor-top-column elementor-element elementor-element-073df14\" data-id=\"073df14\" data-element_type=\"column\">\n\t\t\t<div class=\"elementor-widget-wrap elementor-element-populated\">\n\t\t\t\t\t\t<div class=\"elementor-element elementor-element-a70fbac elementor-widget elementor-widget-image\" data-id=\"a70fbac\" data-element_type=\"widget\" data-widget_type=\"image.default\">\n\t\t\t\t<div class=\"elementor-widget-container\">\n\t\t\t\t\t\t\t\t\t\t\t\t\t\t\t<img loading=\"lazy\" decoding=\"async\" width=\"1010\" height=\"728\" src=\"https:\/\/monachilsierranevadaturismo.es\/en\/wp-content\/uploads\/2022\/03\/sepulturas-argaricas-monachil-02-min.png\" class=\"attachment-full size-full wp-image-1172\" alt=\"\" srcset=\"https:\/\/monachilsierranevadaturismo.es\/en\/wp-content\/uploads\/2022\/03\/sepulturas-argaricas-monachil-02-min.png 1010w, https:\/\/monachilsierranevadaturismo.es\/en\/wp-content\/uploads\/2022\/03\/sepulturas-argaricas-monachil-02-min-300x216.png 300w, https:\/\/monachilsierranevadaturismo.es\/en\/wp-content\/uploads\/2022\/03\/sepulturas-argaricas-monachil-02-min-768x554.png 768w\" sizes=\"(max-width: 1010px) 100vw, 1010px\" style=\"width:100%;height:72.08%;max-width:1010px\" \/>\t\t\t\t\t\t\t\t\t\t\t\t\t\t\t<\/div>\n\t\t\t\t<\/div>\n\t\t\t\t\t<\/div>\n\t\t<\/div>\n\t\t\t\t<div class=\"elementor-column elementor-col-33 elementor-top-column elementor-element elementor-element-09cdb59\" data-id=\"09cdb59\" data-element_type=\"column\">\n\t\t\t<div class=\"elementor-widget-wrap elementor-element-populated\">\n\t\t\t\t\t\t<div class=\"elementor-element elementor-element-5203455 elementor-widget elementor-widget-text-editor\" data-id=\"5203455\" data-element_type=\"widget\" data-widget_type=\"text-editor.default\">\n\t\t\t\t<div class=\"elementor-widget-container\">\n\t\t\t\t\t\t\t\t\t<p>The body is accompanied by a trousseau of personal objects and ceramic vessels, sometimes with food offerings. The grave goods show differences in wealth, surely reflecting the social inequalities that individuals had in life, which tells us of a hierarchical society.<\/p>\t\t\t\t\t\t\t\t<\/div>\n\t\t\t\t<\/div>\n\t\t\t\t\t<\/div>\n\t\t<\/div>\n\t\t\t\t<div class=\"elementor-column elementor-col-33 elementor-top-column elementor-element elementor-element-238f1a9\" data-id=\"238f1a9\" data-element_type=\"column\">\n\t\t\t<div class=\"elementor-widget-wrap\">\n\t\t\t\t\t\t\t<\/div>\n\t\t<\/div>\n\t\t\t\t\t<\/div>\n\t\t<\/section>\n\t\t\t\t<section class=\"elementor-section elementor-top-section elementor-element elementor-element-b125ce2 elementor-section-boxed elementor-section-height-default elementor-section-height-default\" data-id=\"b125ce2\" data-element_type=\"section\">\n\t\t\t\t\t\t<div class=\"elementor-container elementor-column-gap-default\">\n\t\t\t\t\t<div class=\"elementor-column elementor-col-100 elementor-top-column elementor-element elementor-element-38decab\" data-id=\"38decab\" data-element_type=\"column\">\n\t\t\t<div class=\"elementor-widget-wrap elementor-element-populated\">\n\t\t\t\t\t\t<div class=\"elementor-element elementor-element-754d1a3 elementor-widget elementor-widget-heading\" data-id=\"754d1a3\" data-element_type=\"widget\" data-widget_type=\"heading.default\">\n\t\t\t\t<div class=\"elementor-widget-container\">\n\t\t\t\t\t<span class=\"elementor-heading-title elementor-size-default\">\u00bfQuieres saber m\u00e1s sobre la historia de monachil?<\/span>\t\t\t\t<\/div>\n\t\t\t\t<\/div>\n\t\t\t\t<div class=\"elementor-element elementor-element-640286f elementor-mobile-align-center elementor-align-center elementor-widget elementor-widget-button\" data-id=\"640286f\" data-element_type=\"widget\" data-widget_type=\"button.default\">\n\t\t\t\t<div class=\"elementor-widget-container\">\n\t\t\t\t\t\t\t\t\t<div class=\"elementor-button-wrapper\">\n\t\t\t\t\t<a class=\"elementor-button elementor-button-link elementor-size-sm\" href=\"http:\/\/monachilsierranevadaturismo.es\/en\/cultura-y-patrimonio\/\">\n\t\t\t\t\t\t<span class=\"elementor-button-content-wrapper\">\n\t\t\t\t\t\t\t\t\t<span class=\"elementor-button-text\">learn more<\/span>\n\t\t\t\t\t<\/span>\n\t\t\t\t\t<\/a>\n\t\t\t\t<\/div>\n\t\t\t\t\t\t\t\t<\/div>\n\t\t\t\t<\/div>\n\t\t\t\t\t<\/div>\n\t\t<\/div>\n\t\t\t\t\t<\/div>\n\t\t<\/section>\n\t\t\t\t<\/div>\n\t\t","protected":false},"excerpt":{"rendered":"<p>Cerro de la Encina Monachil ARCHAEOLOGICAL REMAINS FROM THE BRONZE AGE learn more One of the most important deposits found from argaric culture The archaeological site of Cerro de la Encina was a Bronze Age settlement between 2000 and 900 BC. Surely one of the main population centers of the province of Granada at that&hellip; <a class=\"more-link\" href=\"https:\/\/monachilsierranevadaturismo.es\/en\/cerro-de-la-encina-monachil\/\">Seguir leyendo <span class=\"screen-reader-text\">Cerro de la Encina Monachil<\/span><\/a><\/p>\n","protected":false},"author":1,"featured_media":0,"parent":0,"menu_order":0,"comment_status":"closed","ping_status":"closed","template":"elementor_header_footer","meta":{"footnotes":""},"class_list":["post-218","page","type-page","status-publish","hentry","wpautop","entry"],"yoast_head":"<!-- This site is optimized with the Yoast SEO plugin v26.7 - https:\/\/yoast.com\/wordpress\/plugins\/seo\/ -->\n<title>Cerro de la Encina Monachil - Monachil Sierra Nevada Turismo<\/title>\n<meta name=\"description\" content=\"El yacimiento arqueol\u00f3gico Cerro de la Encina Monachil es un de los restos arqueol\u00f3gicos m\u00e1s importantes de la cultura arg\u00e1rica en Espa\u00f1a.\" \/>\n<meta name=\"robots\" content=\"index, follow, max-snippet:-1, max-image-preview:large, max-video-preview:-1\" \/>\n<link rel=\"canonical\" href=\"https:\/\/monachilsierranevadaturismo.es\/en\/cerro-de-la-encina-monachil\/\" \/>\n<meta property=\"og:locale\" content=\"es_ES\" \/>\n<meta property=\"og:type\" content=\"article\" \/>\n<meta property=\"og:title\" content=\"Cerro de la Encina Monachil - Monachil Sierra Nevada Turismo\" \/>\n<meta property=\"og:description\" content=\"El yacimiento arqueol\u00f3gico Cerro de la Encina Monachil es un de los restos arqueol\u00f3gicos m\u00e1s importantes de la cultura arg\u00e1rica en Espa\u00f1a.\" \/>\n<meta property=\"og:url\" content=\"https:\/\/monachilsierranevadaturismo.es\/en\/cerro-de-la-encina-monachil\/\" \/>\n<meta property=\"og:site_name\" content=\"Monachil Sierra Nevada Turismo\" \/>\n<meta property=\"article:modified_time\" content=\"2022-06-08T09:03:02+00:00\" \/>\n<meta property=\"og:image\" content=\"http:\/\/monachilsierranevadaturismo.es\/en\/wp-content\/uploads\/2022\/03\/divisor-01-min.png\" \/>\n<meta name=\"twitter:card\" content=\"summary_large_image\" \/>\n<meta name=\"twitter:label1\" content=\"Tiempo de lectura\" \/>\n\t<meta name=\"twitter:data1\" content=\"5 minutos\" \/>\n<script type=\"application\/ld+json\" class=\"yoast-schema-graph\">{\"@context\":\"https:\/\/schema.org\",\"@graph\":[{\"@type\":\"WebPage\",\"@id\":\"https:\/\/monachilsierranevadaturismo.es\/en\/cerro-de-la-encina-monachil\/\",\"url\":\"https:\/\/monachilsierranevadaturismo.es\/en\/cerro-de-la-encina-monachil\/\",\"name\":\"Cerro de la Encina Monachil - Monachil Sierra Nevada Turismo\",\"isPartOf\":{\"@id\":\"https:\/\/monachilsierranevadaturismo.es\/en\/#website\"},\"primaryImageOfPage\":{\"@id\":\"https:\/\/monachilsierranevadaturismo.es\/en\/cerro-de-la-encina-monachil\/#primaryimage\"},\"image\":{\"@id\":\"https:\/\/monachilsierranevadaturismo.es\/en\/cerro-de-la-encina-monachil\/#primaryimage\"},\"thumbnailUrl\":\"http:\/\/monachilsierranevadaturismo.es\/en\/wp-content\/uploads\/2022\/03\/divisor-01-min.png\",\"datePublished\":\"2021-12-25T11:45:44+00:00\",\"dateModified\":\"2022-06-08T09:03:02+00:00\",\"description\":\"El yacimiento arqueol\u00f3gico Cerro de la Encina Monachil es un de los restos arqueol\u00f3gicos m\u00e1s importantes de la cultura arg\u00e1rica en Espa\u00f1a.\",\"breadcrumb\":{\"@id\":\"https:\/\/monachilsierranevadaturismo.es\/en\/cerro-de-la-encina-monachil\/#breadcrumb\"},\"inLanguage\":\"es\",\"potentialAction\":[{\"@type\":\"ReadAction\",\"target\":[\"https:\/\/monachilsierranevadaturismo.es\/en\/cerro-de-la-encina-monachil\/\"]}]},{\"@type\":\"ImageObject\",\"inLanguage\":\"es\",\"@id\":\"https:\/\/monachilsierranevadaturismo.es\/en\/cerro-de-la-encina-monachil\/#primaryimage\",\"url\":\"https:\/\/monachilsierranevadaturismo.es\/en\/wp-content\/uploads\/2022\/03\/divisor-01-min.png\",\"contentUrl\":\"https:\/\/monachilsierranevadaturismo.es\/en\/wp-content\/uploads\/2022\/03\/divisor-01-min.png\",\"width\":205,\"height\":3},{\"@type\":\"BreadcrumbList\",\"@id\":\"https:\/\/monachilsierranevadaturismo.es\/en\/cerro-de-la-encina-monachil\/#breadcrumb\",\"itemListElement\":[{\"@type\":\"ListItem\",\"position\":1,\"name\":\"Portada\",\"item\":\"https:\/\/monachilsierranevadaturismo.es\/en\/\"},{\"@type\":\"ListItem\",\"position\":2,\"name\":\"Cerro de la Encina Monachil\"}]},{\"@type\":\"WebSite\",\"@id\":\"https:\/\/monachilsierranevadaturismo.es\/en\/#website\",\"url\":\"https:\/\/monachilsierranevadaturismo.es\/en\/\",\"name\":\"Monachil Sierra Nevada Turismo\",\"description\":\"Monachil Sierra Nevada Turismo\",\"potentialAction\":[{\"@type\":\"SearchAction\",\"target\":{\"@type\":\"EntryPoint\",\"urlTemplate\":\"https:\/\/monachilsierranevadaturismo.es\/en\/?s={search_term_string}\"},\"query-input\":{\"@type\":\"PropertyValueSpecification\",\"valueRequired\":true,\"valueName\":\"search_term_string\"}}],\"inLanguage\":\"es\"}]}<\/script>\n<!-- \/ Yoast SEO plugin. -->","yoast_head_json":{"title":"Cerro de la Encina Monachil - Monachil Sierra Nevada Turismo","description":"El yacimiento arqueol\u00f3gico Cerro de la Encina Monachil es un de los restos arqueol\u00f3gicos m\u00e1s importantes de la cultura arg\u00e1rica en Espa\u00f1a.","robots":{"index":"index","follow":"follow","max-snippet":"max-snippet:-1","max-image-preview":"max-image-preview:large","max-video-preview":"max-video-preview:-1"},"canonical":"https:\/\/monachilsierranevadaturismo.es\/en\/cerro-de-la-encina-monachil\/","og_locale":"es_ES","og_type":"article","og_title":"Cerro de la Encina Monachil - Monachil Sierra Nevada Turismo","og_description":"El yacimiento arqueol\u00f3gico Cerro de la Encina Monachil es un de los restos arqueol\u00f3gicos m\u00e1s importantes de la cultura arg\u00e1rica en Espa\u00f1a.","og_url":"https:\/\/monachilsierranevadaturismo.es\/en\/cerro-de-la-encina-monachil\/","og_site_name":"Monachil Sierra Nevada Turismo","article_modified_time":"2022-06-08T09:03:02+00:00","og_image":[{"url":"http:\/\/monachilsierranevadaturismo.es\/en\/wp-content\/uploads\/2022\/03\/divisor-01-min.png","type":"","width":"","height":""}],"twitter_card":"summary_large_image","twitter_misc":{"Tiempo de lectura":"5 minutos"},"schema":{"@context":"https:\/\/schema.org","@graph":[{"@type":"WebPage","@id":"https:\/\/monachilsierranevadaturismo.es\/en\/cerro-de-la-encina-monachil\/","url":"https:\/\/monachilsierranevadaturismo.es\/en\/cerro-de-la-encina-monachil\/","name":"Cerro de la Encina Monachil - Monachil Sierra Nevada Turismo","isPartOf":{"@id":"https:\/\/monachilsierranevadaturismo.es\/en\/#website"},"primaryImageOfPage":{"@id":"https:\/\/monachilsierranevadaturismo.es\/en\/cerro-de-la-encina-monachil\/#primaryimage"},"image":{"@id":"https:\/\/monachilsierranevadaturismo.es\/en\/cerro-de-la-encina-monachil\/#primaryimage"},"thumbnailUrl":"http:\/\/monachilsierranevadaturismo.es\/en\/wp-content\/uploads\/2022\/03\/divisor-01-min.png","datePublished":"2021-12-25T11:45:44+00:00","dateModified":"2022-06-08T09:03:02+00:00","description":"El yacimiento arqueol\u00f3gico Cerro de la Encina Monachil es un de los restos arqueol\u00f3gicos m\u00e1s importantes de la cultura arg\u00e1rica en Espa\u00f1a.","breadcrumb":{"@id":"https:\/\/monachilsierranevadaturismo.es\/en\/cerro-de-la-encina-monachil\/#breadcrumb"},"inLanguage":"es","potentialAction":[{"@type":"ReadAction","target":["https:\/\/monachilsierranevadaturismo.es\/en\/cerro-de-la-encina-monachil\/"]}]},{"@type":"ImageObject","inLanguage":"es","@id":"https:\/\/monachilsierranevadaturismo.es\/en\/cerro-de-la-encina-monachil\/#primaryimage","url":"https:\/\/monachilsierranevadaturismo.es\/en\/wp-content\/uploads\/2022\/03\/divisor-01-min.png","contentUrl":"https:\/\/monachilsierranevadaturismo.es\/en\/wp-content\/uploads\/2022\/03\/divisor-01-min.png","width":205,"height":3},{"@type":"BreadcrumbList","@id":"https:\/\/monachilsierranevadaturismo.es\/en\/cerro-de-la-encina-monachil\/#breadcrumb","itemListElement":[{"@type":"ListItem","position":1,"name":"Portada","item":"https:\/\/monachilsierranevadaturismo.es\/en\/"},{"@type":"ListItem","position":2,"name":"Cerro de la Encina Monachil"}]},{"@type":"WebSite","@id":"https:\/\/monachilsierranevadaturismo.es\/en\/#website","url":"https:\/\/monachilsierranevadaturismo.es\/en\/","name":"Monachil Sierra Nevada Turismo","description":"Monachil Sierra Nevada Turismo","potentialAction":[{"@type":"SearchAction","target":{"@type":"EntryPoint","urlTemplate":"https:\/\/monachilsierranevadaturismo.es\/en\/?s={search_term_string}"},"query-input":{"@type":"PropertyValueSpecification","valueRequired":true,"valueName":"search_term_string"}}],"inLanguage":"es"}]}},"_links":{"self":[{"href":"https:\/\/monachilsierranevadaturismo.es\/en\/wp-json\/wp\/v2\/pages\/218","targetHints":{"allow":["GET"]}}],"collection":[{"href":"https:\/\/monachilsierranevadaturismo.es\/en\/wp-json\/wp\/v2\/pages"}],"about":[{"href":"https:\/\/monachilsierranevadaturismo.es\/en\/wp-json\/wp\/v2\/types\/page"}],"author":[{"embeddable":true,"href":"https:\/\/monachilsierranevadaturismo.es\/en\/wp-json\/wp\/v2\/users\/1"}],"replies":[{"embeddable":true,"href":"https:\/\/monachilsierranevadaturismo.es\/en\/wp-json\/wp\/v2\/comments?post=218"}],"version-history":[{"count":355,"href":"https:\/\/monachilsierranevadaturismo.es\/en\/wp-json\/wp\/v2\/pages\/218\/revisions"}],"predecessor-version":[{"id":4742,"href":"https:\/\/monachilsierranevadaturismo.es\/en\/wp-json\/wp\/v2\/pages\/218\/revisions\/4742"}],"wp:attachment":[{"href":"https:\/\/monachilsierranevadaturismo.es\/en\/wp-json\/wp\/v2\/media?parent=218"}],"curies":[{"name":"wp","href":"https:\/\/api.w.org\/{rel}","templated":true}]}}